{"id":1064,"date":"2022-06-15T11:04:41","date_gmt":"2022-06-15T09:04:41","guid":{"rendered":"https:\/\/www.hagainitiativet.se\/?post_type=foretag&#038;p=1064"},"modified":"2024-10-29T11:59:12","modified_gmt":"2024-10-29T10:59:12","slug":"jm","status":"publish","type":"foretag","link":"https:\/\/www.hagainitiativet.se\/en\/foretag\/jm\/","title":{"rendered":"JM"},"content":{"rendered":"","protected":false},"featured_media":8342,"template":"","class_list":["post-1064","foretag","type-foretag","status-publish","has-post-thumbnail","hentry"],"meta_box":{"klimatm\u00e5l":"<p><strong>Klimatm\u00e5l<br \/>\n<\/strong>JMs klimatp\u00e5verkande utsl\u00e4pp ska vara n\u00e4ra noll till \u00e5r 2030. Det inneb\u00e4r att de ska s\u00e4nka utsl\u00e4ppen s\u00e5 n\u00e4ra noll det g\u00e5r, p\u00e5 egen hand och l\u00e4ngs hela v\u00e4rdekedjan. M\u00e5let omfattar s\u00e5v\u00e4l scope 1, 2 och 3, dvs byggmaterial, arbetsmaskiner, persontransporter och energianv\u00e4ndning under produktionen samt tv\u00e5 \u00e5r i drift.<\/p>\n<p><strong>Hur ska m\u00e5let n\u00e5s?<br \/>\n<\/strong>JM har lyckats v\u00e4l med att minska de egna utsl\u00e4ppen fr\u00e5n energianv\u00e4ndning och persontransporter. Fr.o.m. h\u00f6sten 2022 st\u00e4ller JM krav p\u00e5 att de fordon och arbetsmaskiner som de hyr in till deras arbetsplatser ska ha f\u00f6rnybart i tanken eller vara eldrivna, vilket kommer bidra till en viktig minskning av v\u00e5ra utsl\u00e4pp. Den stora utmaningen f\u00f6r bostadsutvecklare i allm\u00e4nhet och s\u00e5 \u00e4ven f\u00f6r JM \u00e4r utsl\u00e4ppen som uppst\u00e5r vid tillverkning av materialen som anv\u00e4nds. Fr.o.m. 1 oktober 2022 anv\u00e4nder JM klimatf\u00f6rb\u00e4ttrad betong i alla deras platsgjutna konstruktioner i deras svenska projekt. Samtidigt f\u00f6ljer och driver JM p\u00e5 utvecklingen av \u00e4nnu mer klimatsmart betong, testar andra material med l\u00e4gre klimatp\u00e5verkan och arbetar systematisk f\u00f6r att minska avfallet samt utveckla cirkul\u00e4ra fl\u00f6den.<\/p>\n<p>Genom klimatber\u00e4kningar p\u00e5 alla JMs avslutade projekt skaffar de sig kunskap och insikter f\u00f6r att f\u00e5 reda p\u00e5 om de g\u00f6r r\u00e4tt och f\u00f6r att kunna fatta beslut om vilka insatser som beh\u00f6vs p\u00e5 deras v\u00e4g mot n\u00e4ra noll 2030.<\/p>\n<p><strong>Kontaktperson<\/strong><br \/>\nMaria Sandell, h\u00e5llbarhetschef, JM, <a href=\"mailto:maria.sandell@jm.se\">maria.sandell@jm.se<\/a><\/p>\n","vd":"Mikael \u00c5slund","titel":"vd och koncernchef, JM","citat":"JM \u00e4r en av Nordens ledande bostadsutvecklare och har ambitionen att vara branschledande \u00e4ven n\u00e4r det g\u00e4ller h\u00e5llbarhet. Vi har satt ett ambiti\u00f6st klimatm\u00e5l. Klimatnytta skapas n\u00e4r vi tar viktiga beslut som att inf\u00f6ra klimatf\u00f6rb\u00e4ttrad betong och att det endast \u00e4r f\u00f6rnybart som ska hamna i tanken. Vi har l\u00e5ngt kvar till m\u00e5let och m\u00e5nga fler beslut m\u00e5ste fattas men om vi arbetar tillsammans med och i god dialog med v\u00e5ra leverant\u00f6rer, v\u00e5ra medarbetare, kommuner, forskare och f\u00f6retag b\u00e5de i och utanf\u00f6r v\u00e5r egen bransch k\u00e4nner jag mig hoppfull kring att vi kommer lyckas."},"_links":{"self":[{"href":"https:\/\/www.hagainitiativet.se\/en\/wp-json\/wp\/v2\/foretag\/1064","targetHints":{"allow":["GET"]}}],"collection":[{"href":"https:\/\/www.hagainitiativet.se\/en\/wp-json\/wp\/v2\/foretag"}],"about":[{"href":"https:\/\/www.hagainitiativet.se\/en\/wp-json\/wp\/v2\/types\/foretag"}],"wp:featuredmedia":[{"embeddable":true,"href":"https:\/\/www.hagainitiativet.se\/en\/wp-json\/wp\/v2\/media\/8342"}],"wp:attachment":[{"href":"https:\/\/www.hagainitiativet.se\/en\/wp-json\/wp\/v2\/media?parent=1064"}],"curies":[{"name":"wp","href":"https:\/\/api.w.org\/{rel}","templated":true}]}}