{"id":6290,"date":"2022-12-06T09:14:44","date_gmt":"2022-12-06T08:14:44","guid":{"rendered":"https:\/\/www.hagainitiativet.se\/?post_type=foretag&#038;p=6290"},"modified":"2026-04-07T13:40:42","modified_gmt":"2026-04-07T11:40:42","slug":"stena-recycling-2","status":"publish","type":"foretag","link":"https:\/\/www.hagainitiativet.se\/en\/foretag\/stena-recycling-2\/","title":{"rendered":"Stena Recycling"},"content":{"rendered":"","protected":false},"featured_media":8048,"template":"","class_list":["post-6290","foretag","type-foretag","status-publish","has-post-thumbnail","hentry"],"meta_box":{"klimatm\u00e5l":"<p><strong>Klimatm\u00e5l<br \/>\n<\/strong>Stena Recyclings klimatm\u00e5l \u00e4r att minska utsl\u00e4ppen i Scope 1 och 2 med 50% och Scope 3 med 25% fr\u00e5n 2021 till 2030.<\/p>\n<p><strong>Hur ska klimatm\u00e5len n\u00e5s?<br \/>\n<\/strong>F\u00f6r att n\u00e5 klimatm\u00e5len fokuserar Stena Recycling p\u00e5 kontinuerlig \u00f6versyn av sina logistikl\u00f6sningar f\u00f6r att uppn\u00e5 h\u00f6gre effektivitet, f\u00f6rflytta fj\u00e4rrtransporter fr\u00e5n v\u00e4g till j\u00e4rnv\u00e4g och vidareutveckla samar\u00adbeten med anlitade \u00e5kerier och rederier f\u00f6r en omst\u00e4llning till fossilfria transporter p\u00e5 v\u00e4g och till sj\u00f6ss. Nya fordon och arbetsmaskiner ska, i den m\u00e5n det \u00e4r tekniskt m\u00f6jligt, antingen vara elektriska eller kunna drivas med f\u00f6rnybara br\u00e4nslen. Stena Recyclings viktigaste bidrag till fler cirkul\u00e4ra fl\u00f6den \u00e4r investeringar i \u00f6kad material\u00e5tervinning och f\u00f6r\u00e4dling f\u00f6r att p\u00e5 det s\u00e4ttet minska utfl\u00f6det av resurser ur ekonomin. De senaste \u00e5ren har Stena Recycling gjort flera stora investeringar i den egna verksamheten f\u00f6r att kunna sortera ut mer och s\u00e4kra material till \u00e5tervinning och till en h\u00f6gre kvalitet. Stena Recyclings m\u00e5ng\u00e5riga arbete med att aggregera och rapportera data \u00e4r v\u00e4rdeskapande information s\u00e5v\u00e4l f\u00f6r bolaget sj\u00e4lvt som till kunder i deras klimatarbete och f\u00f6r gemensamma l\u00f6sningar.<\/p>\n<p>M\u00f6jligheten f\u00f6r Stena Recycling att n\u00e5 klimatm\u00e5len \u00e4r till stor del beroende av en samh\u00e4llst\u00e4ckande omst\u00e4llning av transporter, och kr\u00e4ver nationella och europeiska satsningar p\u00e5 bland annat utbyggd laddinfrastruktur, tillg\u00e5ng till fossilfritt br\u00e4nsle och \u00f6kad tillg\u00e5ng till j\u00e4rnv\u00e4g. Det kr\u00e4vs \u00e4ven initiativ f\u00f6r att \u00f6ka anv\u00e4ndandet av \u00e5tervunna r\u00e5varor och att premiera \u00e5tervunna r\u00e5varor framf\u00f6r jungfruliga.<\/p>\n<p><strong>Kontaktperson<\/strong><\/p>\n<p>Sara Davidsson, H\u00e5llbarhetsdirekt\u00f6r, Stena Recycling AB, <a href=\"mailto:sara.davidsson@stenarecycling.se\">sara.davidsson@stenarecycling.se<\/a><\/p>\n","vd":"Tobias Narvinger","titel":"vd, Stena Recycling AB","citat":"Alla har ett stort ansvar att hush\u00e5lla med v\u00e4rldens resurser. Vi p\u00e5 Stena Recycling ser det som v\u00e5r uppgift att ta tillvara p\u00e5 dessa resurser och verka f\u00f6r l\u00e5ngsiktig h\u00e5llbar tillv\u00e4xt. Vi \u00e4r bryggan i den cirkul\u00e4ra omst\u00e4llningen som m\u00f6jligg\u00f6r f\u00f6r v\u00e5ra kunder att v\u00e4lja \u00e5tervunnet material och \u00e5teranv\u00e4nda produkter f\u00f6r deras behov. Vi tar tillvara p\u00e5 resurserna och g\u00f6r skillnad genom att f\u00f6r\u00e4dla materialen och beh\u00e5lla r\u00e5varorna i det cirkul\u00e4ra fl\u00f6det."},"_links":{"self":[{"href":"https:\/\/www.hagainitiativet.se\/en\/wp-json\/wp\/v2\/foretag\/6290","targetHints":{"allow":["GET"]}}],"collection":[{"href":"https:\/\/www.hagainitiativet.se\/en\/wp-json\/wp\/v2\/foretag"}],"about":[{"href":"https:\/\/www.hagainitiativet.se\/en\/wp-json\/wp\/v2\/types\/foretag"}],"wp:featuredmedia":[{"embeddable":true,"href":"https:\/\/www.hagainitiativet.se\/en\/wp-json\/wp\/v2\/media\/8048"}],"wp:attachment":[{"href":"https:\/\/www.hagainitiativet.se\/en\/wp-json\/wp\/v2\/media?parent=6290"}],"curies":[{"name":"wp","href":"https:\/\/api.w.org\/{rel}","templated":true}]}}