{"id":2228,"date":"2014-10-16T11:20:00","date_gmt":"2014-10-16T09:20:00","guid":{"rendered":"https:\/\/www.hagainitiativet.se\/?post_type=inlagg&#038;p=2228"},"modified":"2022-08-12T10:47:38","modified_gmt":"2022-08-12T08:47:38","slug":"ulla-andersson-vansterpartiet","status":"publish","type":"inlagg","link":"https:\/\/www.hagainitiativet.se\/en\/inlagg\/ulla-andersson-vansterpartiet\/","title":{"rendered":"Ulla Andersson, V\u00e4nsterpartiet"},"content":{"rendered":"","protected":false},"excerpt":{"rendered":"","protected":false},"featured_media":2230,"parent":0,"template":"","kategori":[18,17],"class_list":["post-2228","inlagg","type-inlagg","status-publish","has-post-thumbnail","hentry","kategori-intervjuer","kategori-nyheter"],"meta_box":{"show_post_en":"0","text":"<p><b>Tror du att en klimatomst\u00e4llning \u00e4r positivt eller negativt f\u00f6r svensk v\u00e4lf\u00e4rd?<\/b><\/p>\n<p>- Det \u00e4r absolut n\u00f6dv\u00e4ndigt att g\u00e5 f\u00f6re och det g\u00e5r inte att forts\u00e4tta som vi g\u00f6r idag. Om vi inte g\u00f6r en\u00a0klimatomst\u00e4llning har vi inte n\u00e5gon gemensam framtid och d\u00e4rmed inte n\u00e5gon v\u00e4lf\u00e4rd kvar. Vi m\u00e5ste\u00a0ta v\u00e5rt ansvar.<\/p>\n<p><b>Anser du att klimatomst\u00e4llningen \u00e4r jobbskapande?\u00a0<\/b><\/p>\n<p>- Absolut, och politiken kan bidra i st\u00f6rre utstr\u00e4ckning \u00e4n den g\u00f6r idag. Det kan ske genom att \u00f6ka\u00a0samh\u00e4llsinvesteringar som driver p\u00e5 i r\u00e4tt riktning. D\u00e4ribland kan n\u00e4mnas energiomst\u00e4llning, krav p\u00e5\u00a0energieffektivitet, ut\u00f6kad kollektivtrafik och lagen om offentlig upphandling, det vill s\u00e4ga\u00a0problembeskrivande d\u00e4r f\u00f6retag uppmanas till att komma p\u00e5 nya innovation\/l\u00f6sningar.<\/p>\n<p>-Politiken ska skapa strukturer d\u00e4r det \u00e4r enkelt att vara klimatsmart. Det handlar om att\u00a0\u00e5terinvestera pengar p\u00e5 r\u00e4tt s\u00e4tt.<\/p>\n<p><b>Gynnas Sveriges konkurrenskraft av klimatomst\u00e4llningen i ett europeiskt\/globalt perspektiv?<\/b><\/p>\n<p>- Idag \u00e4r medvetenheten bland allm\u00e4nheten och kunder kring klimatfr\u00e5gan inte tillr\u00e4ckligt h\u00f6g men\u00a0den kommer successivt att trappas upp. De f\u00f6retag som har produkter i r\u00e4tt riktning kommer att ha\u00a0en konkurrensf\u00f6rdel l\u00e4ngre fram.<\/p>\n<p>- Antingen f\u00f6r man en politik som tar ansvar f\u00f6r att klimatomst\u00e4llningen, ser den som absolut n\u00f6dv\u00e4ndig och kan d\u00e4rmed se till att erbjuda de n\u00f6dv\u00e4ndiga verktygen eller s\u00e5 kan man hoppas att folk ska f\u00f6rst\u00e5 sj\u00e4lva. Jag tror p\u00e5 det f\u00f6rstn\u00e4mnda och \u00e4r \u00f6vertygad om att de flesta i slut\u00e4ndan f\u00f6rst\u00e5r att det var n\u00f6dv\u00e4ndigt.<\/p>\n<p><b>Vad har Sverige att vinna p\u00e5 att g\u00e5 f\u00f6re?\u00a0<\/b><\/p>\n<p>- Passivitet gynnar ingen, snarare tv\u00e4rtom. V\u00e4nta inte p\u00e5 att n\u00e5gon annan ska g\u00f6ra det innan. Det \u00e4r\u00a0fegt. Det \u00e4r bra att g\u00e5 f\u00f6re och visa att det g\u00e5r.<\/p>\n<p>- Bland annat kan Sverige som land vinna p\u00e5 att h\u00f6ras och synas mer och d\u00e4rigenom f\u00f6rst\u00e4rka Sveriges varum\u00e4rke. Detta kan attrahera kunder, fler f\u00f6retag och medarbetare att flytta hit. Genom att g\u00f6ra det kan man ocks\u00e5 stimulera till nya produkter och aff\u00e4rsomr\u00e5den.<\/p>\n<p><b>Kan klimatomst\u00e4llningen vara en h\u00e4vst\u00e5ng f\u00f6r ett mer innovationer i n\u00e4ringslivet?\u00a0<\/b>- M\u00e5nga f\u00f6retag idag vill g\u00f6ra mer \u00e4n de hinner och kan. De \u00e4r s\u00e5 upptagna med att producera h\u00e4r och\u00a0nu och lever m\u00e5nga g\u00e5nger inom begr\u00e4nsade ramar. Om det satsas mer p\u00e5 t.ex. forskning och\u00a0utveckling kan man driva p\u00e5 m\u00f6jligheter f\u00f6r de f\u00f6retag som idag inte ser eller har tid att se\u00a0m\u00f6jligheterna med en klimatomst\u00e4llning. D\u00e5 kan ocks\u00e5 andra f\u00f6retag inspireras att g\u00e5 i den\u00a0riktningen.<\/p>\n<p><b>B\u00f6r statens bolag g\u00e5 f\u00f6re i klimatomst\u00e4llningen?\u00a0<\/b><\/p>\n<p>- Ja, det tycker jag.<\/p>\n<p><b>G\u00f6rs det idag?<\/b><\/p>\n<p><b>\u00a0<\/b>- Nej, tyv\u00e4rr.<\/p>\n<p><b>Tycker du att b\u00f6rsf\u00f6retagen, s\u00e5som i Storbritannien, obligatoriskt b\u00f6r redovisa sin klimatp\u00e5verkan?\u00a0<\/b><\/p>\n<p>- Ja, vi har till och med bjudit in den brittiske ambassad\u00f6ren f\u00f6r att ta del av deras uppl\u00e4gg kring\u00a0Climate Change Act. Vi h\u00e5ller p\u00e5 att titta p\u00e5 Storbritannien och Danmark f\u00f6r att h\u00e4mta inspiration till\u00a0utformandet av en egen klimatlag.<\/p>\n<p><b>Hur kan klimatpolitiska styrmedel utformas mer kostnadseffektivt?\u00a0<\/b><\/p>\n<p>- Om man tittar p\u00e5 staten tycker vi till exempel att man b\u00f6r ha ett energieffektiviseringsm\u00e5l och en\u00a0myndighet med uppdrag att f\u00f6lja upp det. Idag \u00e4r det f\u00f6r spretigt. Vi m\u00e5ste ha flera olika m\u00e5l och\u00a0styrmedel p\u00e5 plats samtidigt och se till att ha en bra uppf\u00f6ljning p\u00e5 dessa. D\u00e4rut\u00f6ver borde det\u00a0tills\u00e4ttas n\u00e5gon form av oberoende r\u00e5d. Vi har till exempel ett finanspolitiskt r\u00e5d. Varf\u00f6r kan vi inte\u00a0ha ett milj\u00f6politiskt r\u00e5d f\u00f6r allm\u00e4n debatt f\u00f6r att hela tiden lyfta upp fr\u00e5gorna?<\/p>\n<p>- Sist men inte minst, likt G\u00f6ran Perssons bok om nazismen, borde det ges ut en bok fr\u00e5n statens sida om vad klimatf\u00f6r\u00e4ndringar inneb\u00e4r och hur man kan komma tillr\u00e4tta med detta. Det handlar om att skapa en medvetenhet hos befolkningen och p\u00e5 det s\u00e4ttet ska skapa ett st\u00f6rre tryck f\u00f6r en klimatomst\u00e4llning.<\/p>\n","qoute":"","name":"","title-company":""},"_links":{"self":[{"href":"https:\/\/www.hagainitiativet.se\/en\/wp-json\/wp\/v2\/inlagg\/2228","targetHints":{"allow":["GET"]}}],"collection":[{"href":"https:\/\/www.hagainitiativet.se\/en\/wp-json\/wp\/v2\/inlagg"}],"about":[{"href":"https:\/\/www.hagainitiativet.se\/en\/wp-json\/wp\/v2\/types\/inlagg"}],"wp:featuredmedia":[{"embeddable":true,"href":"https:\/\/www.hagainitiativet.se\/en\/wp-json\/wp\/v2\/media\/2230"}],"wp:attachment":[{"href":"https:\/\/www.hagainitiativet.se\/en\/wp-json\/wp\/v2\/media?parent=2228"}],"wp:term":[{"taxonomy":"kategori","embeddable":true,"href":"https:\/\/www.hagainitiativet.se\/en\/wp-json\/wp\/v2\/kategori?post=2228"}],"curies":[{"name":"wp","href":"https:\/\/api.w.org\/{rel}","templated":true}]}}