{"id":2234,"date":"2014-10-16T14:22:00","date_gmt":"2014-10-16T12:22:00","guid":{"rendered":"https:\/\/www.hagainitiativet.se\/?post_type=inlagg&#038;p=2234"},"modified":"2022-08-10T10:43:42","modified_gmt":"2022-08-10T08:43:42","slug":"anna-kinberg-batra-moderaterna","status":"publish","type":"inlagg","link":"https:\/\/www.hagainitiativet.se\/en\/inlagg\/anna-kinberg-batra-moderaterna\/","title":{"rendered":"Anna Kinberg Batra, Moderaterna"},"content":{"rendered":"","protected":false},"excerpt":{"rendered":"","protected":false},"featured_media":2236,"parent":0,"template":"","kategori":[18],"class_list":["post-2234","inlagg","type-inlagg","status-publish","has-post-thumbnail","hentry","kategori-intervjuer"],"meta_box":{"show_post_en":"0","text":"<p><strong>Tror du att en klimatomst\u00e4llning \u00e4r positivt eller negativt f\u00f6r svensk v\u00e4lf\u00e4rd?<\/strong><\/p>\n<p>- Klimatomst\u00e4llningen \u00e4r positiv och n\u00f6dv\u00e4ndig. Vi har visat att det g\u00e5r att kombinera en v\u00e4xande ekonomi med minskade utsl\u00e4pp. De senaste siffrorna visar att samtidigt som Sveriges BNP har vuxit med n\u00e4rmare 60 procent sedan 1990 har v\u00e5ra utsl\u00e4pp minskat med ungef\u00e4r 20 procent. Det beror bland annat p\u00e5 att tillv\u00e4xt \u00e4r n\u00f6dv\u00e4ndig f\u00f6r att kunna genomf\u00f6ra en klimatomst\u00e4llning. Det \u00e4r viktigt f\u00f6r oss nu och har varit tidigare under f\u00f6rra mandatperioden. Om vi inte hade haft ordning och reda i ekonomin och vuxit s\u00e5 hade vi inte haft r\u00e5d att rekordsatsa p\u00e5 f\u00f6rnybart.<\/p>\n<p><strong>Anser du att klimatomst\u00e4llningen \u00e4r jobbskapande?<\/strong><\/p>\n<p>- Det skapas m\u00e5nga nya jobb i utveckling av ny energi och teknik, energieffektivisering eller utveckling av nya tekniker till exempel. P\u00e5 s\u00e5 s\u00e4tt \u00e4r omst\u00e4llningen jobbskapande.<\/p>\n<p><strong>Gynnas Sveriges konkurrenskraft av klimatomst\u00e4llningen i ett europeiskt\/globalt perspektiv?<\/strong><\/p>\n<p>- Ja, och s\u00e4rskilt om den g\u00f6rs smart. Nu n\u00e4r EU-valet n\u00e4rmar sig \u00e4r det viktigt och se att vi m\u00e5ste hj\u00e4lpas \u00e5t att lyfta, s\u00e4rskilt v\u00e5ra mest fossilberoende grannl\u00e4nder, ur deras beroende. Till exempel delar vi havet runt \u00d6stersj\u00f6n och p\u00e5 samma s\u00e4tt som vi delar luften globalt.<\/p>\n<p>-Sverige \u00e4r det land som har h\u00f6gst andel f\u00f6rnybart i EU idag, 50 procent, det \u00e4r bra och det vill vi forts\u00e4tta med. Vi vill forts\u00e4tta producera f\u00f6rnybart och g\u00f6ra det \u00e4nnu b\u00e4ttre, allra helst vill vi producera s\u00e5 att vi kan exportera gr\u00f6n energi. P\u00e5 s\u00e5 vis kan vi ocks\u00e5 hj\u00e4lpa andra l\u00e4nder ur kol- och oljeberoende och det beh\u00f6ver vi eftersom att vi faktiskt delar milj\u00f6 och klimat.<\/p>\n<p><strong>Ska Sverige g\u00e5 f\u00f6re?\u00a0<\/strong><\/p>\n<p>- Vi g\u00e5r f\u00f6re. Vi har h\u00f6gst andel f\u00f6rnybart i EU, vi producerar mer f\u00f6rnybart \u00e4n n\u00e5gonsin och anv\u00e4nder styrmedel f\u00f6r att st\u00e4lla om och premiera till exempel milj\u00f6v\u00e4nligare transporter och bilar vilket \u00e4r den stora fossildelen i den svenska energimixen.<\/p>\n<p>- I de EU-m\u00e5l som vi diskuterar just nu \u00e4r det viktigt att varje land ansvarar f\u00f6r sin energimix. Om det \u00e4r bindande m\u00e5l kan det riskera att styra \u00e5t fel h\u00e5ll. Hur vi g\u00e5r tillv\u00e4ga ska vara upp till oss. Det finns en risk med bindande EU-m\u00e5l eftersom detta skulle riskera att trycka ut k\u00e4rnkraften ur den svenska energimixen. K\u00e4rnkraften \u00e4r inte problemfri, men den \u00e4r i princip fri fr\u00e5n koldioxidutsl\u00e4pp. Jag tror p\u00e5 att anv\u00e4nda k\u00e4rnkraften, f\u00f6rnya tekniken i k\u00e4rnkraften och samtidigt forts\u00e4tta producera vind och utveckla ny teknik. Teknik f\u00f6r v\u00e5gkraft har till exempel utvecklats av svenska ingenj\u00f6rer och har exportpotential. Det \u00e4r snarare den v\u00e4gen jag vill att Sverige ska forts\u00e4tta att g\u00e5 f\u00f6re och d\u00e5 kan vi g\u00f6ra det globalt.<\/p>\n<p><strong>Kan klimatomst\u00e4llningen vara en h\u00e4vst\u00e5ng f\u00f6r ett mer innovationer i n\u00e4ringslivet?<\/strong><\/p>\n<p>- Ja, det \u00e4r det och jag har tv\u00e5 exempel p\u00e5 det. Carl Bildt kl\u00e4ttrade upp i ett vindkraftverk i Ukraina d\u00e4r det \u00e4r svensk teknik som \u00e4r med och utvecklat tekniken. I en svensk entrepren\u00f6rst\u00e4vling i V\u00e4stsverige med Chalmersstudenter r\u00f6stades ett f\u00f6retag som heter Minesto fram, ett f\u00f6retag som utvecklar teknik f\u00f6r att utvinna energi i tidvattenstr\u00f6mningar. Det har potential att skapa jobb och rena energi b\u00e5de h\u00e4r och i andra l\u00e4nder.<\/p>\n<p><strong>Vad kan staten g\u00f6ra f\u00f6r att underl\u00e4tta denna typ av innovation i n\u00e4ringslivet?\u00a0<\/strong><\/p>\n<p>- EU-kommissionen brukar r\u00e4kna oss som den mest innovationskraftiga ekonomin. Varf\u00f6r det? Vi satsar p\u00e5 forskarutbildning d\u00e4r det till exempel \u00e4r viktigt att svenska ingenj\u00f6rer kan t\u00e4nka nytt. Staten gynnar riskkapital till utveckling av milj\u00f6teknik genom en ny gr\u00f6n investeringsfond. Det \u00e4r ett initiativ som alliansregeringen har tagit f\u00f6r att hj\u00e4lpa f\u00f6retag i uppstartsfarten d\u00e4r det beh\u00f6vs.<\/p>\n<p>-\u00a0Det beh\u00f6vs ett konkurrenskraftigt forskningssystem, riskkapital i tidiga skeden d\u00e4r staten kan komplettera det som marknaden inte g\u00f6r och sen beh\u00f6ver svenska f\u00f6retag som till exempel Minesto marknadstillg\u00e5ng. Frihandel \u00e4r n\u00f6dv\u00e4ndig d\u00e5 den m\u00f6jligg\u00f6r att vi kan exportera svensk teknik f\u00f6r gr\u00f6nare energi som g\u00f6r b\u00e5de ekonomisk- och milj\u00f6m\u00e4ssig nytta.<\/p>\n<p><strong>B\u00f6r statens bolag g\u00e5 f\u00f6re i klimatomst\u00e4llningen?<\/strong><\/p>\n<p>- Vi har till exempel gett Vattenfall ett tydligare nordiskt uppdrag och de har i uppdrag fr\u00e5n \u00e4garen att bidra till omst\u00e4llningen, vilket \u00e4r viktigt. Sedan \u00e4r det bolagen som m\u00e5ste genomf\u00f6ra det inom ramen f\u00f6r riktlinjerna som \u00e4garen ger. Staten ska inte detaljstyra bolagen men det \u00e4r viktigt att de producerar s\u00e5 klimatsmart som m\u00f6jligt.<\/p>\n<p><strong>Tycker du att b\u00f6rsf\u00f6retagen, s\u00e5som i Storbritannien, obligatoriskt b\u00f6r redovisa sin klimatp\u00e5verkan?\u00a0<\/strong><\/p>\n<p>- M\u00e5nga bolag tar egna initiativ i fr\u00e5gan och vi vill att f\u00f6retagen tar klimatansvar. Ju fler bolag som g\u00f6r det desto b\u00e4ttre. P\u00e5 EU-niv\u00e5 har den svenska regeringen varit positiv till vissa s\u00e5dana riktlinjer och har bland annat st\u00f6ttat f\u00f6rslag om obligatorisk h\u00e5lbarhetsredovisning f\u00f6r f\u00f6retag med mer \u00e4n 500 anst\u00e4llda. Du kommer inte undan som modern f\u00f6retagsledare om du inte kan f\u00f6rklara hur du agerar klimatsmart gentemot dina \u00e4gare.<\/p>\n<p><strong>I Riksrevisionens senaste unders\u00f6kning \u201dMer klimat f\u00f6r pengarna?\u201d skriver de att \u201dvi ser en risk att staten inte anv\u00e4nder sina styrmedel s\u00e5 att utsl\u00e4ppen minskar i enlighet med klimatm\u00e5len och till rimliga kostnader\u201d. Hur utformas klimatpolitiska styrmedel mer kostnadseffektivt?<\/strong><\/p>\n<p>- Vad g\u00e4ller styrmedel l\u00e5ter det l\u00e4ttare \u00e4n det \u00e4r att lagstifta om att allt ska vara bra. Om vi bara kunde lagstifta om att styra mot ett b\u00e4ttre klimat p\u00e5 alla fronter s\u00e5 skulle vi g\u00f6ra det. F\u00f6r att vinna b\u00e5de andra EU-l\u00e4nder och \u00f6vriga v\u00e4rlden f\u00f6r v\u00e5r sak m\u00e5ste vi visa att vi kan kombinera minskade utsl\u00e4pp med konkurrenskraft, jobb och v\u00e4lf\u00e4rd. D\u00e4rf\u00f6r \u00e4r vi alltid beredda att ser \u00f6ver hur styrmedlen \u00e4r uppst\u00e4llda om det inte ger \u00f6nskad effekt. Vi str\u00e4var efter maximal klimateffekt per investerad skattekrona.<\/p>\n<p>- Efter att denna rapport kom fr\u00e5n Riksrevisionen har regeringen gett SMHI, Naturv\u00e5rdsverket och Energimyndigheten uppdraget att se \u00f6ver hur styrmedlen fungerar f\u00f6r klimatets r\u00e4kning. Om de kommer fram till att h\u00e4r skulle det beh\u00f6vas en annan typ av styrmedel f\u00f6r att n\u00e5 \u00f6nskad effekt, \u00e4r vi beredda att lyssna p\u00e5 det.<\/p>\n<p>-Vi tycker att EU:s klimatm\u00e5l b\u00f6r riktas in p\u00e5 det problem vi vill l\u00f6sa, n\u00e4mligen att minska utsl\u00e4ppen av koldioxid, i st\u00e4llet f\u00f6r att s\u00e4tta m\u00e5l som g\u00f6r det on\u00f6digt dyrt och kr\u00e5ngligt att minska utsl\u00e4ppen.<\/p>\n","qoute":"","name":"","title-company":""},"_links":{"self":[{"href":"https:\/\/www.hagainitiativet.se\/en\/wp-json\/wp\/v2\/inlagg\/2234","targetHints":{"allow":["GET"]}}],"collection":[{"href":"https:\/\/www.hagainitiativet.se\/en\/wp-json\/wp\/v2\/inlagg"}],"about":[{"href":"https:\/\/www.hagainitiativet.se\/en\/wp-json\/wp\/v2\/types\/inlagg"}],"wp:featuredmedia":[{"embeddable":true,"href":"https:\/\/www.hagainitiativet.se\/en\/wp-json\/wp\/v2\/media\/2236"}],"wp:attachment":[{"href":"https:\/\/www.hagainitiativet.se\/en\/wp-json\/wp\/v2\/media?parent=2234"}],"wp:term":[{"taxonomy":"kategori","embeddable":true,"href":"https:\/\/www.hagainitiativet.se\/en\/wp-json\/wp\/v2\/kategori?post=2234"}],"curies":[{"name":"wp","href":"https:\/\/api.w.org\/{rel}","templated":true}]}}