{"id":2238,"date":"2014-10-16T14:25:00","date_gmt":"2014-10-16T12:25:00","guid":{"rendered":"https:\/\/www.hagainitiativet.se\/?post_type=inlagg&#038;p=2238"},"modified":"2022-08-12T10:49:13","modified_gmt":"2022-08-12T08:49:13","slug":"per-bolund-miljopartiet","status":"publish","type":"inlagg","link":"https:\/\/www.hagainitiativet.se\/en\/inlagg\/per-bolund-miljopartiet\/","title":{"rendered":"Per Bolund, Milj\u00f6partiet"},"content":{"rendered":"","protected":false},"excerpt":{"rendered":"","protected":false},"featured_media":2240,"parent":0,"template":"","kategori":[18,17],"class_list":["post-2238","inlagg","type-inlagg","status-publish","has-post-thumbnail","hentry","kategori-intervjuer","kategori-nyheter"],"meta_box":{"show_post_en":"0","text":"<p><b>Tror du att en klimatomst\u00e4llning \u00e4r positivt eller negativt f\u00f6r svensk v\u00e4lf\u00e4rd?\u00a0<\/b><\/p>\n<p>- Positiv tror jag. Det inneb\u00e4r en utveckling som ger nya m\u00f6jligheter f\u00f6r fler anst\u00e4llningar, jobb och\u00a0nya aff\u00e4rer. En utveckling som v\u00e4cker massa innovationskraft och inspiration. Framf\u00f6rallt om Sverige\u00a0v\u00e5gar ta t\u00e4ten och utvecklar teknik som resten av v\u00e4rlden vill ha. Klimatomst\u00e4llningen \u00e4r Sveriges\u00a0nisch fram\u00e5t f\u00f6r att beh\u00e5lla konkurrensf\u00f6rdelar i framtiden. Tuffa krav p\u00e5 vattenrening bidrog bland\u00a0annat till att vi utvecklade teknik p\u00e5 omr\u00e5det vilket i sin tur utvecklat den milj\u00f6tekniska sektorn i\u00a0Sverige. Samma sak kan ske p\u00e5 klimatomr\u00e5det i framtiden.<\/p>\n<p><b>Anser du att klimatomst\u00e4llningen \u00e4r jobbskapande?\u00a0<\/b><\/p>\n<p>- Ja, vi ser att det kommer leda till att det blir fler som jobbar inom de gr\u00f6na sektorerna. Vi planerar\u00a0f\u00f6r investeringar och satsningar som kommer skapa 30 000 fler jobb \u00e4n med dagens politik.<\/p>\n<p>-Jobben skapas \u00e4ven genom de stora samh\u00e4llsinvesteringar vi planerar f\u00f6r bland annat att bygga ut\u00a0j\u00e4rnv\u00e4g f\u00f6r fler t\u00e5g, som ocks\u00e5 g\u00e5r i tid, ut\u00f6ka det f\u00f6rnybara energisystemet och bygga om de\u00a0nedg\u00e5ngna miljonprogramsomr\u00e5dena. Vi f\u00e5r inte heller gl\u00f6mma att klimatf\u00f6r\u00e4ndringarna redan \u00e4r\u00a0h\u00e4r och det g\u00e4ller att rusta samh\u00e4llet f\u00f6r det.<\/p>\n<p><b>Gynnas Sveriges konkurrenskraft av klimatomst\u00e4llningen i ett europeiskt\/globalt perspektiv?\u00a0<\/b><\/p>\n<p>- Ja, det h\u00e4vdar jag. Det inneb\u00e4r en konkurrensf\u00f6rdel f\u00f6r f\u00f6retagen att ligga steget f\u00f6re p\u00e5\u00a0milj\u00f6omr\u00e5det. Ett tydligt exempel p\u00e5 det var n\u00e4r tyska konsumenter b\u00f6rjade efterfr\u00e5ga icke-klorblekt\u00a0papper vilket ledde till att svenska f\u00f6retag, som redan hade utvecklat detta, fick in nya aff\u00e4rer.<\/p>\n<p>-Oron om att milj\u00f6krav och inf\u00f6randet av styrmedel kommer inneb\u00e4ra att f\u00f6retag flyttar utomlands,\u00a0st\u00e4mmer inte enligt min mening. Det inneb\u00e4r snarare att f\u00f6retagen minskar sina utsl\u00e4pp och\u00a0effektiviserar verksamheterna. Sverige har stora naturresurser och en stor r\u00e5varubas att utg\u00e5 ifr\u00e5n\u00a0som f\u00f6retagen inte vill flytta ifr\u00e5n i f\u00f6rsta hand.<\/p>\n<p><b>Hur ligger Sverige till i f\u00f6rh\u00e5llande till andra l\u00e4nder?\u00a0<\/b>- Det finns en bild av att Sverige som land ligger l\u00e4ngre fram i milj\u00f6fr\u00e5gan, men det \u00e4r tv\u00e4rtom. M\u00e5nga\u00a0l\u00e4nder har kommit l\u00e4ngre \u00e4n oss. I Danmark har man nu en \u00f6verenskommelse om f\u00f6rnybarhet som\u00a0str\u00e4cker sig \u00f6ver blockgr\u00e4nserna och Tysklands energiomst\u00e4llning beror ocks\u00e5 p\u00e5 denna typ av\u00a0block\u00f6verskridande politik. Kina har h\u00f6ga ambitioner, har tagit \u00f6ver hela solcellsproduktionen i\u00a0v\u00e4rlden och mycket av vindkraftsverken kommer ocks\u00e5 fr\u00e5n Kina. \u00c4ven Sverige borde vara i framkant\u00a0med att utveckla ny teknik.<\/p>\n<p><b>Kan klimatomst\u00e4llningen vara en h\u00e4vst\u00e5ng f\u00f6r mer innovationer i n\u00e4ringslivet?\u00a0<\/b>- Vi vet att om man st\u00e4ller relevanta krav, h\u00f6jer ribban, v\u00e5gar s\u00e4tta tuffa m\u00e5l och g\u00f6r det tydligt vart vi\u00a0\u00e4r p\u00e5 v\u00e4g, d\u00e5 kommer innovationerna komma.<\/p>\n<p><b>B\u00f6r statens bolag g\u00e5 f\u00f6re i klimatomst\u00e4llningen?\u00a0<\/b><\/p>\n<p>- \u00c4gande medf\u00f6r ansvar, jag \u00e4r inte n\u00f6jd med hur det ser ut idag. Det \u00e4r dock bra att bolagen b\u00f6rjat\u00a0g\u00f6ra bokslut f\u00f6r de statliga bolagens milj\u00f6p\u00e5verkan. Dessa f\u00f6retag \u00e4r s\u00e5 stora och m\u00e5ste klara av att\u00a0jobba aktivt med klimatfr\u00e5gan.<\/p>\n<p>-Vi jobbar med att skapa incitament att det ska l\u00f6na sig f\u00f6r f\u00f6retag att jobba med milj\u00f6fr\u00e5gan. F\u00f6r att\u00a0skapa trov\u00e4rdighet m\u00e5ste man leva som man l\u00e4r. Av ekonomiska sk\u00e4l \u00e4r jag orolig f\u00f6r vissa av de\u00a0statliga bolagen som ligger efter i fr\u00e5gan, till exempel SAS och Vattenfall som i nul\u00e4get inte ger n\u00e5gon\u00a0avkastning till staten. Vad h\u00e4nder med dessa f\u00f6retag om EU:s utsl\u00e4ppshandel b\u00f6rja fungera? Om\u00a0priset blir som EU-kommissionen vill, vilket inneb\u00e4r en tio-dubbling av nuvarande niv\u00e5er, skulle det\u00a0inneb\u00e4ra m\u00e5nga miljarder i \u00f6kade kostnader.<\/p>\n<p><b>Tycker du att b\u00f6rsf\u00f6retagen, s\u00e5som i Storbritannien, obligatoriskt b\u00f6r redovisa sin klimatp\u00e5verkan?\u00a0<\/b><\/p>\n<p>- Ja, absolut. Det g\u00e4ller \u00e4ven f\u00f6r fonder och investeringar. Det borde vara m\u00f6jlighet f\u00f6r bankernas\u00a0kunder att f\u00e5 reda p\u00e5 vilka klimatavtryck deras investeringar ger upphov till.<\/p>\n<p><b>Hur utformas klimatpolitiska styrmedel mer kostnadseffektivt?\u00a0<\/b><\/p>\n<p>- Till och med Konjunkturinstitutet s\u00e4ger att det beh\u00f6vs fler styrmedel f\u00f6r att komma fram\u00e5t. Vi m\u00e5ste\u00a0jobba med flera olika styrmedel samtidigt f\u00f6r att komma fram i fr\u00e5gan. Vi \u00e4r det parti som f\u00f6rs\u00f6ker\u00a0p\u00e5skynda en koldioxidskatteh\u00f6jning, det mest rationella och effektiva styrmedlet enligt de flesta\u00a0forskare. Vi tycker att det \u00e4r konstigt att Anders Borg s\u00e4ger att de ska anv\u00e4nda de mest\u00a0kostnadseffektiva styrmedlen, samtidigt som de inte anv\u00e4nder sig av koldioxidskatt som \u00e4r det mest\u00a0effektiva styrmedel enligt forskning.<\/p>\n","qoute":"","name":"","title-company":""},"_links":{"self":[{"href":"https:\/\/www.hagainitiativet.se\/en\/wp-json\/wp\/v2\/inlagg\/2238","targetHints":{"allow":["GET"]}}],"collection":[{"href":"https:\/\/www.hagainitiativet.se\/en\/wp-json\/wp\/v2\/inlagg"}],"about":[{"href":"https:\/\/www.hagainitiativet.se\/en\/wp-json\/wp\/v2\/types\/inlagg"}],"wp:featuredmedia":[{"embeddable":true,"href":"https:\/\/www.hagainitiativet.se\/en\/wp-json\/wp\/v2\/media\/2240"}],"wp:attachment":[{"href":"https:\/\/www.hagainitiativet.se\/en\/wp-json\/wp\/v2\/media?parent=2238"}],"wp:term":[{"taxonomy":"kategori","embeddable":true,"href":"https:\/\/www.hagainitiativet.se\/en\/wp-json\/wp\/v2\/kategori?post=2238"}],"curies":[{"name":"wp","href":"https:\/\/api.w.org\/{rel}","templated":true}]}}