{"id":2257,"date":"2015-09-08T14:40:00","date_gmt":"2015-09-08T12:40:00","guid":{"rendered":"https:\/\/www.hagainitiativet.se\/?post_type=inlagg&#038;p=2257"},"modified":"2022-08-12T12:09:47","modified_gmt":"2022-08-12T10:09:47","slug":"intervju-bistandsminister-isabella-lovin","status":"publish","type":"inlagg","link":"https:\/\/www.hagainitiativet.se\/en\/inlagg\/intervju-bistandsminister-isabella-lovin\/","title":{"rendered":"Intervju: Bist\u00e5ndsminister Isabella L\u00f6vin"},"content":{"rendered":"","protected":false},"excerpt":{"rendered":"","protected":false},"featured_media":2259,"parent":0,"template":"","kategori":[18,17],"class_list":["post-2257","inlagg","type-inlagg","status-publish","has-post-thumbnail","hentry","kategori-intervjuer","kategori-nyheter"],"meta_box":{"show_post_en":"0","text":"<p>Den 25-26 september ska de nya globala h\u00e5llbarhetsm\u00e5len, som ska eftertr\u00e4da milleniem\u00e5len, antas av alla FN:s medlemsl\u00e4nder i New York.<\/p>\n<p>&nbsp;<\/p>\n<p><b>Vad betyder de nya h\u00e5llbarhetsm\u00e5len f\u00f6r Sverige?\u00a0\u00a0\u00a0 \u00a0\u00a0\u00a0\u00a0\u00a0\u00a0<\/b><\/p>\n<p>-Vi lever i en globaliserad v\u00e4rld. Flyktingkatastroferna och klimatf\u00f6r\u00e4ndringar ger oss alla dagligen p\u00e5minnelser om att m\u00e4nniskans fr\u00e4msta utmaningar idag m\u00e5ste l\u00f6sas globalt, ingen m\u00e4nniska eller nation \u00e4r en \u00f6. Den nya agendan och dess 17 m\u00e5l f\u00f6r h\u00e5llbar social, ekonomisk och milj\u00f6m\u00e4ssig utveckling \u00a0ger hela v\u00e4rlden en m\u00f6jlighet att tillsammans systematiskt jobba f\u00f6r att uppn\u00e5 verklig global h\u00e5llbarhet i alla dess tre dimensioner; social, ekonomisk och milj\u00f6m\u00e4ssig.<\/p>\n<p>-Ban Ko-Moon har sagt att vi \u00e4r den f\u00f6rsta generationen som kan utrota fattigdomen, och den sista som kan bromsa klimatf\u00f6r\u00e4ndringarna. Den nya agendan \u00e4r universell, det vill s\u00e4ga den g\u00e4ller alla l\u00e4nder, alla akt\u00f6rer och alla politikomr\u00e5den. F\u00f6r Sverige utg\u00f6r den en unik chans att skapa ett nationellt l\u00e5ngsiktigt samarbete f\u00f6r h\u00e5llbar utveckling mellan olika akt\u00f6rer - regeringen, n\u00e4ringslivet, fackf\u00f6reningsr\u00f6relsen, civilsamh\u00e4llet, akademia och medborgare. Den nya h\u00e5llbarhetsagendan ger oss nytt hopp, och en ny ber\u00e4ttelse om v\u00e4rlden - hur vi ska ta den ur den socialt och milj\u00f6m\u00e4ssigt oh\u00e5llbara situation vi har idag. Bara tillsammans kan vi g\u00f6ra det.<\/p>\n<p><b>Vad kommer h\u00e5llbarhetsm\u00e5len betyda f\u00f6r n\u00e4ringslivet?<\/b><\/p>\n<p><b><\/b>-Den ger n\u00e4ringslivet en ytterst viktig roll, och det svenska n\u00e4ringslivet st\u00e5r f\u00f6rh\u00e5llandevis v\u00e4l rustat f\u00f6r detta arbete. Vad som kr\u00e4vs nu av alla akt\u00f6rer \u00e4r att man s\u00e5v\u00e4l\u00a0i sin\u00a0k\u00e4rnverksamhet som i dialog med regeringar, myndigheter, andra f\u00f6retag, akademia och allm\u00e4nheten samarbetar f\u00f6r att hitta gemensamma l\u00f6sningar p\u00e5 sociala, ekonomiska och milj\u00f6m\u00e4ssiga utmaningar. Ansvarstagande \u00e4r enda s\u00e4ttet att l\u00e5ngsiktigt gynna f\u00f6retagsklimat och l\u00e5ngsiktigt h\u00e5llbart v\u00e4xande i det globala syd. F\u00f6retagen kan genom sitt agerande stimulera mycket st\u00f6rre investeringar och kapitalfl\u00f6den \u00e4n n\u00e5gonsin bist\u00e5ndet kan g\u00f6ra. D\u00e5 \u00e4r det extremt viktigt att dessa investeringar stimulerar en socialt och milj\u00f6m\u00e4ssig h\u00e5llbar utveckling.<\/p>\n<p><b>Vad beh\u00f6vs f\u00f6r att kunna uppn\u00e5 m\u00e5len?<\/b><\/p>\n<p>-Politiskt ledarskap, samarbete, resurser och engagemang fr\u00e5n alla akt\u00f6rer och inv\u00e5nare i Sverige. Detsamma g\u00e4ller f\u00f6rst\u00e5s ocks\u00e5 i det internationella samarbetet, d\u00e4r FN kommer att spela en central roll f\u00f6r att st\u00f6dja genomf\u00f6randet. Samarbete och l\u00e4rande mellan olika regeringar och akt\u00f6rer kommer att bli centralt. Men medborgarengagemang, bottom-up initiativ och entusiasm kommer att bli \u00a0avg\u00f6rande f\u00f6r att f\u00e5 momentum och politisk vilja - och f\u00f6r att utkr\u00e4va politiskt ansvar. Allas deltagande blir avg\u00f6rande.<\/p>\n<p><b>Vilket\/vilka av de 17 m\u00e5len kommer f\u00e5 st\u00f6rst betydelse i Sverige?<\/b><\/p>\n<p>-Agendan med de 17 m\u00e5len b\u00f6r ses som en helhet. Det finns ingen hierarki mellan dem. Studerar man texten framg\u00e5r det tidigt att de \u00e4r \u00f6msesidigt beroende av varandra och sammansvetsade i flera avseenden. Styrkan i agendan, och f\u00f6ruts\u00e4ttningen f\u00f6r att faktiskt \u00e5stadkomma en l\u00e5ngsiktigt h\u00e5llbar utveckling, ligger just i genomf\u00f6randet av helheten, av alla m\u00e5l och delm\u00e5l. Den p\u00e5minner om behovet av att beh\u00e5lla helhetsperspektivet oavsett om man fokuserar sina insatser inom en viss sektor. Med det sagt; vissa delar av agendan \u00e4r mer relevant att fokusera p\u00e5 i v\u00e5rt globala samarbete, i andra delar har vi mycket l\u00e5ngt kvar \u00e4ven nationellt, som i havs-m\u00e5let.<\/p>\n","qoute":"","name":"","title-company":""},"_links":{"self":[{"href":"https:\/\/www.hagainitiativet.se\/en\/wp-json\/wp\/v2\/inlagg\/2257","targetHints":{"allow":["GET"]}}],"collection":[{"href":"https:\/\/www.hagainitiativet.se\/en\/wp-json\/wp\/v2\/inlagg"}],"about":[{"href":"https:\/\/www.hagainitiativet.se\/en\/wp-json\/wp\/v2\/types\/inlagg"}],"wp:featuredmedia":[{"embeddable":true,"href":"https:\/\/www.hagainitiativet.se\/en\/wp-json\/wp\/v2\/media\/2259"}],"wp:attachment":[{"href":"https:\/\/www.hagainitiativet.se\/en\/wp-json\/wp\/v2\/media?parent=2257"}],"wp:term":[{"taxonomy":"kategori","embeddable":true,"href":"https:\/\/www.hagainitiativet.se\/en\/wp-json\/wp\/v2\/kategori?post=2257"}],"curies":[{"name":"wp","href":"https:\/\/api.w.org\/{rel}","templated":true}]}}