{"id":2278,"date":"2016-06-03T14:56:00","date_gmt":"2016-06-03T12:56:00","guid":{"rendered":"https:\/\/www.hagainitiativet.se\/?post_type=inlagg&#038;p=2278"},"modified":"2022-08-12T12:34:32","modified_gmt":"2022-08-12T10:34:32","slug":"intervju-med-karolina-skog-ny-miljominister","status":"publish","type":"inlagg","link":"https:\/\/www.hagainitiativet.se\/en\/inlagg\/intervju-med-karolina-skog-ny-miljominister\/","title":{"rendered":"Intervju med Karolina Skog, ny milj\u00f6minister"},"content":{"rendered":"","protected":false},"excerpt":{"rendered":"","protected":false},"featured_media":2280,"parent":0,"template":"","kategori":[25,17],"class_list":["post-2278","inlagg","type-inlagg","status-publish","has-post-thumbnail","hentry","kategori-inspiration","kategori-nyheter"],"meta_box":{"show_post_en":"0","text":"<p><strong>Du har lyft fram vikten av att jobba med n\u00e4ringslivet, i vilka fr\u00e5gor ser du att det \u00e4r s\u00e4rskilt viktigt att ha ett n\u00e4ra samarbete med n\u00e4ringslivet?<\/strong><\/p>\n<p>- Inom ramen f\u00f6r projektet med f\u00f6retagsn\u00e4tverket Fossilfritt Sverige har regeringen f\u00e5tt till st\u00e5nd en viktig och st\u00e4ndigt v\u00e4xande (f\u00f6r n\u00e4rvarande cirka 160 medlemmar) arena f\u00f6r f\u00f6retag att minska sina klimatavtryck, \u00a0f\u00e5 \u00f6msesidig inspiration och utveckla sina h\u00e5llbarhetsl\u00f6sningar och h\u00e5llbarhetsprofiler. Det \u00e4r ett inspirerande exempel p\u00e5 att n\u00e4ringslivet menar allvar med att bli en del av en progressiv samh\u00e4llsutveckling. Ingen ensam sitter p\u00e5 alla svaren, samarbete \u00e4r helt n\u00f6dv\u00e4ndigt f\u00f6r att vi ska n\u00e5 de h\u00f6gt uppsatta m\u00e5len.<\/p>\n<p><strong>Hur kan n\u00e4ringslivet bidra till minskad milj\u00f6- och klimatp\u00e5verkan i Sverige?<\/strong><\/p>\n<p>- Ingen seri\u00f6s akt\u00f6r kan l\u00e4ngre betrakta milj\u00f6- och klimatfr\u00e5gor som perifera, avgr\u00e4nsade sakfr\u00e5gor. Milj\u00f6, h\u00e5llbarhet och klimat genomsyrar hela samh\u00e4llsbilden och alla politikomr\u00e5den. Detta f\u00f6rh\u00e5llningss\u00e4tt ser vi i hela regeringens arbete. H\u00e5llbarhetskriterier pr\u00e4glar s\u00e5 gott som all upphandling, efterfr\u00e5gan p\u00e5 ekologisk produktion skjuter i h\u00f6jden, och mindre milj\u00f6- och klimatbelastning efterfr\u00e5gas i allt h\u00f6gre grad av konsumenter. Detta p\u00e5verkar i alla h\u00f6gsta grad n\u00e4ringslivet \u2013 tiden n\u00e4r milj\u00f6- klimatinsatser ans\u00e5gs som n\u00e5got belastande \u00e4r f\u00f6rbi. Nu \u00e4r det ist\u00e4llet en del av f\u00f6retagsnormen i Sverige. Som politiker har vi f\u00f6rv\u00e4ntningar p\u00e5 f\u00f6retagen att ta ansvar som samh\u00e4llsakt\u00f6rer. F\u00f6r detta \u00e4r vi beredda att b\u00e5de st\u00e4lla krav och skapa f\u00f6ruts\u00e4ttningar.<\/p>\n<p>- Jag kommer fr\u00e5n en milj\u00f6 i Malm\u00f6 d\u00e4r det offentliga och det privata driver p\u00e5 och utmanar varandra och det \u00e4r den typen av dynamisk samverkan som jag menar beh\u00f6vs f\u00f6r att kn\u00e4cka de verkligt sv\u00e5ra fr\u00e5gorna. Och med risk f\u00f6r att sl\u00e5 in en \u00f6ppen d\u00f6rr -idag \u00e4r klimatsmarta tj\u00e4nster, h\u00e5llbarhetsl\u00f6sningar och koldioxidsn\u00e5l produktion n\u00e5got som ger svenskt n\u00e4ringsliv oerh\u00f6rt viktiga konkurrensf\u00f6rdelar. Efterfr\u00e5gan p\u00e5 h\u00e5llbara produkter och tj\u00e4nster kommer vi bara att f\u00e5 se mer av, inte minst internationellt. Klimatavtalet i Paris g\u00f6r att v\u00e4rldens l\u00e4nder s\u00f6ker efter s\u00e4tt att minska sina utsl\u00e4pp, och h\u00e4r har Sverige stora exportm\u00f6jligheter. En sektor som har allt att vinna p\u00e5 stark h\u00e5llbarhets- och milj\u00f6profilering \u00e4r Sveriges expansiva turistn\u00e4ring: H\u00e4r \u00e4r h\u00e5llbarhet och milj\u00f6m\u00e4ssighet ett av de starkaste korten f\u00f6r att skapa attraktionskraft.<\/p>\n<p><strong>Hur skapas bra samverkan inom politik, n\u00e4ringsliv och forskning?<\/strong><\/p>\n<p>- Att milj\u00f6fr\u00e5gorna st\u00e4lls mitt i samh\u00e4llsutvecklingen och inte i ett stupr\u00f6r vid sidan av \u00e4r en helt avg\u00f6rande grund. Att vi har en gemensam problemformulering och en uppslutning bakom synen p\u00e5 att en samh\u00e4llsmodell som inte sker p\u00e5 bekostnad av milj\u00f6 och klimat inte \u00e4r ett steg tillbaka, utan representerar ett samh\u00e4lle som \u00e4r efterstr\u00e4vansv\u00e4rt. Det handlar om utvecklingsoptimism; f\u00f6retag i symbios med politik och forskning representerar idag str\u00e4van efter ett mer utvecklat samh\u00e4lle. En b\u00e4ttre v\u00e4rld helt enkelt.<\/p>\n","qoute":"","name":"","title-company":""},"_links":{"self":[{"href":"https:\/\/www.hagainitiativet.se\/en\/wp-json\/wp\/v2\/inlagg\/2278","targetHints":{"allow":["GET"]}}],"collection":[{"href":"https:\/\/www.hagainitiativet.se\/en\/wp-json\/wp\/v2\/inlagg"}],"about":[{"href":"https:\/\/www.hagainitiativet.se\/en\/wp-json\/wp\/v2\/types\/inlagg"}],"wp:featuredmedia":[{"embeddable":true,"href":"https:\/\/www.hagainitiativet.se\/en\/wp-json\/wp\/v2\/media\/2280"}],"wp:attachment":[{"href":"https:\/\/www.hagainitiativet.se\/en\/wp-json\/wp\/v2\/media?parent=2278"}],"wp:term":[{"taxonomy":"kategori","embeddable":true,"href":"https:\/\/www.hagainitiativet.se\/en\/wp-json\/wp\/v2\/kategori?post=2278"}],"curies":[{"name":"wp","href":"https:\/\/api.w.org\/{rel}","templated":true}]}}