{"id":2306,"date":"2017-03-13T10:37:00","date_gmt":"2017-03-13T09:37:00","guid":{"rendered":"https:\/\/www.hagainitiativet.se\/?post_type=inlagg&#038;p=2306"},"modified":"2022-08-10T10:50:15","modified_gmt":"2022-08-10T08:50:15","slug":"halla-dar-anders-stralman-vd-pa-axfood","status":"publish","type":"inlagg","link":"https:\/\/www.hagainitiativet.se\/en\/inlagg\/halla-dar-anders-stralman-vd-pa-axfood\/","title":{"rendered":"Hall\u00e5 d\u00e4r Anders Str\u00e5lman, vd p\u00e5 Axfood"},"content":{"rendered":"","protected":false},"excerpt":{"rendered":"","protected":false},"featured_media":2308,"parent":0,"template":"","kategori":[18],"class_list":["post-2306","inlagg","type-inlagg","status-publish","has-post-thumbnail","hentry","kategori-intervjuer"],"meta_box":{"show_post_en":"0","text":"<p><strong>Du har varit med i Hagainitiativet genom Axfood sedan starten och kommer under v\u00e5ren att sluta som vd p\u00e5 Axfood. Varf\u00f6r \u00e4r det viktigt f\u00f6r Axfood att arbeta med klimatfr\u00e5gan?<\/strong><br \/>\n- Klimatet \u00e4r en av m\u00e4nsklighetens stora utmaningar. Sj\u00e4lvklart m\u00e5ste f\u00f6retagen bidra. Dessutom inneb\u00e4r fokus p\u00e5 h\u00e5llbarhet s\u00e5 mycket positivt n\u00e4r det g\u00e4ller modernisering och aff\u00e4rsutveckling. Det \u00e4r ocks\u00e5 l\u00e4ttare att rekrytera medarbetare till ett f\u00f6retag d\u00e4r det finns engagemang. Dessutom k\u00e4nner jag ett personligt engagemang. Jag vill inte att mina barn ska ha en s\u00e4mre milj\u00f6 \u00e4n vad jag har.<\/p>\n<p><strong>Bidrar Axfoods arbete med klimatfr\u00e5gan till nya aff\u00e4rer hos er?<\/strong><br \/>\n- Det bidrar inte s\u00e5 mycket till helt nya aff\u00e4rer. Vi k\u00f6per och s\u00e4ljer mat helt enkelt. Men det p\u00e5verkar hur vi g\u00f6r det. Fast ibland kan det faktiskt bli nya aff\u00e4rer som att lagret i Jordbro har blivit leverant\u00f6r av fj\u00e4rrv\u00e4rme till Vattenfall ist\u00e4llet f\u00f6r att vara en stor fj\u00e4rrv\u00e4rmekund.<\/p>\n<p><strong>P\u00e5 vilket s\u00e4tt har samarbetet i Hagainitiativet gynnat er som f\u00f6retag?<\/strong><br \/>\n- Det \u00e4r ett intressant utbyte med andra engagerade f\u00f6retag inom andra branscher. Axfood f\u00e5r nya id\u00e9er och ny kunskap. Dessutom har det gjort Axfood starkare inom omr\u00e5det \u201dpositiv samh\u00e4llskraft\u201d som \u00e4r ett fokusomr\u00e5det som f\u00f6retagsledningen har fattat beslut om. Axfood vill bli en starkare r\u00f6st i samh\u00e4llsdebatten, och d\u00e4r kan samarbetet i Hagainitiativet bidra.<\/p>\n<p><strong>Vad \u00e4r ditt r\u00e5d till andra vd:ar \u2013 hur s\u00e4tter man ig\u00e5ng att jobba med klimatfr\u00e5gan?<\/strong><br \/>\n- Engagera din ledningsgrupp och f\u00e5 dem att k\u00e4nna att du verkligen uppskattar deras engagemang i fr\u00e5gan. Sedan \u00e4r det viktigt att personligen intressera sig och se till att det finns resurser n\u00e4r det beh\u00f6vs.<\/p>\n<p><strong>\u00c4r din eftertr\u00e4dare lika engagerad i klimat- och milj\u00f6fr\u00e5gor som du?<\/strong><br \/>\n- Det ska han svara p\u00e5. Men att Klas Balkow deltog p\u00e5 Hagas frukostm\u00f6te f\u00f6r vd:ar redan innan han b\u00f6rjat p\u00e5 Axfood \u00e4r ett gott tecken.<\/p>\n<p><strong>Hur n\u00e4ra har vi kommit Hagainitiativets vision; ett l\u00f6nsamt n\u00e4ringsliv utan klimatp\u00e5verkan?<\/strong><br \/>\n- Det \u00e4r en bra bit kvar. Det beh\u00f6vs politiska beslut p\u00e5 milj\u00f6omr\u00e5det ocks\u00e5. Det som \u00e4r r\u00e4tt f\u00f6r klimatet m\u00e5ste alltid vara l\u00f6nsamt.<\/p>\n<p><strong>Vilket \u00e4r ditt b\u00e4sta minne som Haga-vd?<\/strong><br \/>\n- Det var f\u00f6rsta g\u00e5ngen p\u00e5 Almedalen n\u00e4r jag var med och pratade i landsh\u00f6vdingens tr\u00e4dg\u00e5rd. Det k\u00e4ndes verkligen som att nu \u00e4r f\u00f6retagen verkligen p\u00e5 g\u00e5ng i klimatfr\u00e5gan.<\/p>\n","qoute":"","name":"","title-company":""},"_links":{"self":[{"href":"https:\/\/www.hagainitiativet.se\/en\/wp-json\/wp\/v2\/inlagg\/2306","targetHints":{"allow":["GET"]}}],"collection":[{"href":"https:\/\/www.hagainitiativet.se\/en\/wp-json\/wp\/v2\/inlagg"}],"about":[{"href":"https:\/\/www.hagainitiativet.se\/en\/wp-json\/wp\/v2\/types\/inlagg"}],"wp:featuredmedia":[{"embeddable":true,"href":"https:\/\/www.hagainitiativet.se\/en\/wp-json\/wp\/v2\/media\/2308"}],"wp:attachment":[{"href":"https:\/\/www.hagainitiativet.se\/en\/wp-json\/wp\/v2\/media?parent=2306"}],"wp:term":[{"taxonomy":"kategori","embeddable":true,"href":"https:\/\/www.hagainitiativet.se\/en\/wp-json\/wp\/v2\/kategori?post=2306"}],"curies":[{"name":"wp","href":"https:\/\/api.w.org\/{rel}","templated":true}]}}