{"id":2383,"date":"2019-09-04T12:03:00","date_gmt":"2019-09-04T10:03:00","guid":{"rendered":"https:\/\/www.hagainitiativet.se\/?post_type=inlagg&#038;p=2383"},"modified":"2022-08-15T14:41:50","modified_gmt":"2022-08-15T12:41:50","slug":"intervju-med-markku-rummukainen-professor-vid-centrum-for-miljo-och-klimatforskning-cec-lunds-universitet","status":"publish","type":"inlagg","link":"https:\/\/www.hagainitiativet.se\/en\/inlagg\/intervju-med-markku-rummukainen-professor-vid-centrum-for-miljo-och-klimatforskning-cec-lunds-universitet\/","title":{"rendered":"Intervju med Markku Rummukainen, professor vid Centrum f\u00f6r milj\u00f6- och klimatforskning (CEC), Lunds universitet"},"content":{"rendered":"","protected":false},"excerpt":{"rendered":"","protected":false},"featured_media":2385,"parent":0,"template":"","kategori":[18,17],"class_list":["post-2383","inlagg","type-inlagg","status-publish","has-post-thumbnail","hentry","kategori-intervjuer","kategori-nyheter"],"meta_box":{"show_post_en":"0","text":"<p>Markku Rummukainen \u00e4r ocks\u00e5 Sveriges representant i IPCC, FN:s klimatpanel. I augusti sl\u00e4ppte IPCC en specialrapport om Klimatf\u00f6r\u00e4ndringar och marken. Vi bad Markku kommentera rapporten.<\/p>\n<p><strong>I augusti sl\u00e4ppte IPCC en specialrapport om markanv\u00e4ndningens p\u00e5verkan p\u00e5 klimatet, vad \u00e4r den st\u00f6rsta uppt\u00e4ckten?<\/strong><br \/>\n- Hur vi brukar jorden och skogen p\u00e5verkar klimatet, och omv\u00e4nt p\u00e5verkar klimatf\u00f6r\u00e4ndringen jordbruket, skogsbruket, ekosystem och livsvillkor. Det g\u00e5r inte att n\u00e5 ambiti\u00f6sa klimatm\u00e5l utan h\u00e5llbar markanv\u00e4ndning, men samtidigt b\u00f6r man vara klar \u00f6ver att h\u00e5llbar markanv\u00e4ndning inte kan ers\u00e4tta klimat\u00e5tg\u00e4rder p\u00e5 andra sektorer. Det \u00e4r ocks\u00e5 viktigt att uppm\u00e4rksamma att livsstilar och samh\u00e4llsutveckling spelar stor roll f\u00f6r markanv\u00e4ndning. Ju mer markkr\u00e4vande matvanor och konsumtion vi har, desto mindre yta finns det f\u00f6r exempelvis klimat\u00e5tg\u00e4rder som beskogning, h\u00e5llbar bioenergi och biologisk m\u00e5ngfald.<\/p>\n<p><strong>Varf\u00f6r \u00e4r markanv\u00e4ndning ett viktigt omr\u00e5de att unders\u00f6ka?<\/strong><br \/>\n- Vi anv\u00e4nder i en mycket stor omfattning den globala landytan f\u00f6r mat, foder, fibrer, tr\u00e4varor och energi. Marken st\u00e5r ocks\u00e5 f\u00f6r andra ekosystemtj\u00e4nster av olika slag. Marken \u00e4r en begr\u00e4nsad resurs och idag t\u00e4r vi p\u00e5 den genom oh\u00e5llbart brukande. Fr\u00e5gest\u00e4llningar kring marken och klimatet har m\u00e5nga f\u00f6rgreningar och inte minst spiller \u00f6ver till livsmedelssystemet och f\u00f6rnybar energi. Det \u00e4r viktigt att f\u00f6rebygga m\u00e5lkonflikter och utnyttja sidonyttor vad g\u00e4ller \u00e5tg\u00e4rder. L\u00f6sningar finns b\u00e5de f\u00f6r n\u00e4rtid och l\u00e4ngre fram i tiden, exempelvis \u00e4r h\u00e5llbart brukande och h\u00e5llbar konsumtion v\u00e4ldigt viktiga.<\/p>\n<p><strong>Hur p\u00e5verkar den nya vetenskapen v\u00e5ra svenska f\u00f6retag?<\/strong><br \/>\n- \u00c4ven i Sverige diskuteras och debatteras vad ger den b\u00e4sta klimatnyttan vad g\u00e4ller brukandet av skogen. Rapporten svarar inte direkt p\u00e5 vad som g\u00e4ller just f\u00f6r Sverige, eller n\u00e5got annat land specifikt. D\u00e4remot f\u00e5r man en genomg\u00e5ng av den aktuella vetenskapen kring utmaningar och m\u00f6jliga l\u00f6sningar samt hur det hela h\u00e4nger ihop. Mycket i f\u00f6retagsv\u00e4rlden handlar ju om globala system, kopplingar, leveranskedjor, r\u00e5varor och marknader. Livsmedelssystemet \u00e4r ett mycket bra exempel av det, och h\u00f6gaktuell i ljuset av rapporten.<\/p>\n<p><strong>Vad kan man som f\u00f6retag g\u00f6ra f\u00f6r att anpassa sig till de nya forskningsr\u00f6nen?<\/strong><br \/>\n- Rapporten belyser det vetenskapliga kunskapsl\u00e4get om hur klimat, markanv\u00e4ndning, markf\u00f6rs\u00e4mring och livsmedelssystemet h\u00e4nger ihop. Man b\u00f6r med f\u00f6rdel l\u00e4sa rapporten med sina egna glas\u00f6gon p\u00e5. En viss slutsats kan ha begr\u00e4nsad potential globalt, men d\u00e4remot i n\u00e5gon region eller bransch kan vara det viktigaste att arbeta med. Bakom globala slutsatser finns detaljer och uppgifter som kan vara s\u00e4rskilt intressanta f\u00f6r det egna f\u00f6retaget, marknaden eller diskussioner om framtida aff\u00e4rsmodell.<\/p>\n<p><a href=\"https:\/\/www.ipcc.ch\/report\/srccl\/\">L\u00e4s Specialrapport om Klimatf\u00f6r\u00e4ndringar och marken h\u00e4r<\/a><\/p>\n","qoute":"","name":"","title-company":""},"_links":{"self":[{"href":"https:\/\/www.hagainitiativet.se\/en\/wp-json\/wp\/v2\/inlagg\/2383","targetHints":{"allow":["GET"]}}],"collection":[{"href":"https:\/\/www.hagainitiativet.se\/en\/wp-json\/wp\/v2\/inlagg"}],"about":[{"href":"https:\/\/www.hagainitiativet.se\/en\/wp-json\/wp\/v2\/types\/inlagg"}],"wp:featuredmedia":[{"embeddable":true,"href":"https:\/\/www.hagainitiativet.se\/en\/wp-json\/wp\/v2\/media\/2385"}],"wp:attachment":[{"href":"https:\/\/www.hagainitiativet.se\/en\/wp-json\/wp\/v2\/media?parent=2383"}],"wp:term":[{"taxonomy":"kategori","embeddable":true,"href":"https:\/\/www.hagainitiativet.se\/en\/wp-json\/wp\/v2\/kategori?post=2383"}],"curies":[{"name":"wp","href":"https:\/\/api.w.org\/{rel}","templated":true}]}}