{"id":2589,"date":"2014-04-07T11:47:00","date_gmt":"2014-04-07T09:47:00","guid":{"rendered":"https:\/\/www.hagainitiativet.se\/?post_type=inlagg&#038;p=2589"},"modified":"2022-07-07T11:49:00","modified_gmt":"2022-07-07T09:49:00","slug":"klimatdeklarerad-biff-fran-lantmannen","status":"publish","type":"inlagg","link":"https:\/\/www.hagainitiativet.se\/en\/inlagg\/klimatdeklarerad-biff-fran-lantmannen\/","title":{"rendered":"Klimatdeklarerad biff fr\u00e5n Lantm\u00e4nnen"},"content":{"rendered":"","protected":false},"excerpt":{"rendered":"","protected":false},"featured_media":2591,"parent":0,"template":"","kategori":[25],"class_list":["post-2589","inlagg","type-inlagg","status-publish","has-post-thumbnail","hentry","kategori-inspiration"],"meta_box":{"show_post_en":"0","text":"<div class=\"eight s-twelve\">\n<p>Att k\u00f6tt har en st\u00f6rre klimatp\u00e5verkan \u00e4n vegetariska\u00a0alternativ \u00e4r vi alla medvetna och allt fler kunder efterfr\u00e5gar mer klimatsmarta alternativ. Lantm\u00e4nnen Cerealia har d\u00e4rf\u00f6r ut\u00f6kat sitt sortiment mot restaurang och storhush\u00e5llskunder med en biff med l\u00e4gre klimatp\u00e5verkan. Biffen, som \u00e4r b\u00e5de saftig och v\u00e4lsmakande, \u00e4r gjord p\u00e5 svenskt n\u00f6t- och kycklingk\u00f6tt och typiska svenska ingredienser som \u00e4rter, rotfrukter och havre.<\/p>\n<\/div>\n<div class=\"four s-twelve\"><\/div>\n","qoute":"","name":"","title-company":""},"_links":{"self":[{"href":"https:\/\/www.hagainitiativet.se\/en\/wp-json\/wp\/v2\/inlagg\/2589","targetHints":{"allow":["GET"]}}],"collection":[{"href":"https:\/\/www.hagainitiativet.se\/en\/wp-json\/wp\/v2\/inlagg"}],"about":[{"href":"https:\/\/www.hagainitiativet.se\/en\/wp-json\/wp\/v2\/types\/inlagg"}],"wp:featuredmedia":[{"embeddable":true,"href":"https:\/\/www.hagainitiativet.se\/en\/wp-json\/wp\/v2\/media\/2591"}],"wp:attachment":[{"href":"https:\/\/www.hagainitiativet.se\/en\/wp-json\/wp\/v2\/media?parent=2589"}],"wp:term":[{"taxonomy":"kategori","embeddable":true,"href":"https:\/\/www.hagainitiativet.se\/en\/wp-json\/wp\/v2\/kategori?post=2589"}],"curies":[{"name":"wp","href":"https:\/\/api.w.org\/{rel}","templated":true}]}}