{"id":3589,"date":"2012-06-15T17:18:00","date_gmt":"2012-06-15T15:18:00","guid":{"rendered":"https:\/\/www.hagainitiativet.se\/?post_type=inlagg&#038;p=3589"},"modified":"2022-08-12T09:12:08","modified_gmt":"2022-08-12T07:12:08","slug":"almedalen-hur-tar-vi-nasta-steg-i-klimatfragan","status":"publish","type":"inlagg","link":"https:\/\/www.hagainitiativet.se\/en\/inlagg\/almedalen-hur-tar-vi-nasta-steg-i-klimatfragan\/","title":{"rendered":"Almedalen: Hur tar vi n\u00e4sta steg i klimatfr\u00e5gan?"},"content":{"rendered":"","protected":false},"excerpt":{"rendered":"","protected":false},"featured_media":3591,"parent":0,"template":"","kategori":[17,16],"class_list":["post-3589","inlagg","type-inlagg","status-publish","has-post-thumbnail","hentry","kategori-nyheter","kategori-seminarier"],"meta_box":{"show_post_en":"0","text":"<div id=\"id_4fdb325889c1f7587641359\"><em>V\u00e4lkommen till Hagainitiativets lunchseminarium: Hur tar vi n\u00e4sta steg i klimatfr\u00e5gan? Klimatf\u00f6rhandlingar, koldioxidskatt, klimatkompensation, mor\u00f6tter och piskor, goda exempel och uth\u00e4ngda d\u00e5liga f\u00f6retag. Har detta lett till att n\u00e4ringslivet flyttat fram positionerna i klimatfr\u00e5gan? Vad g\u00f6r n\u00e4ringslivet h\u00e4rn\u00e4st - och hur p\u00e5skyndas omst\u00e4llningen?<\/em><\/div>\n<div><\/div>\n<div id=\"id_4fdb325889c1f7587641359\">Talare:\u00a0<strong>Johan Skoglund<\/strong>\u00a0vd JM\u00a0<strong>Lars Appelqvist<\/strong>\u00a0vd L\u00f6fbergs Lila\u00a0<strong>Anders Egelrud<\/strong>\u00a0vd Fortum V\u00e4rme\u00a0<strong>Luisa Delgado<\/strong>\u00a0vd Procter &amp; Gamble\u00a0<strong>Tomas K\u00e5berger<\/strong>\u00a0professor p\u00e5 Chalmers\u00a0<strong>Anders Wijkman<\/strong>\u00a0senior r\u00e5dgivare SEI och Energisystem, Link\u00f6ping Universitet\u00a0<strong>Annika Lillemets<\/strong>\u00a0riksdagsledamot (MP)\u00a0<strong>Lars Hj\u00e4lmered<\/strong>\u00a0riksdagsledamot (M) Moderator:\u00a0<strong>Nina Ekelund<\/strong>, Hagainitiativet<\/div>\n<div><strong>Tid:<\/strong>\u00a0Tisdagen den 3 juli kl 10-11.30 och d\u00e4refter lunch<\/div>\n<div><strong>Plats:<\/strong>\u00a0Teatersalongen, Teaterskeppet, inre hamnen i Visby<\/div>\n<div><\/div>\n<div><strong>Inbjudan:<\/strong>\u00a0<a href=\"https:\/\/www.hagainitiativet.se\/files\/import\/wp-content\/uploads\/2012\/06\/Inbjudan_Lunchsem_ny.pdf\" target=\"_blank\" rel=\"noopener\">L\u00e4s mer h\u00e4r<\/a><\/div>\n<div><\/div>\n<div><strong>Anm\u00e4lan:<\/strong>\u00a0Anm\u00e4l dig genom att skicka ett mejl till info@hagainitiativet.se<\/div>\n<div><\/div>\n<div><strong>Twitter:<\/strong>\u00a0#haga12<\/div>\n","qoute":"","name":"","title-company":""},"_links":{"self":[{"href":"https:\/\/www.hagainitiativet.se\/en\/wp-json\/wp\/v2\/inlagg\/3589","targetHints":{"allow":["GET"]}}],"collection":[{"href":"https:\/\/www.hagainitiativet.se\/en\/wp-json\/wp\/v2\/inlagg"}],"about":[{"href":"https:\/\/www.hagainitiativet.se\/en\/wp-json\/wp\/v2\/types\/inlagg"}],"wp:featuredmedia":[{"embeddable":true,"href":"https:\/\/www.hagainitiativet.se\/en\/wp-json\/wp\/v2\/media\/3591"}],"wp:attachment":[{"href":"https:\/\/www.hagainitiativet.se\/en\/wp-json\/wp\/v2\/media?parent=3589"}],"wp:term":[{"taxonomy":"kategori","embeddable":true,"href":"https:\/\/www.hagainitiativet.se\/en\/wp-json\/wp\/v2\/kategori?post=3589"}],"curies":[{"name":"wp","href":"https:\/\/api.w.org\/{rel}","templated":true}]}}