{"id":3592,"date":"2012-09-06T17:21:00","date_gmt":"2012-09-06T15:21:00","guid":{"rendered":"https:\/\/www.hagainitiativet.se\/?post_type=inlagg&#038;p=3592"},"modified":"2022-08-10T17:24:01","modified_gmt":"2022-08-10T15:24:01","slug":"konferens-klimatstrategidagen-2012","status":"publish","type":"inlagg","link":"https:\/\/www.hagainitiativet.se\/en\/inlagg\/konferens-klimatstrategidagen-2012\/","title":{"rendered":"Konferens: Klimatstrategidagen 2012"},"content":{"rendered":"","protected":false},"excerpt":{"rendered":"","protected":false},"featured_media":3594,"parent":0,"template":"","kategori":[16],"class_list":["post-3592","inlagg","type-inlagg","status-publish","has-post-thumbnail","hentry","kategori-seminarier"],"meta_box":{"show_post_en":"0","text":"<p><em>V\u00e4lkommen till en konferens om klimatstrategier som ger aff\u00e4rsm\u00e4ssiga f\u00f6rdelar och \u00f6kad l\u00f6nsamhet. Dagen kommer att ge dig inspiration att arbeta eller arbeta vidare med f\u00f6retagets klimatstrategier. Du f\u00e5r praktiska exempel och tips p\u00e5 hur man kan f\u00e5 aff\u00e4rsm\u00e4ssiga f\u00f6rdelar och \u00f6kad l\u00f6nsamhet.<\/em><\/p>\n<p><strong>Medverkande \u00e4r:<\/strong>\u00a0<strong>Anders Egelrud<\/strong>, vd Fortum V\u00e4rme\u00a0<strong>Johan Rockstr\u00f6m<\/strong>, vd Stockholm Resilience Centre\u00a0<strong>Mattias Klum<\/strong>, fotograf och filmare\u00a0<strong>Lars Appelqvist<\/strong>, vd L\u00f6fbergs Lila\u00a0<strong>Fredrik Wirdenius<\/strong>, vd Vasakronan\u00a0<strong>Annie L\u00f6\u00f6f<\/strong>, N\u00e4ringsminister\u00a0<strong>Lin Lerpold<\/strong>, docent vid Handelsh\u00f6gskolan i Stockholm, Sustainability Research Group\u00a0<strong>Maria Sun\u00e9r Fleming<\/strong>, ansvarig energi- och klimatfr\u00e5gor Svenskt N\u00e4ringsliv\u00a0<strong>Svante Axelsson<\/strong>, generalsekreterare och milj\u00f6ekonom p\u00e5 Naturskyddsf\u00f6reningen\u00a0<strong>Claes Johansson<\/strong>, h\u00e5llbarhetschef Lantm\u00e4nnen\u00a0<strong>Filippa Norman Bergin<\/strong>, vd Invest in Change\u00a0<strong>Morgan Wiktorsson<\/strong>, vd Svenska Statoil\u00a0<strong>Denis Mattsson<\/strong>, vd HKScan Sverige\u00a0<strong>Caroline Berg<\/strong>, HR- och kommunikationsdirekt\u00f6r och femte generationens familjef\u00f6retagare i Axel Johnsonkoncernen<\/p>\n<p>Moderator\u00a0<strong>Nina Ekelund<\/strong>, Hagainitiativet<\/p>\n<p><a href=\"https:\/\/www.hagainitiativet.se\/files\/import\/wp-content\/uploads\/2012\/05\/Program-Klimatstrategidagen-2012.pdf\">PROGRAM<\/a><a href=\"https:\/\/www.hagainitiativet.se\/files\/import\/wp-content\/uploads\/2012\/05\/Program-Klimatstrategidagen-2012.pdf\">: F\u00f6r fullst\u00e4ndigt program klicka h\u00e4r<\/a><\/p>\n<p><strong>Missade du seminariet - se delar av det h\u00e4r:<\/strong><\/p>\n<p>Johan Rockstr\u00f6m och Mattias Klum om\u00a0<em>V\u00e5r tid p\u00e5 jorden<\/em><\/p>\n<p><a href=\"http:\/\/youtu.be\/TMnTXBYPkTk\" target=\"_blank\" rel=\"noopener\">Anders Egelrud, vd Fortum V\u00e4rme h\u00e4lsar v\u00e4lkommen (start efter 2 min 30 sek)<\/a><\/p>\n<p><a href=\"http:\/\/www.youtube.com\/watch?v=KN7IqS_k3PY&amp;feature=plcp\" target=\"_blank\" rel=\"noopener\">N\u00e4ringsminister Annie L\u00f6\u00f6f del 1<\/a>\u00a0<a href=\"http:\/\/youtu.be\/b7-kOIEv90Y\" target=\"_blank\" rel=\"noopener\">N\u00e4ringsminister Annie L\u00f6\u00f6f del 2 N\u00e4ringsminister Annie L\u00f6\u00f6f\/ utfr\u00e5gas av Lars Appelqvist del 3 N\u00e4ringsminister Annie L\u00f6\u00f6f utfr\u00e5gas av Mattias Goldmann och Maria Sun\u00e9r Fleming N\u00e4ringsminister Annie L\u00f6\u00f6f utfr\u00e5gas av Svante Axelsson N\u00e4ringsminister Annie L\u00f6\u00f6f och Nina Ekelund<\/a><\/p>\n<p><a href=\"https:\/\/www.youtube.com\/watch?v=yGPxkckMYUI&amp;feature=plcp\" target=\"_blank\" rel=\"noopener\">S\u00e5 skapar vi aff\u00e4rsm\u00e4ssighet genom v\u00e5rt klimatarbete del 1<\/a><a href=\"http:\/\/youtu.be\/k-KgBYYffEY\" target=\"_blank\" rel=\"noopener\">\u00a0<\/a><a href=\"http:\/\/youtu.be\/RdBQ1jG1MPM\" target=\"_blank\" rel=\"noopener\">S\u00e5 skapar vi aff\u00e4rsm\u00e4ssighet genom v\u00e5rt klimatarbete del 2<\/a><\/p>\n<p><a href=\"http:\/\/youtu.be\/k-KgBYYffEY\" target=\"_blank\" rel=\"noopener\">Lin Lerpold om hur man integrerar h\u00e5llbarhetsfr\u00e5gor i aff\u00e4rsstrategier del 1<\/a><a href=\"http:\/\/youtu.be\/b7-kOIEv90Y\" target=\"_blank\" rel=\"noopener\">\u00a0<\/a><a href=\"http:\/\/hagainitiativet.se\/cecilia-vag-privata-intitiativ-kan-ocksa-bidra-till-minskad-klimatpaverkan-2664\" target=\"_blank\" rel=\"noopener\">Lin Lerpold om hur man integrerar h\u00e5llbarhetsfr\u00e5gor i aff\u00e4rsstrategier del 2<\/a><\/p>\n<p><a href=\"http:\/\/youtu.be\/6JZZv7fGYfM\" target=\"_blank\" rel=\"noopener\">Maria Sun\u00e9r Fleming om klimatfr\u00e5gor som drivkraft f\u00f6r l\u00f6nsamhet Svante Axelsson om varf\u00f6r klimatfr\u00e5gorna \u00e4r l\u00f6nsamma Filippa Norman Bergin om 5 steg p\u00e5 10 minuter Paneldebatt om varf\u00f6r det inte \u00e4r fler som agerar del 1 Paneldebatt om varf\u00f6r det inte \u00e4r fler som agerar del 2\u00a0<\/a><a href=\"http:\/\/youtu.be\/wvlem6LY-wQ\" target=\"_blank\" rel=\"noopener\">Olja och k\u00f6tt i klimatsmart riktning del 1\u00a0<\/a><a href=\"http:\/\/youtu.be\/JXZkBcG4oyA\" target=\"_blank\" rel=\"noopener\">Olja och k\u00f6tt i klimatsmart riktning del 2<\/a>\u00a0<a href=\"http:\/\/youtu.be\/PSMR8j4hEkM\" target=\"_blank\" rel=\"noopener\">Olja och k\u00f6tt i klimatsmart riktning del 3<\/a><\/p>\n<p><a href=\"http:\/\/youtu.be\/54PxPzUnfPo\" target=\"_blank\" rel=\"noopener\">Drivkrafter och utmaningar med Caroline Berg del 1<\/a>\u00a0<a href=\"http:\/\/youtu.be\/b-T97ZICH0s\" target=\"_blank\" rel=\"noopener\">Drivkrafter och utmaningar med Caroline Berg del 2<\/a>\u00a0<a href=\"http:\/\/youtu.be\/C0UAqWBVYa4\" target=\"_blank\" rel=\"noopener\">Drivkrafter och utmaningar med Caroline Berg del 3<\/a>\u00a0<a href=\"http:\/\/youtu.be\/MZayudUGzC0\" target=\"_blank\" rel=\"noopener\">Drivkrafter och utmaningar med Caroline Berg del 4<\/a><\/p>\n<p><strong>Datum<\/strong>: 6 september 2012\u00a0<strong>Plats<\/strong>: Moderna Museet\u2013 Auditoriet, Skeppsholmen, Stockholm.\u00a0<strong>Twitter<\/strong>: #haga12<\/p>\n","qoute":"","name":"","title-company":""},"_links":{"self":[{"href":"https:\/\/www.hagainitiativet.se\/en\/wp-json\/wp\/v2\/inlagg\/3592","targetHints":{"allow":["GET"]}}],"collection":[{"href":"https:\/\/www.hagainitiativet.se\/en\/wp-json\/wp\/v2\/inlagg"}],"about":[{"href":"https:\/\/www.hagainitiativet.se\/en\/wp-json\/wp\/v2\/types\/inlagg"}],"wp:featuredmedia":[{"embeddable":true,"href":"https:\/\/www.hagainitiativet.se\/en\/wp-json\/wp\/v2\/media\/3594"}],"wp:attachment":[{"href":"https:\/\/www.hagainitiativet.se\/en\/wp-json\/wp\/v2\/media?parent=3592"}],"wp:term":[{"taxonomy":"kategori","embeddable":true,"href":"https:\/\/www.hagainitiativet.se\/en\/wp-json\/wp\/v2\/kategori?post=3592"}],"curies":[{"name":"wp","href":"https:\/\/api.w.org\/{rel}","templated":true}]}}