{"id":3601,"date":"2013-04-17T17:32:00","date_gmt":"2013-04-17T15:32:00","guid":{"rendered":"https:\/\/www.hagainitiativet.se\/?post_type=inlagg&#038;p=3601"},"modified":"2022-08-12T09:54:36","modified_gmt":"2022-08-12T07:54:36","slug":"vara-unga-en-kvall-for-framtiden","status":"publish","type":"inlagg","link":"https:\/\/www.hagainitiativet.se\/en\/inlagg\/vara-unga-en-kvall-for-framtiden\/","title":{"rendered":"V\u00e5ra unga &#8211; en kv\u00e4ll f\u00f6r framtiden"},"content":{"rendered":"","protected":false},"excerpt":{"rendered":"","protected":false},"featured_media":3603,"parent":0,"template":"","kategori":[17,16],"class_list":["post-3601","inlagg","type-inlagg","status-publish","has-post-thumbnail","hentry","kategori-nyheter","kategori-seminarier"],"meta_box":{"show_post_en":"0","text":"<p><em>Under april reser projektet \u201dWe change\u201d genom landet f\u00f6r att inspirera Sveriges unga att bidra till en mer h\u00e5llbar v\u00e4rld. F\u00f6r att skapa r\u00e4tt f\u00f6ruts\u00e4ttningar och hj\u00e4lpa unga att skapa och tro p\u00e5 en b\u00e4ttre v\u00e4rld kr\u00e4vs ett brett st\u00f6d fr\u00e5n vuxenv\u00e4rlden.<\/em><\/p>\n<p>D\u00e4rf\u00f6r bjuder vi den 9 april in dig till en afton med fokus p\u00e5:<\/p>\n<p>Hur arbetar vi tillsammans med unga f\u00f6r att l\u00f6sa de h\u00e5llbarhetsutmaningar vi st\u00e5r inf\u00f6r?\u00a0P\u00e5 vilket s\u00e4tt kan f\u00f6retag, organisationer och politiker ge unga b\u00e4ttre f\u00f6ruts\u00e4ttningar att f\u00f6rverkliga sina id\u00e9er p\u00e5 h\u00e5llbarhetsomr\u00e5det?\u00a0Hur kan just du bidra till att unga ges m\u00f6jlighet att p\u00e5verka samh\u00e4llet i en positiv riktning?<\/p>\n<p><strong>Datum<\/strong>: 24 april (<strong>Malm\u00f6<\/strong>)\u00a0<strong>Tid<\/strong>: 19.00-21.30 (mingel med snacks och dryck serveras fr\u00e5n 20.30)\u00a0<strong>Plats<\/strong>:\u00a0Malm\u00f6 B\u00f6rshus, Skeppsbron 2<\/p>\n<p><a href=\"https:\/\/www.hagainitiativet.se\/files\/import\/wp-content\/uploads\/2013\/04\/130404-Malm%C3%B6_kv%C3%A4llsinbjudan.pdf\" target=\"_blank\" rel=\"noopener\">Se inbjudan h\u00e4r<\/a><a href=\"https:\/\/www.hagainitiativet.se\/files\/import\/wp-content\/uploads\/2013\/04\/Malm%C3%B6_kv%C3%A4llsinbjudan.pdf\" target=\"_blank\" rel=\"noopener\">\u00a0<\/a><a href=\"http:\/\/bit.ly\/unga2013malmo\" target=\"_blank\" rel=\"noopener\">Anm\u00e4lan<\/a><a href=\"http:\/\/bit.ly\/unga2013malmo\" target=\"_blank\" rel=\"noopener\">\u00a0<\/a><\/p>\n<p><strong>Medverkande:<\/strong><\/p>\n<p><strong>Katarina Pelin<\/strong>, milj\u00f6direkt\u00f6r Malm\u00f6 Stad\u00a0<strong>Lari Pitk\u00e4-Kangas<\/strong>\u00a0(MP), Kommunalr\u00e5d i Malm\u00f6 Stad\u00a0<strong>John Karlsson<\/strong>\u00a0(M), f\u00f6rtroendevald i Malm\u00f6 Stad, ledamot i Milj\u00f6n\u00e4mnden\u00a0<strong>Anders Skans<\/strong>\u00a0(V), Kommunalr\u00e5d i Malm\u00f6 Stad<\/p>\n<p><strong>Lars J Nilsson,\u00a0<\/strong>forskare p\u00e5 LTH\u00a0<strong>Peter Bodor<\/strong>, informationsdirekt\u00f6r Coca-Cola Enterprises Sverige\u00a0<strong>Eva St\u00e5l<\/strong>, Koordinator H\u00e5llbarhet IKEA\u00a0<b>Johan Rockstr\u00f6m<\/b>, professor i Milj\u00f6vetenskap och<b>\u00a0Mattias Klum<\/b>, filmare och fotograf (p\u00e5 film).\u00a0<b>Angelica Andersson<\/b>, Sveriges ungdomsr\u00e5d m.fl.<\/p>\n<p><strong>Datum<\/strong>: 22 april (<strong>G\u00f6teborg<\/strong>)\u00a0<strong>Tid<\/strong>: 18.30-21.00 (mingel med snacks och dryck serveras fr\u00e5n 20.30)\u00a0<strong>Plats<\/strong>:\u00a0V\u00e4rldskulturmuseet,\u00a0S\u00f6dra v\u00e4gen 54,\u00a0G\u00f6teborg\u00a0<strong>OSA<\/strong>: senast torsdag 18 april<\/p>\n<p><strong>Medverkande<\/strong>:\u00a0<strong>Kia Andr\u00e9asson<\/strong>\u00a0(MP) Kommunalr\u00e5d i G\u00f6teborg,\u00a0<strong>Marina Johansson<\/strong>\u00a0(S) Kommunalr\u00e5d i G\u00f6teborg,\u00a0<strong>Martin Wannholt<\/strong>\u00a0(M) Kommunalr\u00e5d i G\u00f6teborg,<\/p>\n<p><strong>David Bryngelsson<\/strong>, doktorand, Chalmers<\/p>\n<p><strong>Stein R\u00f6mmerud<\/strong>,\u00a0Coca-Cola Enterprises Sverige\u00a0<strong>Barbara Evaeus<\/strong>, Klimatkommunikat\u00f6r WWF\u00a0<strong>Eva St\u00e5l<\/strong>, Koordinator H\u00e5llbarhet IKEA\u00a0<strong>Cecilia V\u00e5g<\/strong>, milj\u00f6chef Stena Recycling<\/p>\n<p><a href=\"https:\/\/www.hagainitiativet.se\/files\/import\/wp-content\/uploads\/2013\/04\/130416-G%C3%B6teborg_kv%C3%A4llsinbjudan.pdf\" target=\"_blank\" rel=\"noopener\">Se inbjudan h\u00e4r<\/a><\/p>\n<p><strong>Datum<\/strong>: 9 april (<strong>Stockholm<\/strong>)\u00a0<strong>Tid<\/strong>: 18.30-21.00 (mingel med snacks och dryck serveras fr\u00e5n 20.30)\u00a0<strong>Plats<\/strong>: Clarion Hotel, Ringv\u00e4gen 98, Stockholm\u00a0<strong>OSA<\/strong>: senast torsdag 4 april<\/p>\n<p><b>Medverkande:\u00a0<\/b>\u00a0<b>Per Ankersj\u00f6<\/b>\u00a0(C) stadsmilj\u00f6borgarr\u00e5d,\u00a0<b>Daniel Helld\u00e9n<\/b>\u00a0(MP) oppositionsborgarr\u00e5d\u00a0<b>Peter Bodor<\/b>, informationsdirekt\u00f6r Coca-Cola Enterprises Sverige\u00a0<b>Stina Billinger<\/b>, h\u00e5llbarhetschef SPP\u00a0<strong>Catarina Midby<\/strong>. Head of Fashion &amp; Sustainability communication\u00a0<b>Kevin Noone<\/b>, Director Swedish Secretariat for Environmental Earth System Sciences (SSEESS) samt prof. i kemisk meteorologi, KTH\u00a0<b>Johan Rockstr\u00f6m<\/b>, professor i Milj\u00f6vetenskap och<b>\u00a0Mattias Klum<\/b>, filmare och fotograf (p\u00e5 film).\u00a0<b>Angelica Andersson<\/b>, Sveriges ungdomsr\u00e5d m.fl.<\/p>\n<p>Moderator:<b>Nina Ekelund<\/b>, programdirekt\u00f6r Hagainitiativet. Workshopleds av karri\u00e4rsplattformen Sustainergies tillsammans med Sveriges Ungdomsr\u00e5d<\/p>\n<p><a href=\"https:\/\/www.hagainitiativet.se\/files\/import\/wp-content\/uploads\/2013\/04\/130403-Inbjudan-Stockholm-NY.pdf\" target=\"_blank\" rel=\"noopener\">Se inbjudan h\u00e4r<\/a><\/p>\n<p>Varmt v\u00e4lkomna \u00f6nskar, Ungdomar.se och Hagainitiativet<\/p>\n","qoute":"","name":"","title-company":""},"_links":{"self":[{"href":"https:\/\/www.hagainitiativet.se\/en\/wp-json\/wp\/v2\/inlagg\/3601","targetHints":{"allow":["GET"]}}],"collection":[{"href":"https:\/\/www.hagainitiativet.se\/en\/wp-json\/wp\/v2\/inlagg"}],"about":[{"href":"https:\/\/www.hagainitiativet.se\/en\/wp-json\/wp\/v2\/types\/inlagg"}],"wp:featuredmedia":[{"embeddable":true,"href":"https:\/\/www.hagainitiativet.se\/en\/wp-json\/wp\/v2\/media\/3603"}],"wp:attachment":[{"href":"https:\/\/www.hagainitiativet.se\/en\/wp-json\/wp\/v2\/media?parent=3601"}],"wp:term":[{"taxonomy":"kategori","embeddable":true,"href":"https:\/\/www.hagainitiativet.se\/en\/wp-json\/wp\/v2\/kategori?post=3601"}],"curies":[{"name":"wp","href":"https:\/\/api.w.org\/{rel}","templated":true}]}}