{"id":3622,"date":"2013-10-23T17:40:00","date_gmt":"2013-10-23T15:40:00","guid":{"rendered":"https:\/\/www.hagainitiativet.se\/?post_type=inlagg&#038;p=3622"},"modified":"2022-08-12T10:00:44","modified_gmt":"2022-08-12T08:00:44","slug":"klimatstrategidagen-2013","status":"publish","type":"inlagg","link":"https:\/\/www.hagainitiativet.se\/en\/inlagg\/klimatstrategidagen-2013\/","title":{"rendered":"Klimatstrategidagen 2013"},"content":{"rendered":"","protected":false},"excerpt":{"rendered":"","protected":false},"featured_media":3624,"parent":0,"template":"","kategori":[17,16],"class_list":["post-3622","inlagg","type-inlagg","status-publish","has-post-thumbnail","hentry","kategori-nyheter","kategori-seminarier"],"meta_box":{"show_post_en":"0","text":"<p><em>V\u00e4lkommen till en konferens som handlar om vad det inneb\u00e4r att vara ett framg\u00e5ngsrikt f\u00f6retag i en v\u00e4rld pr\u00e4glad av klimatf\u00f6r\u00e4ndringar, internationell konkurrens och otillr\u00e4ckliga naturresurser.<\/em><\/p>\n<p>Vi s\u00e4tter str\u00e5lkastarna p\u00e5 vilka drivkrafter som \u00e4r viktiga f\u00f6r ett gr\u00f6nare n\u00e4ringsliv och vilka valm\u00f6jligheter som f\u00f6retagen st\u00e5r inf\u00f6r. Dagen bjuder \u00e4ven p\u00e5 praktiska exempel och tips p\u00e5 hur du uppn\u00e5r aff\u00e4rsm\u00e4ssiga f\u00f6rdelar genom att v\u00e4va in klimatfr\u00e5gan p\u00e5 en strategisk niv\u00e5 i f\u00f6retaget.<\/p>\n<p><em>Datum:<\/em>\u00a06 november\u00a0<em>Tid:<\/em>\u00a013.00-17.30\u00a0<em>Plats:<\/em>\u00a0Moderna Museet<\/p>\n<p>Se inbjudan och program\u00a0<a href=\"https:\/\/www.hagainitiativet.se\/files\/import\/wp-content\/uploads\/2013\/10\/131023-Inbjudan-Klimatstrategidag-2013-h%C3%B6guppl..pdf\" target=\"_blank\" rel=\"noopener\">h\u00e4r<\/a><\/p>\n<p><em>Se presentationer h\u00e4r:<b>\u00a0<\/b><\/em>Johan Kuylenstierna, chef Stockholm Environment Institute, N\u00e4ringslivets valm\u00f6jligheter\u00a0<a href=\"https:\/\/www.hagainitiativet.se\/files\/import\/wp-content\/uploads\/2013\/10\/N%C3%A4ringslivets-m%C3%B6jligheter-Johan-Kuylenstierna.pdf\" target=\"_blank\" rel=\"noopener\">PPT\u00a0<\/a>Carl Orrling, global forskningschef SSAB, Resursbrist som drivkraft\u00a0<a href=\"https:\/\/www.hagainitiativet.se\/files\/import\/wp-content\/uploads\/2013\/10\/Resursbrist-som-drivkraft-SSAB-presentation-Carl-Orrling.pdf\" target=\"_blank\" rel=\"noopener\">PPT<\/a>\u00a0Urban Karlstr\u00f6m, ordf\u00f6rande f\u00f6rsta AP-fonden och generaldirekt\u00f6r f\u00f6r Fortifikationsverket,\u00a0Klimatutmaningen - vi kan v\u00e4nda utvecklingen\u00a0<a href=\"https:\/\/www.hagainitiativet.se\/files\/import\/wp-content\/uploads\/2013\/10\/Klimatutmaningen-vi-kan-v%C3%A4nda-utvecklingen-Urban-Karlstr%C3%B6m.pdf\" target=\"_blank\" rel=\"noopener\">PPT<\/a><\/p>\n","qoute":"","name":"","title-company":""},"_links":{"self":[{"href":"https:\/\/www.hagainitiativet.se\/en\/wp-json\/wp\/v2\/inlagg\/3622","targetHints":{"allow":["GET"]}}],"collection":[{"href":"https:\/\/www.hagainitiativet.se\/en\/wp-json\/wp\/v2\/inlagg"}],"about":[{"href":"https:\/\/www.hagainitiativet.se\/en\/wp-json\/wp\/v2\/types\/inlagg"}],"wp:featuredmedia":[{"embeddable":true,"href":"https:\/\/www.hagainitiativet.se\/en\/wp-json\/wp\/v2\/media\/3624"}],"wp:attachment":[{"href":"https:\/\/www.hagainitiativet.se\/en\/wp-json\/wp\/v2\/media?parent=3622"}],"wp:term":[{"taxonomy":"kategori","embeddable":true,"href":"https:\/\/www.hagainitiativet.se\/en\/wp-json\/wp\/v2\/kategori?post=3622"}],"curies":[{"name":"wp","href":"https:\/\/api.w.org\/{rel}","templated":true}]}}