{"id":3637,"date":"2014-06-02T07:41:00","date_gmt":"2014-06-02T05:41:00","guid":{"rendered":"https:\/\/www.hagainitiativet.se\/?post_type=inlagg&#038;p=3637"},"modified":"2022-08-12T10:28:47","modified_gmt":"2022-08-12T08:28:47","slug":"vd-med-fika","status":"publish","type":"inlagg","link":"https:\/\/www.hagainitiativet.se\/en\/inlagg\/vd-med-fika\/","title":{"rendered":"VD med fika"},"content":{"rendered":"","protected":false},"excerpt":{"rendered":"","protected":false},"featured_media":3639,"parent":0,"template":"","kategori":[17,16],"class_list":["post-3637","inlagg","type-inlagg","status-publish","has-post-thumbnail","hentry","kategori-nyheter","kategori-seminarier"],"meta_box":{"show_post_en":"0","text":"<p>Menar VD:arna allvar med sitt klimat- och h\u00e5llbarhetsengagemang? Vad driver dem till att agera? Vems \u00e4r ansvaret f\u00f6r klimatet egentligen?<\/p>\n<p><strong>Tid<\/strong>: 2 juli kl. 10.00- 11.00\u00a0<strong>Plats<\/strong>: L\u00f6fbergs kaffevagn Hamnplats 209\u00a0<strong>Medverkande:<\/strong><\/p>\n<p><em>VD:ar\u00a0<\/em>Lars Appelqvist, VD, L\u00f6fbergs Anders Egelrud, VD Stockholm Exergi Carl von Schantz, VD, Lantm\u00e4nnen Energi P-O Wedin, VD, Sveaskog Jan Kilstr\u00f6m, VD Green Cargo Fredrik Wirdenius, VD, Vasakronan Pierre Decroix, VD, Coca-Cola Enterprises Sverige Jens Henriksson, VD, Folksam<\/p>\n<p><em>Politiker\u00a0<\/em>Sofia Arkelsten (M) Carin J\u00e4mtin (S) Jens Holm (V) Per Bolund (MP) m.fl.<\/p>\n<p><em>Moderator\u00a0<\/em>Nina Ekelund, programdirekt\u00f6r, Hagainitiativet<\/p>\n<p><strong><a href=\"https:\/\/www.hagainitiativet.se\/files\/import\/wp-content\/uploads\/2014\/06\/Inbjudan-Almedalen-VD-med-fika1.pdf\" target=\"_blank\" rel=\"noopener\">Se inbjudan h\u00e4r<\/a><\/strong><\/p>\n<p><strong>F\u00f6r fler seminarier i Almedalen se h\u00e4r:<\/strong><\/p>\n<p><strong><a href=\"https:\/\/www.hagainitiativet.se\/files\/import\/wp-content\/uploads\/2014\/06\/Inbjudan-Almedalen-1-juli1.pdf\">N\u00e4ringslivet vill se mer action!<\/a><\/strong><\/p>\n<p><strong><a href=\"https:\/\/www.hagainitiativet.se\/files\/import\/wp-content\/uploads\/2014\/06\/Inbjudan-Almedalen-30-juni4.pdf\" target=\"_blank\" rel=\"noopener\">Sverige 2018 - konkurrens och innovation!<\/a><\/strong><\/p>\n","qoute":"","name":"","title-company":""},"_links":{"self":[{"href":"https:\/\/www.hagainitiativet.se\/en\/wp-json\/wp\/v2\/inlagg\/3637","targetHints":{"allow":["GET"]}}],"collection":[{"href":"https:\/\/www.hagainitiativet.se\/en\/wp-json\/wp\/v2\/inlagg"}],"about":[{"href":"https:\/\/www.hagainitiativet.se\/en\/wp-json\/wp\/v2\/types\/inlagg"}],"wp:featuredmedia":[{"embeddable":true,"href":"https:\/\/www.hagainitiativet.se\/en\/wp-json\/wp\/v2\/media\/3639"}],"wp:attachment":[{"href":"https:\/\/www.hagainitiativet.se\/en\/wp-json\/wp\/v2\/media?parent=3637"}],"wp:term":[{"taxonomy":"kategori","embeddable":true,"href":"https:\/\/www.hagainitiativet.se\/en\/wp-json\/wp\/v2\/kategori?post=3637"}],"curies":[{"name":"wp","href":"https:\/\/api.w.org\/{rel}","templated":true}]}}