{"id":3643,"date":"2014-06-05T07:43:00","date_gmt":"2014-06-05T05:43:00","guid":{"rendered":"https:\/\/www.hagainitiativet.se\/?post_type=inlagg&#038;p=3643"},"modified":"2022-08-12T10:29:19","modified_gmt":"2022-08-12T08:29:19","slug":"almedalen-sverige-2018-konkurrens-och-innovation","status":"publish","type":"inlagg","link":"https:\/\/www.hagainitiativet.se\/en\/inlagg\/almedalen-sverige-2018-konkurrens-och-innovation\/","title":{"rendered":"Almedalen: Sverige 2018 &#8211; konkurrens och innovation"},"content":{"rendered":"","protected":false},"excerpt":{"rendered":"","protected":false},"featured_media":3645,"parent":0,"template":"","kategori":[17,16],"class_list":["post-3643","inlagg","type-inlagg","status-publish","has-post-thumbnail","hentry","kategori-nyheter","kategori-seminarier"],"meta_box":{"show_post_en":"0","text":"<p>B\u00f6r Sverige ta ledningen i den h\u00e5llbara omst\u00e4llningen? \u00c4r vi tillr\u00e4ckligt duktiga p\u00e5 innovationer? Halkar Sverige efter i milj\u00f6fr\u00e5gor? Drabbar detta\u00a0v\u00e5r konkurrenskraft och\u00a0v\u00e5r v\u00e4lf\u00e4rd? G\u00e5r n\u00e4ringslivet f\u00f6re politiken? Vilka stora beslut beh\u00f6vs de fyra kommande \u00e5ren f\u00f6r att Sverige ska ligga i framkant i det gr\u00f6na racet? Hur ser Sverige ut 2018?<\/p>\n<p><strong>Tid:<\/strong>\u00a0M\u00e5ndag\u00a030\u00a0juni\u00a0kl. 09.00\u00a0- 15.00\u00a0<strong>Plats:<\/strong>\u00a0L\u00e4nsstyrelsens tr\u00e4dg\u00e5rd, Korsgatan 4\u00a0<strong>Arrang\u00f6r:<\/strong>\u00a0Stockholm Environment Institute, Stockholm Resilience Centre, Energimyndigheten och Hagainitiativet i samarbete med l\u00e4nsstyrelsen p\u00e5 Gotland\u00a0<strong>Medverkande:<\/strong><\/p>\n<p><em>Inledning<\/em>\u00a0Lena Ek, milj\u00f6minister Cicci Schelin Seideg\u00e5rd, landsh\u00f6vding, Gotland Johan Rockstr\u00f6m, chef, Stockholm Resilience Centre Johan Kuylenstierna, VD, Stockholm Environment Institute Erik Brandsma, Generaldirekt\u00f6r, Energimyndigheten Karl-Petter Thorwaldsson, ordf\u00f6rande, LO Gunhild Stordalen, Dr. Stordalen Foundation\u00a0<em>Moderator: Nina Ekelund, programdirekt\u00f6r, Hagainitiativet<\/em><\/p>\n<p><em>Hur ser trenderna i v\u00e4rlden ut?\u00a0<\/em>Johan Kuylenstierna, VD, Stockholm Environment Institute Erik Brandsma, Generaldirekt\u00f6r, Energimyndigheten Thomas Elmqvist, professor, Stockholm Resilience Centre Kim Jakobsson, VD, ungdomar.se Thomas S\u00f6derberg, biskop V\u00e4ster\u00e5s stift Jens Henriksson, VD, Folksam\u00a0<em>Moderator:\u00a0Cicci Schelin Seideg\u00e5rd, landsh\u00f6vding, Gotland<\/em><\/p>\n<p><em>Energisystemet \u00e4r Sveriges ryggrad - kommer vi att klara den h\u00e5llbara omst\u00e4llningen?\u00a0<\/em>Anita Aspegren, Energimyndigheten Per Langer, VD, Fortum Johan Ehrenberg, \u00e4gare och styrelseordf\u00f6rande, ETC f\u00f6retagen Gustav Eben\u00e5, Energimyndigheten Maria Sun\u00e9r Fleming, Svenskt N\u00e4ringsliv Annika Jakobsson, Sverigechef, Greenpeace Tobias Persson, Energimyndigheten\u00a0<em>Moderator: Erik Brandsma, generaldirekt\u00f6r Energimyndigheten och Nina Ekelund, programdirekt\u00f6r, Hagainitiativet<\/em><\/p>\n<p><em>H\u00e4lsa, mat och h\u00e5llbarhet\u00a0<\/em>Gunhild Stordalen, Dr. Stordalen Foundation Isabella L\u00f6vin, EU-parlamentariker (MP) G\u00f6ran Holm, ordf\u00f6rande Livsmedelsf\u00f6retagen samt VD HKScan Sweden Bengt-Olof Gunnarsson, ordf\u00f6rande, Lantm\u00e4nnen Helena Jonsson, ordf\u00f6rande, Lantbrukarnas riksf\u00f6rbund Jakob Granit, centerchef, Stockholm Environment Institute\u00a0<em>Moderator: Victoria Bignet, Stockholm Resilience Centre<\/em><\/p>\n<p>Mer eller mindre v\u00e4lf\u00e4rd i omst\u00e4llningen? Elisabeth Thand Ringqvist, VD, F\u00f6retagarna Jan Kilstr\u00f6m, VD, Green Cargo Martin \u00c5dahl, chefsekonom, Centerpartiet Sara \u00d6hrvall, senior advisor Karl Hallding, forskare, Stockholm Environment Institute Gunilla Nordl\u00f6f, generaldirekt\u00f6r, Tillv\u00e4xtverket Stefan Henningsson, senior advisor Climate Innovation, WWF International<\/p>\n<p><em>Moderator: Johan Kuylenstierna, Stockholm Environment Institute<\/em><\/p>\n<p><em>Avslutning\u00a0<\/em>Lena Ek, milj\u00f6minister Cicci Schelin Seideg\u00e5rd, landsh\u00f6vding, Gotland Johan Rockstr\u00f6m, chef, Stockholm Resilience Centre Johan Kuylenstierna, VD, Stockholm Environment Institute Erik Brandsma, Generaldirekt\u00f6r, Energimyndigheten Gunhild Stordalen, Dr. Stordalen Foundation Lars Appelqvist, VD, L\u00f6fbergs Mattias Klum, fotograf\u00a0och filmare, Tierra Grande<\/p>\n<p><em>Moderator: Nina Ekelund, programdirekt\u00f6r, Hagainitiativet<\/em><\/p>\n<p><strong><a href=\"https:\/\/www.hagainitiativet.se\/files\/import\/wp-content\/uploads\/2014\/06\/Inbjudan-Almedalen-30-juni4.pdf\" target=\"_blank\" rel=\"noopener\">Se inbjudan h\u00e4r<\/a><\/strong><\/p>\n<p><strong>F\u00f6r fler seminarier i Almedalen se h\u00e4r:<\/strong><\/p>\n<p><strong><a href=\"https:\/\/www.hagainitiativet.se\/files\/import\/wp-content\/uploads\/2014\/06\/Inbjudan-Almedalen-1-juli1.pdf\" target=\"_blank\" rel=\"noopener\">N\u00e4ringslivet vill se mer action!<\/a><\/strong><\/p>\n<p><strong><a href=\"https:\/\/www.hagainitiativet.se\/files\/import\/wp-content\/uploads\/2014\/06\/Inbjudan-Almedalen-VD-med-fika1.pdf\" target=\"_blank\" rel=\"noopener\">VD med fika<\/a><\/strong><\/p>\n","qoute":"","name":"","title-company":""},"_links":{"self":[{"href":"https:\/\/www.hagainitiativet.se\/en\/wp-json\/wp\/v2\/inlagg\/3643","targetHints":{"allow":["GET"]}}],"collection":[{"href":"https:\/\/www.hagainitiativet.se\/en\/wp-json\/wp\/v2\/inlagg"}],"about":[{"href":"https:\/\/www.hagainitiativet.se\/en\/wp-json\/wp\/v2\/types\/inlagg"}],"wp:featuredmedia":[{"embeddable":true,"href":"https:\/\/www.hagainitiativet.se\/en\/wp-json\/wp\/v2\/media\/3645"}],"wp:attachment":[{"href":"https:\/\/www.hagainitiativet.se\/en\/wp-json\/wp\/v2\/media?parent=3643"}],"wp:term":[{"taxonomy":"kategori","embeddable":true,"href":"https:\/\/www.hagainitiativet.se\/en\/wp-json\/wp\/v2\/kategori?post=3643"}],"curies":[{"name":"wp","href":"https:\/\/api.w.org\/{rel}","templated":true}]}}