{"id":3646,"date":"2014-09-01T07:44:00","date_gmt":"2014-09-01T05:44:00","guid":{"rendered":"https:\/\/www.hagainitiativet.se\/?post_type=inlagg&#038;p=3646"},"modified":"2022-08-12T10:31:54","modified_gmt":"2022-08-12T08:31:54","slug":"frukostmote-i-goteborg-19-september-ar-foretagens-klimatarbete-lonsamt","status":"publish","type":"inlagg","link":"https:\/\/www.hagainitiativet.se\/en\/inlagg\/frukostmote-i-goteborg-19-september-ar-foretagens-klimatarbete-lonsamt\/","title":{"rendered":"Frukostm\u00f6te i G\u00f6teborg 19 september: \u00c4r f\u00f6retagens klimatarbete l\u00f6nsamt?"},"content":{"rendered":"","protected":false},"excerpt":{"rendered":"","protected":false},"featured_media":3648,"parent":0,"template":"","kategori":[17,16],"class_list":["post-3646","inlagg","type-inlagg","status-publish","has-post-thumbnail","hentry","kategori-nyheter","kategori-seminarier"],"meta_box":{"show_post_en":"0","text":"<p><strong>Universeum och Hagainitiativet bj\u00f6d in till frukostm\u00f6te i G\u00f6teborg den 19 september\u00a0<\/strong>Fokus p\u00e5 frukostm\u00f6tet l\u00e5g p\u00e5 klimat\u00e5tg\u00e4rder som leder till \u00f6kad l\u00f6nsamhet. N\u00e5gra fr\u00e5gor som lyftes fram var: Vad driver f\u00f6retagen att g\u00e5 l\u00e4ngre \u00e4n politikens krav? Vilka l\u00f6nsamma exempel finns? Vad s\u00e4ger forskningen och finanssektorn om kopplingen mellan f\u00f6retagens klimatarbete och l\u00f6nsamhet? Hur g\u00e5r vi vidare fr\u00e5n \u201dbevis\u201d till \u201daction\u201d?<\/p>\n<p><strong>Medverkade gjorde:<\/strong>\u00a0Stefan Nystr\u00f6m, huvudsekreterare, F\u00e4rdplan 2050-utredningen Ramiro Fuentes, h\u00e5llbarhetsansvarig, Universeum Ulf Wikstr\u00f6m, h\u00e5llbarhetschef, Stockholm Exergi Olof Johansson, milj\u00f6chef, Sveaskog Martin X Johansson, koordinator f\u00f6r h\u00e5llbarhetsfr\u00e5gor, Lantm\u00e4nnen Anna Denell, h\u00e5llbarhetschef, Vasakronan Henrik Nerell, milj\u00f6chef, McDonald's Sverige R\u00f6nnaug Vinje, h\u00e5llbarhetschef, Coca-Cola Enterprises Sverige Henrik Grenert, milj\u00f6chef, Statoil Fuel &amp; Retail Eva Eriksson, h\u00e5llbarhetschef, L\u00f6fberg Vera S\u00f6derberg, h\u00e5llbarhetschef, HKScan Sweden \u00c5sa Domeij, chef f\u00f6r milj\u00f6 och socialt ansvar, Axfood Johan Sandstr\u00f6m, milj\u00f6chef, Green Cargo Cecilia V\u00e5g, h\u00e5llbarhetschef, Stena Recycling Matilda Olsson, projektkoordinator, Hagainitiativet<\/p>\n<p><strong>Moderator:\u00a0<\/strong>Nina Ekelund, programdirekt\u00f6r, Hagainitiativet<\/p>\n<p><strong>Datum och tid:\u00a0<\/strong>Fredagen den 19 september kl. 08.00 - 09.30. Frukostmacka och kaffe\/te serveras fr\u00e5n kl. 07.30\u00a0<strong>Plats:<\/strong>\u00a0Universeum, S\u00f6dra v\u00e4gen 50, G\u00f6teborg.\u00a0<strong>Anm\u00e4lan:<\/strong>\u00a0Sker senast den 17 september<\/p>\n<p>Universeum och Hagainitiativet<\/p>\n<p><a href=\"https:\/\/www.hagainitiativet.se\/files\/import\/wp-content\/uploads\/2014\/06\/L%C3%B6nsamhetsrapport-hemsida-NY-version.pdf\">Ladda ner l\u00f6nsamhetsrapport &gt;&gt;<\/a><\/p>\n","qoute":"","name":"","title-company":""},"_links":{"self":[{"href":"https:\/\/www.hagainitiativet.se\/en\/wp-json\/wp\/v2\/inlagg\/3646","targetHints":{"allow":["GET"]}}],"collection":[{"href":"https:\/\/www.hagainitiativet.se\/en\/wp-json\/wp\/v2\/inlagg"}],"about":[{"href":"https:\/\/www.hagainitiativet.se\/en\/wp-json\/wp\/v2\/types\/inlagg"}],"wp:featuredmedia":[{"embeddable":true,"href":"https:\/\/www.hagainitiativet.se\/en\/wp-json\/wp\/v2\/media\/3648"}],"wp:attachment":[{"href":"https:\/\/www.hagainitiativet.se\/en\/wp-json\/wp\/v2\/media?parent=3646"}],"wp:term":[{"taxonomy":"kategori","embeddable":true,"href":"https:\/\/www.hagainitiativet.se\/en\/wp-json\/wp\/v2\/kategori?post=3646"}],"curies":[{"name":"wp","href":"https:\/\/api.w.org\/{rel}","templated":true}]}}