{"id":3667,"date":"2015-10-28T07:50:00","date_gmt":"2015-10-28T06:50:00","guid":{"rendered":"https:\/\/www.hagainitiativet.se\/?post_type=inlagg&#038;p=3667"},"modified":"2022-08-12T12:14:13","modified_gmt":"2022-08-12T10:14:13","slug":"videoinspelning-fran-naringslivshearing-sveriges-klimatansvar-och-naringslivets-klimatnytta","status":"publish","type":"inlagg","link":"https:\/\/www.hagainitiativet.se\/en\/inlagg\/videoinspelning-fran-naringslivshearing-sveriges-klimatansvar-och-naringslivets-klimatnytta\/","title":{"rendered":"Videoinspelning fr\u00e5n n\u00e4ringslivshearing: Sveriges klimatansvar och n\u00e4ringslivets klimatnytta"},"content":{"rendered":"","protected":false},"excerpt":{"rendered":"","protected":false},"featured_media":3669,"parent":0,"template":"","kategori":[17,16],"class_list":["post-3667","inlagg","type-inlagg","status-publish","has-post-thumbnail","hentry","kategori-nyheter","kategori-seminarier"],"meta_box":{"show_post_en":"0","text":"<p>Fredagen 23 oktober arrangerade Milj\u00f6m\u00e5lsberedningen, Svenskt N\u00e4ringsliv och Hagainitiativet ett gemensamt seminarium i riksdagen d\u00e4r fr\u00e5gor som \"var ligger de stora klimatutmaningarna?\" \"Hur g\u00e5r Sverige f\u00f6re?\" \"Hur kan transportsektorn bli fossilfri?\" Hur skapas r\u00e4tt f\u00f6ruts\u00e4ttningar f\u00f6r n\u00e4ringslivet att minska sin klimatp\u00e5verkan och \u00f6ka klimatnyttan?\" diskuterades. Maria Sun\u00e9r Fleming, Svenskt N\u00e4ringsliv och Nina Ekelund, Hagainitiativet modererade samtalen.<\/p>\n<p>&nbsp;<\/p>\n<p><strong>Missade du seminariet? Ingen fara. Seminariet webbs\u00e4ndes och inspelningen kan du se h\u00e4r i efterhand. Klicka nedan p\u00e5 del 1 - 4.<\/strong><\/p>\n<p>&nbsp;<\/p>\n<p><a href=\"https:\/\/www.youtube.com\/watch?v=DZq5fBnR-qA&amp;feature=youtu.be\"><strong>Del 1<\/strong><\/a><\/p>\n<ul>\n<li>V\u00e4lkommen: Stefan Nystr\u00f6m, huvudsekreterare Milj\u00f6m\u00e5lsberedningen<\/li>\n<li>Vad \u00e4r det svenska n\u00e4ringslivet, och var ligger de stora klimatutmaningarna? Maria Sun\u00e9r Fleming, ansvarig energi och klimat, Svenskt N\u00e4ringsliv<\/li>\n<li>Inledning: Johan Rockstr\u00f6m, professor i milj\u00f6vetenskap samt chef Stockholm Resilience Center och Johan S\u00f6derstr\u00f6m, vd, ABB Sverige<\/li>\n<\/ul>\n<p>&nbsp;<\/p>\n<p><strong><a href=\"https:\/\/www.youtube.com\/watch?v=naacymBRnTA\">Del 2<\/a><\/strong><\/p>\n<ul>\n<li>Hur g\u00e5r Sverige f\u00f6re? Medverkande: Anders Egelrud, vd Stockholm Exergi, G\u00f6ran Holm, vd, HKScan och ordf\u00f6rande i Livsmedelsf\u00f6retagen, Tina Karlberg, City Account Manager, Siemens, Maria L\u00e5ngberg, h\u00e5llbarhetsdirekt\u00f6r SSAB samt vd Merox<\/li>\n<\/ul>\n<p>&nbsp;<\/p>\n<p><strong><a href=\"https:\/\/www.youtube.com\/watch?v=RE4FJnG99t4\">Del 3<\/a><\/strong><\/p>\n<ul>\n<li>Klimatet och transporterna Medverkande: Per Bondemark, ink\u00f6psdirekt\u00f6r SSAB och ordf\u00f6rande N\u00e4ringslivets transportr\u00e5d, Mattias Goldmann, vd Fores med 2030-sekretariatet, Ulf Perbo, vice vd Bil Sweden, Ulf Svahn, vd SPBI<\/li>\n<\/ul>\n<p>&nbsp;<\/p>\n<p><a href=\"https:\/\/www.youtube.com\/watch?v=xJ8yBa_nzvQ\">Del 4<\/a><\/p>\n<ul>\n<li>Hur skapas r\u00e4tt f\u00f6ruts\u00e4ttningar f\u00f6r n\u00e4ringslivet att minska sin klimatp\u00e5verkan och \u00f6ka klimatnyttan? Medverkande: Lars Anderson, Nordendirekt\u00f6r, Nouryon, Susanne Lindqvist, energi- och klimatsamordnare, Sandvik Materials Technology, Gunilla Saltin, vd, S\u00f6dra Cell, Carl von Schantz, divisionschef, Lantm\u00e4nnen, Ebba \u00c5kerlund, milj\u00f6chef, Kubal<\/li>\n<li>Politikernas reaktion p\u00e5 det som diskuterats under dagen Medverkande: Jens Holm, riksdagsledamot (V), Johan Hultberg, riksdagsledamot (M)<\/li>\n<\/ul>\n","qoute":"","name":"","title-company":""},"_links":{"self":[{"href":"https:\/\/www.hagainitiativet.se\/en\/wp-json\/wp\/v2\/inlagg\/3667","targetHints":{"allow":["GET"]}}],"collection":[{"href":"https:\/\/www.hagainitiativet.se\/en\/wp-json\/wp\/v2\/inlagg"}],"about":[{"href":"https:\/\/www.hagainitiativet.se\/en\/wp-json\/wp\/v2\/types\/inlagg"}],"wp:featuredmedia":[{"embeddable":true,"href":"https:\/\/www.hagainitiativet.se\/en\/wp-json\/wp\/v2\/media\/3669"}],"wp:attachment":[{"href":"https:\/\/www.hagainitiativet.se\/en\/wp-json\/wp\/v2\/media?parent=3667"}],"wp:term":[{"taxonomy":"kategori","embeddable":true,"href":"https:\/\/www.hagainitiativet.se\/en\/wp-json\/wp\/v2\/kategori?post=3667"}],"curies":[{"name":"wp","href":"https:\/\/api.w.org\/{rel}","templated":true}]}}