{"id":3676,"date":"2016-05-23T07:52:00","date_gmt":"2016-05-23T05:52:00","guid":{"rendered":"https:\/\/www.hagainitiativet.se\/?post_type=inlagg&#038;p=3676"},"modified":"2022-08-11T07:53:31","modified_gmt":"2022-08-11T05:53:31","slug":"almedalen-vd-med-fika-politiker-fragar-ut-vdar-om-klimat-och-miljo","status":"publish","type":"inlagg","link":"https:\/\/www.hagainitiativet.se\/en\/inlagg\/almedalen-vd-med-fika-politiker-fragar-ut-vdar-om-klimat-och-miljo\/","title":{"rendered":"Almedalen: Vd med fika &#8211; politiker fr\u00e5gar ut vd:ar om klimat och milj\u00f6"},"content":{"rendered":"","protected":false},"excerpt":{"rendered":"","protected":false},"featured_media":3678,"parent":0,"template":"","kategori":[16],"class_list":["post-3676","inlagg","type-inlagg","status-publish","has-post-thumbnail","hentry","kategori-seminarier"],"meta_box":{"show_post_en":"0","text":"<p>K\u00e4nda politiker fr\u00e5gar vd:arna i Hagainitiativet sina vassaste fr\u00e5gor om klimat och milj\u00f6. Menar verkligen vd:arna allvar med sitt klimat- och h\u00e5llbarhetsengagemang? Vad driver dem till att agera? Vems \u00e4r ansvaret f\u00f6r klimatet egentligen? \u00c4r det verkligen l\u00f6nsamt med klimatarbete? H\u00e4r grillas vd:arna. L\u00e4s mer\u00a0<a href=\"http:\/\/www.almedalsveckan.info\/event\/user-view\/38429?redir=%2fevent%2fmine%23eidx_3\">h\u00e4r.<\/a><\/p>\n<p><strong>Tid och plats:\u00a0<\/strong>Onsdag 6 juli 11.45-12.45, Dagens Nyheters t\u00e4lt tillsammans med L\u00f6fbergs, Strandv\u00e4gen 4\u00a0<strong>Arrang\u00f6r:<\/strong>\u00a0Hagainitiativet och L\u00f6fbergs<\/p>\n<p><strong>Medverkande\u00a0<\/strong>Politiker: Stina Bergstr\u00f6m, riksdagsledamot (MP) Matilda Ernkrans, ordf. milj\u00f6- och jordbruksutskottet (S) Johan Hultberg, riksdagsledamot (M) Rickard Nordin, riksdagsledamot (C) Karolina Skog, milj\u00f6minister (MP) Caroline Szyber, ordf. civilutskottet (KD) Lars Thunberg, kommunalr\u00e5d Helsingborg (KD) Lars Tysklind, riksdagsledamot (L) Kristina Yngwe, vice ordf. milj\u00f6- och jordbruksutskottet (C) Maria Weimer, riksdagsledamot (L)<\/p>\n<p>Vd:ar och f\u00f6retagsrepresentanter Lars Andersson, nordenchef, AkzoNobel Lena Bruce, aff\u00e4rsutvecklare, Sveaskog Pierre Decroix, vd, Coca-Cola Enterprises Sverige Anders Egelrud, vd, Stockholm Exergi Jens Henriksson, vd, Folksam Petter Holland, vd, Preem G\u00f6ran Holm, vd, HKScan Sweden Kathrine L\u00f6fberg, styrelseordf\u00f6rande, L\u00f6fbergs Staffan Persson, vd, Stena Recycling Carl von Schantz, divisionschef, Lantm\u00e4nnen Anders Str\u00e5lman, vd och koncernchef, Axfood Ulf Troedsson, vd, Siemens<\/p>\n<p>&nbsp;<\/p>\n<p><strong>#haga16<\/strong><\/p>\n<p>Varmt v\u00e4lkommen!<\/p>\n","qoute":"","name":"","title-company":""},"_links":{"self":[{"href":"https:\/\/www.hagainitiativet.se\/en\/wp-json\/wp\/v2\/inlagg\/3676","targetHints":{"allow":["GET"]}}],"collection":[{"href":"https:\/\/www.hagainitiativet.se\/en\/wp-json\/wp\/v2\/inlagg"}],"about":[{"href":"https:\/\/www.hagainitiativet.se\/en\/wp-json\/wp\/v2\/types\/inlagg"}],"wp:featuredmedia":[{"embeddable":true,"href":"https:\/\/www.hagainitiativet.se\/en\/wp-json\/wp\/v2\/media\/3678"}],"wp:attachment":[{"href":"https:\/\/www.hagainitiativet.se\/en\/wp-json\/wp\/v2\/media?parent=3676"}],"wp:term":[{"taxonomy":"kategori","embeddable":true,"href":"https:\/\/www.hagainitiativet.se\/en\/wp-json\/wp\/v2\/kategori?post=3676"}],"curies":[{"name":"wp","href":"https:\/\/api.w.org\/{rel}","templated":true}]}}