{"id":3682,"date":"2016-05-26T07:54:00","date_gmt":"2016-05-26T05:54:00","guid":{"rendered":"https:\/\/www.hagainitiativet.se\/?post_type=inlagg&#038;p=3682"},"modified":"2022-08-12T12:33:14","modified_gmt":"2022-08-12T10:33:14","slug":"almedalen-agenda-2030-en-katalysator-eller-bromskloss-for-valfarden","status":"publish","type":"inlagg","link":"https:\/\/www.hagainitiativet.se\/en\/inlagg\/almedalen-agenda-2030-en-katalysator-eller-bromskloss-for-valfarden\/","title":{"rendered":"Almedalen: Agenda 2030 \u2013 en katalysator eller bromskloss f\u00f6r v\u00e4lf\u00e4rden?"},"content":{"rendered":"","protected":false},"excerpt":{"rendered":"","protected":false},"featured_media":3684,"parent":0,"template":"","kategori":[17,16],"class_list":["post-3682","inlagg","type-inlagg","status-publish","has-post-thumbnail","hentry","kategori-nyheter","kategori-seminarier"],"meta_box":{"show_post_en":"0","text":"<p>Under 2015 beslutade alla v\u00e4rldens l\u00e4nder om 17 nya h\u00e5llbarhetsm\u00e5l (Agenda 2030) och ett globalt klimatavtal. Detta kommer att p\u00e5verka v\u00e4rlden och inte minst Sverige. Fr\u00e5gor som r\u00f6r h\u00e5llbarhet, v\u00e4lf\u00e4rd och konkurrenskraft \u00e4r allt mer sammanl\u00e4nkade. Vi ser fler och fler f\u00f6retag som radikalt \u00e4ndrar sina grundl\u00e4ggande aff\u00e4rsid\u00e9er f\u00f6r att st\u00e5 b\u00e4ttre rustade inf\u00f6r en \u00f6kad globalisering och konkurrensutsatthet, samtidigt som deras ambitioner h\u00f6js f\u00f6r att bidra till byggandet av ett mer h\u00e5llbart och resurseffektivt samh\u00e4lle. Politiken och n\u00e4ringslivet beh\u00f6ver g\u00e5 i takt \u00ad och gemensamt skapa de f\u00f6ruts\u00e4ttningar som kr\u00e4vs f\u00f6r att Sverige ska kunna ligga i framkant n\u00e4r det g\u00e4ller innovation och h\u00e5llbarhetst\u00e4nk.<\/p>\n<p><strong>Tid och plats:<\/strong>\u00a0M\u00e5ndag 4 juli, 9.00-11.30, Landsh\u00f6vdingens tr\u00e4dg\u00e5rd, Korsgatan 4 (frukost serveras fr\u00e5n 8.30 och l\u00e4ttare lunch fr\u00e5n 11.30)\u00a0<strong>Arrang\u00f6r:\u00a0<\/strong>Hagainitiativet, Misum - Handelsh\u00f6gskolan, Stockholm Environment Institute\u00a0<strong>#SWE2030<\/strong>\u00a0Under rubriken \"Agenda 2030 \u2013 en katalysator eller bromskloss f\u00f6r v\u00e4lf\u00e4rden\" arrangerar vi tre paneldebatter:<\/p>\n<ul>\n<li><strong>Hur kan Agenda 2030 leda till en fortsatt v\u00e4lf\u00e4rdsutveckling i Sverige och i EU?\u00a0<\/strong>Medverkande: Anders Egelrud, vd, Stockholm Exergi, Klas Eklund, h\u00e5llbarhetsekonom, SEB, Jenni Nylander, verksamhetsutvecklare, Ungdomar.se, G\u00fcnther M\u00e5rder, vd, F\u00f6retagarna, Joachim Beijmo, kommunikationschef, SIDA, Maria Sun\u00e9r Fleming, ansvarig klimat och energi, Svenskt N\u00e4ringsliv, moderator: Johan Kuylenstierna, vd, Stockholm Environment Institute.<\/li>\n<li><strong>Sveriges n\u00e4ringsliv \u2013 sporrar Agenda 2030 f\u00f6retag att g\u00e5 f\u00f6re?\u00a0<\/strong>Medverkande: Eva Blixt, r\u00e5dgivare i milj\u00f6fr\u00e5gor samt forskningschef, Jernkontoret, Jens Henriksson, vd, Folksam, PM Nilsson, politisk redakt\u00f6r, Dagens industri, Sara Paulsson, ansvarig samh\u00e4llsrelationer, IKEA Sverige, Nyamko Sabuni, h\u00e5llbarhetschef, \u00c5F, \u00c5sa Westlund riksdagsledamot (S), Anders Wijkman, ordf\u00f6rande, \u00c5tervinningsindustrierna, moderator: Nina Ekelund, programdirekt\u00f6r, Hagainitiativet.<\/li>\n<li><strong>\u00c4r h\u00e5llbar v\u00e4lf\u00e4rd f\u00f6renat med fortsatt tillv\u00e4xt?\u00a0<\/strong>Medverkande: Sammy Almedal, vd, JAK medlemsbank, Lena Ander, generalsekreterare, N\u00e4tverket f\u00f6r H\u00e5llbart N\u00e4ringsliv, Sabina Andr\u00e9n, programsamordnare h\u00e5llbara st\u00e4der, WWF, G\u00f6ran Holm, vd, HKScan Sweden, Mattias H\u00f6jer, professor i milj\u00f6strategi och framtidsstudier, CESC, KTH, Azita Shariati, vd, Sodexo, moderator: Lin Lerpold, tillf\u00f6rordnad professor och chef f\u00f6r Misum, Handelsh\u00f6gskolan i Stockholm.<\/li>\n<\/ul>\n<p>Se hela programmet\u00a0<a href=\"https:\/\/www.hagainitiativet.se\/files\/import\/wp-content\/uploads\/2016\/06\/Program-Almedalen-1607043.pdf\">h\u00e4r.<\/a><\/p>\n<p>Varmt v\u00e4lkommen!<\/p>\n","qoute":"","name":"","title-company":""},"_links":{"self":[{"href":"https:\/\/www.hagainitiativet.se\/en\/wp-json\/wp\/v2\/inlagg\/3682","targetHints":{"allow":["GET"]}}],"collection":[{"href":"https:\/\/www.hagainitiativet.se\/en\/wp-json\/wp\/v2\/inlagg"}],"about":[{"href":"https:\/\/www.hagainitiativet.se\/en\/wp-json\/wp\/v2\/types\/inlagg"}],"wp:featuredmedia":[{"embeddable":true,"href":"https:\/\/www.hagainitiativet.se\/en\/wp-json\/wp\/v2\/media\/3684"}],"wp:attachment":[{"href":"https:\/\/www.hagainitiativet.se\/en\/wp-json\/wp\/v2\/media?parent=3682"}],"wp:term":[{"taxonomy":"kategori","embeddable":true,"href":"https:\/\/www.hagainitiativet.se\/en\/wp-json\/wp\/v2\/kategori?post=3682"}],"curies":[{"name":"wp","href":"https:\/\/api.w.org\/{rel}","templated":true}]}}