{"id":3691,"date":"2016-09-14T07:57:00","date_gmt":"2016-09-14T05:57:00","guid":{"rendered":"https:\/\/www.hagainitiativet.se\/?post_type=inlagg&#038;p=3691"},"modified":"2022-08-11T07:58:34","modified_gmt":"2022-08-11T05:58:34","slug":"missade-du-frukostmote-i-riksdagen-finns-att-se-pa-svt-forum","status":"publish","type":"inlagg","link":"https:\/\/www.hagainitiativet.se\/en\/inlagg\/missade-du-frukostmote-i-riksdagen-finns-att-se-pa-svt-forum\/","title":{"rendered":"Missade du frukostm\u00f6te i riksdagen? Finns att se p\u00e5 SVT Forum"},"content":{"rendered":"","protected":false},"excerpt":{"rendered":"","protected":false},"featured_media":3693,"parent":0,"template":"","kategori":[16],"class_list":["post-3691","inlagg","type-inlagg","status-publish","has-post-thumbnail","hentry","kategori-seminarier"],"meta_box":{"show_post_en":"0","text":"<p>Hagainitiativet ordnade tillsammans med F\u00f6retagarna och Milj\u00f6partiet frukostm\u00f6te i riksdagen om hur klimatpolitiken kan bli l\u00f6nsam f\u00f6r f\u00f6retagen. Vilken politik vill svenska f\u00f6retag se? Vad kr\u00e4vs f\u00f6r att f\u00f6retag ska bli vinnare i klimatomst\u00e4llningen? Vad g\u00f6r politiken f\u00f6r att underl\u00e4tta f\u00f6r f\u00f6retagen i klimatomst\u00e4llningen?<\/p>\n<p>Frukostm\u00f6tet s\u00e4nds i SVT Forum och g\u00e5r att se\u00a0<a href=\"http:\/\/www.svtplay.se\/klipp\/11017773\/hur-kan-klimatpolitiken-bli-lonsam-for-foretagen\">h\u00e4r.<\/a><\/p>\n<p>&nbsp;<\/p>\n<p>Under det p\u00e5g\u00e5ende frukostm\u00f6tet stod det klart att Donald Trump vunnit valet i USA och det konstaterades att det \u00e4r \u00e4n mer viktigt med f\u00f6retag som tar ansvar och g\u00e5r f\u00f6re i klimatomst\u00e4llningen. \u00c5sa Domeij, ansvarig f\u00f6r milj\u00f6 och socialt ansvar p\u00e5 Axfood var en av deltagarna delade med sig av sina tankar i en\u00a0<a href=\"http:\/\/axfood.se\/sv\/Hallbarhet\/Bloggar\/Asa-Domeij\/Dates\/2016\/11\/Hagafrukost-i-riksdagen--naringslivet-driver-pa-i-klimatfragan\/\" target=\"_blank\" rel=\"noopener\">blogg.<\/a><\/p>\n<p><strong>Karolina Skog, milj\u00f6minister MP:<\/strong>\u00a0\"Det \u00e4r en turbulent tid vi lever i, f\u00f6r n\u00e5gra dagar sedan firade vi ikrafttr\u00e4dandet av Parisavtalet och idag vaknar vi till en valseger f\u00f6r Trump. I Sverige har vi kommit l\u00e5ngt och v\u00e5r exportbaserade ekonomi gynnas av en omst\u00e4llning till ett fossilfritt samh\u00e4lle\".<\/p>\n<p><strong>Johan Flor\u00e9n, AP7 och Markus Ekelund, 2050:<\/strong>\u00a0\"Tv\u00e5 av tre f\u00f6retag ser att tuffare lagstiftning p\u00e5 milj\u00f6omr\u00e5det gynnar l\u00f6nsamheten visar v\u00e5r nyligen presenterade unders\u00f6kning.<\/p>\n<p><strong>Petter Holland, Preem:<\/strong>\u00a0\"Omst\u00e4llningen fr\u00e5n fossilt till f\u00f6rnybart \u00e4r helt avg\u00f6rande f\u00f6r Preems \u00f6verlevnad\".<\/p>\n<p><strong>Per-Olof Wedin, Sveaskog:<\/strong>\u00a0\"Skogen \u00e4r avg\u00f6rande f\u00f6r ett fossilfritt Sverige men vi beh\u00f6ver mer n\u00e4rvaro i Bryssel f\u00f6r att driva Sveriges linje och lyfta skogens betydelse\".<\/p>\n<p><strong>Anders Egelrud, Stockholm Exergi<\/strong><strong>:<\/strong>\u00a0\"Vi har satsat 7 miljarder kr p\u00e5 en omst\u00e4llning fr\u00e5n fossilt. Vi \u00e4r n\u00e4ra m\u00e5let om 100 procent \u00e5tervunnet och f\u00f6rnybart och vi ger oss inte f\u00f6rr\u00e4n vi \u00e4r d\u00e4r\".<\/p>\n<p><strong>\u00c5sa Domeij, Axfood:<\/strong>\u00a0\"F\u00f6retag idag har en viktig roll som samh\u00e4llsp\u00e5verkare. Axfood \u00e4r aktiv i dialogen och vi vill vara en positiv kraft\".<\/p>\n<p>Frukostm\u00f6tet avslutades med ett panelsamtal med f\u00f6retagsrepresentanterna, Lise Nordin (MP), Kristina Yngwe (C), Svante Axelsson, Fossilfritt Sverige, Johanna Sandahl, Naturskyddsf\u00f6reningen och Mikael Salo, Aktuell H\u00e5llbarhet. Det konstaterades bl.a. att n\u00e4ringslivet g\u00e5r f\u00f6re i klimatfr\u00e5gan men att politiken spelar en viktig roll genom att ta ansvar och s\u00e4tta regelverk som lyfter bottenplattan och att ge f\u00f6retagen l\u00e5ngsiktiga f\u00f6ruts\u00e4ttningar som tryggar investeringar. Med Parisavtalet \u00e4r agendan satt och en sn\u00f6boll \u00e4r redan rullning och kan inte stoppas, inte ens i en v\u00e4rld d\u00e4r Trump \u00e4r president.<\/p>\n","qoute":"","name":"","title-company":""},"_links":{"self":[{"href":"https:\/\/www.hagainitiativet.se\/en\/wp-json\/wp\/v2\/inlagg\/3691","targetHints":{"allow":["GET"]}}],"collection":[{"href":"https:\/\/www.hagainitiativet.se\/en\/wp-json\/wp\/v2\/inlagg"}],"about":[{"href":"https:\/\/www.hagainitiativet.se\/en\/wp-json\/wp\/v2\/types\/inlagg"}],"wp:featuredmedia":[{"embeddable":true,"href":"https:\/\/www.hagainitiativet.se\/en\/wp-json\/wp\/v2\/media\/3693"}],"wp:attachment":[{"href":"https:\/\/www.hagainitiativet.se\/en\/wp-json\/wp\/v2\/media?parent=3691"}],"wp:term":[{"taxonomy":"kategori","embeddable":true,"href":"https:\/\/www.hagainitiativet.se\/en\/wp-json\/wp\/v2\/kategori?post=3691"}],"curies":[{"name":"wp","href":"https:\/\/api.w.org\/{rel}","templated":true}]}}