{"id":3718,"date":"2017-09-27T08:06:00","date_gmt":"2017-09-27T06:06:00","guid":{"rendered":"https:\/\/www.hagainitiativet.se\/?post_type=inlagg&#038;p=3718"},"modified":"2022-08-11T08:07:12","modified_gmt":"2022-08-11T06:07:12","slug":"frukostmote-16-oktober-naket-eller-paklatt-vilka-foretag-vinner-klimatfortroende","status":"publish","type":"inlagg","link":"https:\/\/www.hagainitiativet.se\/en\/inlagg\/frukostmote-16-oktober-naket-eller-paklatt-vilka-foretag-vinner-klimatfortroende\/","title":{"rendered":"Frukostm\u00f6te 16 oktober: Naket eller p\u00e5kl\u00e4tt \u2013 vilka f\u00f6retag vinner klimatf\u00f6rtroende?"},"content":{"rendered":"","protected":false},"excerpt":{"rendered":"","protected":false},"featured_media":3720,"parent":0,"template":"","kategori":[16],"class_list":["post-3718","inlagg","type-inlagg","status-publish","has-post-thumbnail","hentry","kategori-seminarier"],"meta_box":{"show_post_en":"0","text":"<p>Ger transparens klimatf\u00f6rtroende och st\u00e4rkta aff\u00e4rer? Vilka merv\u00e4rden skapas av en \u00f6ppenhet med f\u00f6retagens klimatdata? Vad har politiken och forskningen f\u00f6r f\u00f6rv\u00e4ntningar p\u00e5 f\u00f6retagen? \u00c4r f\u00f6retagen tillr\u00e4ckligt \u00f6ppna med sitt klimatarbete idag?<\/p>\n<p>V\u00e4lkommen p\u00e5 frukostm\u00f6te med talare fr\u00e5n politik, n\u00e4ringsliv och akademi:<\/p>\n<p>&nbsp;<\/p>\n<p>- Karolina Skog, milj\u00f6minister (MP)<\/p>\n<p>- Em Petersson, Klimat- och energifr\u00e5gor, Greenpeace<\/p>\n<p>- Ulf Wikstr\u00f6m, H\u00e5llbarhetschef, Stockholm Exergi<\/p>\n<p>- Lena Sammeli, H\u00e5llbarhetschef, Sveaskog<\/p>\n<p>- Karin Stenmar, H\u00e5llbarhetschef, Folksam<\/p>\n<p>- Thomas Sterner, professor i milj\u00f6ekonomi, G\u00f6teborgs universitet<\/p>\n<p>- Mikael Karlsson, forskare, KTH, samt Senior Advisor, 2050<\/p>\n<p>- Bibi Bleekemole, Co-founder, Impact and Public Engagement, Fairphone<\/p>\n<p>- Nina Ekelund, generalsekreterare Hagainitiativet (moderator)<\/p>\n<p>&nbsp;<\/p>\n<p><strong>N\u00e4r:<\/strong>\u00a0M\u00e5ndag 16 oktober, kl. 8-9.30 (frukost fr\u00e5n kl 07.30)<br \/>\n<strong>Var:<\/strong>\u00a0Skeppsbron 32, 3 tr, Gamla stan<br \/>\n<strong>Lives\u00e4ndning:<\/strong>\u00a0Se s\u00e4ndningen fr\u00e5n frukostm\u00f6tet\u00a0<strong><a href=\"https:\/\/www.youtube.com\/watch?v=Z3-ruFMrEQA\">h\u00e4r<\/a>.<\/strong><\/p>\n<p><strong>Twitter:<\/strong>\u00a0#haga17<\/p>\n","qoute":"","name":"","title-company":""},"_links":{"self":[{"href":"https:\/\/www.hagainitiativet.se\/en\/wp-json\/wp\/v2\/inlagg\/3718","targetHints":{"allow":["GET"]}}],"collection":[{"href":"https:\/\/www.hagainitiativet.se\/en\/wp-json\/wp\/v2\/inlagg"}],"about":[{"href":"https:\/\/www.hagainitiativet.se\/en\/wp-json\/wp\/v2\/types\/inlagg"}],"wp:featuredmedia":[{"embeddable":true,"href":"https:\/\/www.hagainitiativet.se\/en\/wp-json\/wp\/v2\/media\/3720"}],"wp:attachment":[{"href":"https:\/\/www.hagainitiativet.se\/en\/wp-json\/wp\/v2\/media?parent=3718"}],"wp:term":[{"taxonomy":"kategori","embeddable":true,"href":"https:\/\/www.hagainitiativet.se\/en\/wp-json\/wp\/v2\/kategori?post=3718"}],"curies":[{"name":"wp","href":"https:\/\/api.w.org\/{rel}","templated":true}]}}