{"id":3721,"date":"2018-01-22T08:07:00","date_gmt":"2018-01-22T07:07:00","guid":{"rendered":"https:\/\/www.hagainitiativet.se\/?post_type=inlagg&#038;p=3721"},"modified":"2022-08-11T08:08:05","modified_gmt":"2022-08-11T06:08:05","slug":"boklansering-klimatet-kvartalsekonomin-och-kapitalismen","status":"publish","type":"inlagg","link":"https:\/\/www.hagainitiativet.se\/en\/inlagg\/boklansering-klimatet-kvartalsekonomin-och-kapitalismen\/","title":{"rendered":"Boklansering: Klimatet, kvartalsekonomin och kapitalismen"},"content":{"rendered":"","protected":false},"excerpt":{"rendered":"","protected":false},"featured_media":3723,"parent":0,"template":"","kategori":[16],"class_list":["post-3721","inlagg","type-inlagg","status-publish","has-post-thumbnail","hentry","kategori-seminarier"],"meta_box":{"show_post_en":"0","text":"<p><strong>OBS! NY LOKAL: Stockholm City Conference Centre, Folkets Hus<\/strong><\/p>\n<p><strong>TID:<\/strong>\u00a0kl. 7.30\u20139.30<br \/>\n<strong>DATUM:<\/strong>\u00a0tisdag 13 februari<br \/>\n<strong>PLATS:<\/strong>\u00a0Folkets hus, Barnhusgatan 12\u201314, Stockholm<br \/>\n<strong>ARRANG\u00d6RER:\u00a0<\/strong>Fores och Hagainitiativet<\/p>\n<p>Anm\u00e4lan senast 9 februari!<\/p>\n<p><strong>V\u00e4lkommen p\u00e5 ett frukostm\u00f6te som tar avstamp i Anders Wijkmans nya bok \"Come On! Capitalism, Short-termism, Population and the Destruction of the Planet\u201d, skriven f\u00f6r Romklubbens femtio\u00e5rsjubileum.<\/strong><\/p>\n<p>Efter att Anders presenterat sin skrift, diskuteras fr\u00e5gorna om klimatet, kvartalsekonomin och kapitalismen med\u00a0<strong>Per Bolund<\/strong>, Finansmarknads- och konsumentminister,\u00a0<strong>Johan Rockstr\u00f6m<\/strong>\u00a0fr\u00e5n Stockholm Resilience Centre,\u00a0<strong>Nina Ekelund<\/strong>\u00a0fr\u00e5n Hagainitiativet och\u00a0<strong>Mattias Goldmann<\/strong>\u00a0fr\u00e5n Fores, samt med ledande n\u00e4ringslivsf\u00f6retr\u00e4dare.<br \/>\nV\u00e4lkommen \u2013 och skynda att anm\u00e4la dig, det blir fullt!<\/p>\n<p><em>Samtalet \u00e4r ett samarrangemang mellan Fores och Hagainitiativet.\u00a0<\/em>Klimatet, kvartalsekonomin och kapitalismen \u2013 samtal om tillv\u00e4xtens gr\u00e4nser och planetens framtid<\/p>\n<p><strong>P\u00c5 SCEN:<\/strong><\/p>\n<p>Anders Wijkman, f\u00f6rfattare och opinionsbildare<br \/>\nPer Bolund, Finansmarknads- och konsumentminister<br \/>\nNina Ekelund, generalsekreterare, Hagainitiativet<br \/>\nJohan Rockstr\u00f6m, chef, Stockholm Resilience Centre<br \/>\nMattias Goldmann, vd, Fores med 2030-sekretariatet<br \/>\n\u00c5sa Domeij, chef milj\u00f6 och social h\u00e5llbarhet, Axfood<br \/>\nUlf Dahlsten, senior r\u00e5dgivare, Global Utmaning<\/p>\n<p><a href=\"https:\/\/docs.google.com\/forms\/d\/e\/1FAIpQLSca1eiMG8O1rujMhDfk1mYi23YQvCD1_fpIQ1JZkSdDy2UWfA\/viewform\" target=\"_blank\" rel=\"noopener\"><img id=\"_x0000_i1025\" src=\"http:\/\/img2.anpdm.com\/72972\/Anmal-dig-knapp.jpg\" \/><\/a><\/p>\n<p><strong>Kan du inte delta p\u00e5 plats?<\/strong><br \/>\nSeminariet live-s\u00e4nds p\u00e5 Fores\u00a0<a href=\"https:\/\/www.facebook.com\/ForesSverige\/notifications\/\">facebooksida<\/a>.<br \/>\nI efterhand kan du ocks\u00e5 se inspelning av seminariet p\u00e5\u00a0<a href=\"http:\/\/fores.se\/play\/\">Fores Play<\/a>.<\/p>\n","qoute":"","name":"","title-company":""},"_links":{"self":[{"href":"https:\/\/www.hagainitiativet.se\/en\/wp-json\/wp\/v2\/inlagg\/3721","targetHints":{"allow":["GET"]}}],"collection":[{"href":"https:\/\/www.hagainitiativet.se\/en\/wp-json\/wp\/v2\/inlagg"}],"about":[{"href":"https:\/\/www.hagainitiativet.se\/en\/wp-json\/wp\/v2\/types\/inlagg"}],"wp:featuredmedia":[{"embeddable":true,"href":"https:\/\/www.hagainitiativet.se\/en\/wp-json\/wp\/v2\/media\/3723"}],"wp:attachment":[{"href":"https:\/\/www.hagainitiativet.se\/en\/wp-json\/wp\/v2\/media?parent=3721"}],"wp:term":[{"taxonomy":"kategori","embeddable":true,"href":"https:\/\/www.hagainitiativet.se\/en\/wp-json\/wp\/v2\/kategori?post=3721"}],"curies":[{"name":"wp","href":"https:\/\/api.w.org\/{rel}","templated":true}]}}