{"id":3730,"date":"2018-05-21T08:09:00","date_gmt":"2018-05-21T06:09:00","guid":{"rendered":"https:\/\/www.hagainitiativet.se\/?post_type=inlagg&#038;p=3730"},"modified":"2022-08-11T08:11:10","modified_gmt":"2022-08-11T06:11:10","slug":"almedalen-2-juli-sa-blir-hallbarhetsfragorna-heta-i-valdebatten","status":"publish","type":"inlagg","link":"https:\/\/www.hagainitiativet.se\/en\/inlagg\/almedalen-2-juli-sa-blir-hallbarhetsfragorna-heta-i-valdebatten\/","title":{"rendered":"Almedalen 2 juli: S\u00e5 blir h\u00e5llbarhetsfr\u00e5gorna heta i valdebatten"},"content":{"rendered":"","protected":false},"excerpt":{"rendered":"","protected":false},"featured_media":3732,"parent":0,"template":"","kategori":[16],"class_list":["post-3730","inlagg","type-inlagg","status-publish","has-post-thumbnail","hentry","kategori-seminarier"],"meta_box":{"show_post_en":"0","text":"<p>Risk och l\u00f6nsamhet - tv\u00e5 sidor av samma mynt, vad f\u00e5r f\u00f6retagen att agera snabbare? Vilket ansvar har politiken f\u00f6r den h\u00e5llbara samh\u00e4llsomst\u00e4llningen? Vilket ansvar har industrins olika sektorer? Hur ser de nya riskerna ut? Kan individen agera och fatta h\u00e5llbara beslut utan politikens st\u00f6d? \u00c4r h\u00e5llbarhetsutmaningarna valvinnarfr\u00e5gor?<\/p>\n<p><strong>Datum<\/strong>: m\u00e5ndag 2 juli<br \/>\n<strong>Tid<\/strong>: 08:30 \u2013 10:00 (frukost 08:00)<br \/>\n<strong>Plats<\/strong>: Korsgatan 4, L\u00e4nsstyrelsens tr\u00e4dg\u00e5rd<br \/>\n<strong>Arrang\u00f6rer<\/strong>: Mistra Geopolitics, Stockholm Environment Institute och Hagainitiativet<\/p>\n<p>&nbsp;<\/p>\n<p><strong>Medverkande:<\/strong><\/p>\n<ul>\n<li>Anders Egelrud, vd Stockholm Exergi<\/li>\n<li>Jan Kilstr\u00f6m, vd Green Cargo<\/li>\n<li>Helene Samuelsson, kommunikationschef Preem<\/li>\n<li>\u00c5sa Domeij, h\u00e5llbarhetschef Axfood<\/li>\n<li>Anna Throne-Holst, president SACCNY<\/li>\n<li>Anders Wijkman, ordf\u00f6rande Romklubben;<\/li>\n<li>Karin Svensson Smith, riksdagsled., MP<\/li>\n<li>Martin \u00c5dahl, chefsekonom, C<\/li>\n<li>Sophia Metelius, utredare riksdagen, L<\/li>\n<li>Ola Alter\u00e5, kanslichef Klimatpolitiska r\u00e5det<\/li>\n<li>Karin B\u00e4ckstrand, professor i milj\u00f6vetenskap, Stockholms Universitet<\/li>\n<li>\u00c5sa Persson, forskningschef, Stockholm Environment Institute<\/li>\n<li>Karin B\u00e4ckstrand, professor i statsvetenskap, Stockholms universitet<\/li>\n<li>Bj\u00f6rn-Ola Linn\u00e9r, professor i klimatpolitik, Link\u00f6pings universitet samt Mistra Geopolitics<\/li>\n<li>Louise Karlberg, Sverigechef Stockholm Environment Institute<\/li>\n<li>Nina Ekelund, generalsekreterare Hagaintiativet<\/li>\n<\/ul>\n<p>&nbsp;<\/p>\n<p>Aldrig f\u00f6rr har v\u00e5rt samh\u00e4lle st\u00e5tt inf\u00f6r st\u00f6rre utmaningar\u2013 men vem har st\u00f6rst ansvar att driva p\u00e5 f\u00f6r\u00e4ndringen? Klimatfr\u00e5gan toppar oroslistan enligt SOM-unders\u00f6kningen - samtidigt \u00e4r ansvaret f\u00f6r s\u00e5v\u00e4l Paris\u00f6verenskommelsen som Agenda 2030 f\u00f6rdelat p\u00e5 m\u00e5nga. Vad kr\u00e4ver detta i form av samverkan mellan olika sektorer? F\u00f6rsvinner jobben och tillv\u00e4xten i samh\u00e4llsomst\u00e4llningen mot fossilfri ekonomi? Vilka industrisektorer blir viktigast i omst\u00e4llningen? Vilket ansvar har du och jag?<\/p>\n<p>Varmt v\u00e4lkommen!<\/p>\n","qoute":"","name":"","title-company":""},"_links":{"self":[{"href":"https:\/\/www.hagainitiativet.se\/en\/wp-json\/wp\/v2\/inlagg\/3730","targetHints":{"allow":["GET"]}}],"collection":[{"href":"https:\/\/www.hagainitiativet.se\/en\/wp-json\/wp\/v2\/inlagg"}],"about":[{"href":"https:\/\/www.hagainitiativet.se\/en\/wp-json\/wp\/v2\/types\/inlagg"}],"wp:featuredmedia":[{"embeddable":true,"href":"https:\/\/www.hagainitiativet.se\/en\/wp-json\/wp\/v2\/media\/3732"}],"wp:attachment":[{"href":"https:\/\/www.hagainitiativet.se\/en\/wp-json\/wp\/v2\/media?parent=3730"}],"wp:term":[{"taxonomy":"kategori","embeddable":true,"href":"https:\/\/www.hagainitiativet.se\/en\/wp-json\/wp\/v2\/kategori?post=3730"}],"curies":[{"name":"wp","href":"https:\/\/api.w.org\/{rel}","templated":true}]}}