{"id":3775,"date":"2020-07-01T08:26:00","date_gmt":"2020-07-01T06:26:00","guid":{"rendered":"https:\/\/www.hagainitiativet.se\/?post_type=inlagg&#038;p=3775"},"modified":"2022-08-12T09:00:34","modified_gmt":"2022-08-12T07:00:34","slug":"klimat-sakerhet-och-geopolitik-hur-navigerar-vi-i-coronatider-digitalt-frukostseminarium-25-augusti","status":"publish","type":"inlagg","link":"https:\/\/www.hagainitiativet.se\/en\/inlagg\/klimat-sakerhet-och-geopolitik-hur-navigerar-vi-i-coronatider-digitalt-frukostseminarium-25-augusti\/","title":{"rendered":"Klimat, s\u00e4kerhet och geopolitik &#8211; Hur navigerar vi i coronatider? Digitalt frukostseminarium 25 augusti"},"content":{"rendered":"","protected":false},"excerpt":{"rendered":"","protected":false},"featured_media":4635,"parent":0,"template":"","kategori":[16],"class_list":["post-3775","inlagg","type-inlagg","status-publish","has-post-thumbnail","hentry","kategori-seminarier"],"meta_box":{"show_post_en":"0","text":"<p><strong>Datum<\/strong>: Tisdag 25 augusti 2020<br \/>\n<strong>Tid:\u00a0<\/strong>08.30-10.00<br \/>\n<strong>Plats:<\/strong>\u00a0Digitalt<br \/>\n<strong>Arrang\u00f6rer:<\/strong>\u00a0Hagainitiativet, Mistra Geopolitics, Stockholm Environment Institute<\/p>\n<ul>\n<li>Hur p\u00e5verkas klimatarbetet internationellt, nationellt och i f\u00f6retagen av corona-pandemin?<\/li>\n<li>Vilka \u00e4r de nya geopolitiska konsekvenserna? Effekter p\u00e5 matf\u00f6rs\u00f6rjning, s\u00e4kerhetsfr\u00e5gor, nya handelskonflikter?<\/li>\n<li>Hur f\u00e5r vi fart p\u00e5 klimatomst\u00e4llningen i detta nya l\u00e4ge?<\/li>\n<\/ul>\n<p>V\u00e4lkomna att starta h\u00f6sten med ett l\u00e4rorikt och inspirerande webinarium om risker och m\u00f6jligheter i de os\u00e4kra tider vi befinner oss i. Vi kommer att ta del av f\u00f6retagares utmaningar och uppmaningar, lyssna till hur politiker resonerar och samtala med forskare vars forskning bara \u00f6kar i relevans ju mer v\u00e4rlden f\u00f6r\u00e4ndras.<\/p>\n<p>Medverkande:<br \/>\n<strong>Kristina Bergendal<\/strong>, senior r\u00e5dgivare f\u00f6r strategiska fr\u00e5gor, F\u00f6rsvarsmakten<br \/>\n<strong>Michael Kjeller<\/strong>, chef Kapitalf\u00f6rvaltning och h\u00e5llbarhet samt vice vd Folksam<br \/>\n<strong>Lars Appelqvist<\/strong>, vd L\u00f6fbergs och ordf\u00f6rande f\u00f6r Livsmedelsf\u00f6retagen<br \/>\n<strong>\u00c5sa Persson<\/strong>, forskningschef SEI<br \/>\n<strong>Johan Kuylenstierna<\/strong>, vice ordf\u00f6rande klimatpolitiska r\u00e5det<br \/>\n<strong>Bj\u00f6rn-Ola Linn\u00e8r<\/strong>, professor milj\u00f6vetenskap, LiU<br \/>\n<strong>Anna Karin Hatt<\/strong>, vd LRF<br \/>\n<strong>Kalle Hallding<\/strong>, senior forskare, SEI<br \/>\n<strong>Jens Holm<\/strong>, ordf\u00f6rande Trafikutskottet och klimatpolitisk talesperson (V)<br \/>\n<strong>Karin Karlsbro<\/strong>, Europaparlamentariker (L)<\/p>\n<p>Moderatorer:<br \/>\n<strong>Eva Krutmeijer<\/strong>, Mistra Geopolitics<br \/>\n<strong>Nina Ekelund<\/strong>, Hagaintiativet<\/p>\n<p>&nbsp;<\/p>\n<p>&nbsp;<\/p>\n<p><a href=\"https:\/\/www.eventbrite.com\/e\/klimat-sakerhet-och-geopolitik-hur-navigerar-vi-i-coronatider-tickets-107843954170\" target=\"_blank\" rel=\"noopener\">Anm\u00e4l dig<\/a><\/p>\n<p><a href=\"https:\/\/www.facebook.com\/Hagainitiativet\/posts\/3519898651374627\" target=\"_blank\" rel=\"noopener\">Se seminariet live h\u00e4r<\/a><\/p>\n","qoute":"","name":"","title-company":""},"_links":{"self":[{"href":"https:\/\/www.hagainitiativet.se\/en\/wp-json\/wp\/v2\/inlagg\/3775","targetHints":{"allow":["GET"]}}],"collection":[{"href":"https:\/\/www.hagainitiativet.se\/en\/wp-json\/wp\/v2\/inlagg"}],"about":[{"href":"https:\/\/www.hagainitiativet.se\/en\/wp-json\/wp\/v2\/types\/inlagg"}],"wp:featuredmedia":[{"embeddable":true,"href":"https:\/\/www.hagainitiativet.se\/en\/wp-json\/wp\/v2\/media\/4635"}],"wp:attachment":[{"href":"https:\/\/www.hagainitiativet.se\/en\/wp-json\/wp\/v2\/media?parent=3775"}],"wp:term":[{"taxonomy":"kategori","embeddable":true,"href":"https:\/\/www.hagainitiativet.se\/en\/wp-json\/wp\/v2\/kategori?post=3775"}],"curies":[{"name":"wp","href":"https:\/\/api.w.org\/{rel}","templated":true}]}}