{"id":3784,"date":"2021-05-07T08:30:00","date_gmt":"2021-05-07T06:30:00","guid":{"rendered":"https:\/\/www.hagainitiativet.se\/?post_type=inlagg&#038;p=3784"},"modified":"2023-01-18T12:40:44","modified_gmt":"2023-01-18T11:40:44","slug":"fran-klimatmal-till-halveringsmal-webinarium-20-maj","status":"publish","type":"inlagg","link":"https:\/\/www.hagainitiativet.se\/en\/inlagg\/fran-klimatmal-till-halveringsmal-webinarium-20-maj\/","title":{"rendered":"Fr\u00e5n klimatm\u00e5l till halveringsm\u00e5l webbinarium 20 maj"},"content":{"rendered":"","protected":false},"excerpt":{"rendered":"","protected":false},"featured_media":3786,"parent":0,"template":"","kategori":[16],"class_list":["post-3784","inlagg","type-inlagg","status-publish","has-post-thumbnail","hentry","kategori-seminarier"],"meta_box":{"show_post_en":"0","text":"<p>20 maj<br \/>\n8.30 - 9.20<br \/>\nWebinarium<\/p>\n<p>N\u00e4stan alla f\u00f6retag s\u00e4tter klimatm\u00e5l, men f\u00e5 f\u00f6retag s\u00e4tter m\u00e5l i linje med 1,5-gradersm\u00e5let. V\u00e4lkommen p\u00e5 webinarium d\u00e4r Hagainitiativet presenterar Ambitionsindex 2021, om halveringsm\u00e5l bland stora bolag p\u00e5 b\u00f6rsen.<\/p>\n<ul>\n<li>Varf\u00f6r ska f\u00f6retagen s\u00e4tta halveringsm\u00e5l?<\/li>\n<li>Vad har h\u00e4nt med n\u00e4ringslivets klimatm\u00e5l under pandemin?<\/li>\n<li>Hur utmanas f\u00f6retaget av att s\u00e4tta halveringsm\u00e5l?<\/li>\n<li>Fr\u00e5n klimatm\u00e5l till halveringsm\u00e5l - vilka d\u00f6rrar \u00f6ppnas?<\/li>\n<\/ul>\n<p><strong>Medverkande<\/strong><br \/>\nCamilla Goldbeck-L\u00f6we, VP Corporate Responsibility, Epiroc<br \/>\nFilip Elland, H\u00e5llbarhetschef, Castellum<br \/>\nFredrik Hellman, Associate Director Safety, Health and Environment, AstraZeneca<br \/>\nMaria Larsson, Director Quality &amp; Environment, HKScan Sweden<br \/>\nEva Eriksson, Head of Sustainability, L\u00f6fbergs<br \/>\nNate Adan, Senior Associate, WRI<br \/>\nJohan Falk, Co-founder and Head of Exponential Roadmap Initiative<br \/>\nBj\u00f6rn-Ola Linn\u00e9r, Professor Environmental Change, Centre for Climate Science and Policy Research, Link\u00f6ping University<br \/>\nDeniz Butros, Kommunikation- och policyansvarig, Hagainitiativet<br \/>\nNina Ekelund, Generalsekreterare, Hagainitiativet<\/p>\n","qoute":"<p><a href=\"https:\/\/www.hagainitiativet.se\/files\/2021-05\/zoom-0.mp4\">Se webinariet i efterhand h\u00e4r.<\/a><\/p>\n","name":"","title-company":""},"_links":{"self":[{"href":"https:\/\/www.hagainitiativet.se\/en\/wp-json\/wp\/v2\/inlagg\/3784","targetHints":{"allow":["GET"]}}],"collection":[{"href":"https:\/\/www.hagainitiativet.se\/en\/wp-json\/wp\/v2\/inlagg"}],"about":[{"href":"https:\/\/www.hagainitiativet.se\/en\/wp-json\/wp\/v2\/types\/inlagg"}],"wp:featuredmedia":[{"embeddable":true,"href":"https:\/\/www.hagainitiativet.se\/en\/wp-json\/wp\/v2\/media\/3786"}],"wp:attachment":[{"href":"https:\/\/www.hagainitiativet.se\/en\/wp-json\/wp\/v2\/media?parent=3784"}],"wp:term":[{"taxonomy":"kategori","embeddable":true,"href":"https:\/\/www.hagainitiativet.se\/en\/wp-json\/wp\/v2\/kategori?post=3784"}],"curies":[{"name":"wp","href":"https:\/\/api.w.org\/{rel}","templated":true}]}}