{"id":3871,"date":"2011-08-18T11:24:00","date_gmt":"2011-08-18T09:24:00","guid":{"rendered":"https:\/\/www.hagainitiativet.se\/?post_type=inlagg&#038;p=3871"},"modified":"2022-08-11T11:24:57","modified_gmt":"2022-08-11T09:24:57","slug":"nina-ekelund-naringslivet-ger-mig-hopp","status":"publish","type":"inlagg","link":"https:\/\/www.hagainitiativet.se\/en\/inlagg\/nina-ekelund-naringslivet-ger-mig-hopp\/","title":{"rendered":"Nina Ekelund: N\u00e4ringslivet ger mig hopp"},"content":{"rendered":"","protected":false},"excerpt":{"rendered":"","protected":false},"featured_media":3873,"parent":0,"template":"","kategori":[23],"class_list":["post-3871","inlagg","type-inlagg","status-publish","has-post-thumbnail","hentry","kategori-hagabloggen"],"meta_box":{"show_post_en":"0","text":"<p>Innan jag b\u00f6rjade arbeta med n\u00e4ringslivets klimatp\u00e5verkan och Hagainitiativet, dessf\u00f6rinnan BLICC, s\u00e5 arbetade jag med klimatanpassning i Stockholm stad. Vi tog fram rapporter om hur Stockholm kommer p\u00e5verkas av ett f\u00f6r\u00e4ndrat klimat. Det handlade om v\u00e4rmeb\u00f6ljor, h\u00e4ftiga skyfall, varmare vintrar och effekterna av detta. Hur p\u00e5verkas ett samh\u00e4lle av ett f\u00f6r\u00e4ndrat klimat? I dagarna har vi sett skyfall i V\u00e4stsverige och vi kan l\u00e4sa att\u00a0<a href=\"http:\/\/www.dn.se\/nyheter\/vader\/skyfall-tecken-pa-andrat-klimat\" target=\"_blank\" rel=\"noopener\">\u201dDen extrema nederb\u00f6rden har \u00f6kat i Sverige\u201d<\/a>.<\/p>\n<p>Ja, klimatet f\u00f6r\u00e4ndras och det beror p\u00e5 oss. V\u00e5r, din och min, p\u00e5verkan p\u00e5 klimatet \u00e4r olika och beror p\u00e5 vilket hus vi bor i, hur varmt vi har inomhus, hur vi reser till jobbet, hur vi semestrar och t o m vilken mat vi v\u00e4ljer att \u00e4ta. N\u00e4r vattnet rinner in i k\u00e4llaren eller n\u00e4r vi ser cyklisten trampa genom meterh\u00f6gt vatten s\u00e5 finns det en koppling till hur du och jag lever. Svenskens klimatp\u00e5verkan ligger i genomsnitt p\u00e5 ca 7 ton, amerikanen p\u00e5 25 ton och thail\u00e4ndaren p\u00e5 cirka ett halvt ton. Den rimliga niv\u00e5n vi, svenskar, borde ligga p\u00e5 \u00e4r 1-1,5 ton koldioxid per person och \u00e5r. Hela v\u00e4rlden beh\u00f6ver minska sin klimatp\u00e5verkan. I framtiden kommer vi vara \u00e4nnu fler p\u00e5 jorden och vi har ju bara de resurser som finns p\u00e5 jorden och de ska r\u00e4cka till alla.<\/p>\n<p>Min slutsats \u00e4r att alla m\u00e5ste hj\u00e4lpa till, alla m\u00e5ste dra sitt str\u00e5 till stacken och vi m\u00e5ste hj\u00e4lpa varandra att ta ansvar f\u00f6r sina str\u00e5n. F\u00f6r att v\u00e4xla upp arbetet med en framtid utan klimatp\u00e5verkan m\u00e5ste vi ber\u00f6mma varandra, speciellt de ivriga sj\u00e4larna som tar ett extra str\u00e5 och springer f\u00f6re. Det beh\u00f6vs n\u00e5gon som tar ledningen, n\u00e5gon som visar hur man kan g\u00f6ra, att det faktiskt \u00e4r m\u00f6jligt. Ibland kanske f\u00f6rebilderna springer fel, tappar ett str\u00e5 och f\u00e5r d\u00e5 utst\u00e5 kritik. Men f\u00f6rebilderna beh\u00f6vs f\u00f6r att h\u00e5lla riktningen, och fler och fler kommer till slut att f\u00f6lja efter. Det \u00e4r s\u00e5 f\u00f6r\u00e4ndring skapas. N\u00e5gra modiga sj\u00e4lar v\u00e5gar g\u00f6ra annorlunda, v\u00e5gar t\u00e4nka nytt.<\/p>\n<p>Jag gillar forskare som i \u00e5r av motvind s\u00e4ger samma sak. De \u00e5ker p\u00e5 konferenser och s\u00e4ger att jorden blir varmare och det beror p\u00e5 att vi f\u00f6rbr\u00e4nner kol.<\/p>\n<p>Jag gillar politiker som i \u00e5r av motvind om och om igen, h\u00e4nvisar till forskaren, och som s\u00e4ger att vi beh\u00f6ver st\u00e4lla om samh\u00e4llet. Vi beh\u00f6ver vara ett gott exempel f\u00f6r resten av v\u00e4rlden.<\/p>\n<p>Jag gillar milj\u00f6organisationerna som of\u00f6rtrutet i ur och skur h\u00e4nvisar till forskarna, tar fram rapporter som ger nya perspektiv p\u00e5 samma fr\u00e5gor - hur ska vi f\u00e5 resurserna att r\u00e4cka och hur ska vi minska avfallet fr\u00e5n det vi sl\u00e4pper ut.<\/p>\n<p>Jag blir glad i hj\u00e4rtat av modiga f\u00f6retagsledare som s\u00e4ger att h\u00e5llbarhet \u00e4r en sj\u00e4lvklar del f\u00f6retaget.(L\u00e4s n\u00e4sta veckas bloggkr\u00f6nika av Peter White, P&amp;G:s h\u00e5llbarhetschef.) Jag blir glad av att f\u00f6retag l\u00e4gger tid och kraft p\u00e5 att ber\u00e4kna sin klimatp\u00e5verkan, s\u00e4tta upp m\u00e5l och d\u00e4refter genomf\u00f6ra \u00e5tg\u00e4rder som leder till minskad klimatp\u00e5verkan. N\u00e4r regnet \u00f6ser ner i G\u00f6teborg k\u00e4nner jag mig hoppfull n\u00e4r jag ser ansvarsfulla f\u00f6retag. Forts\u00e4tt g\u00e4rna l\u00e4s Hagabloggen. I h\u00f6st kommer vi l\u00e4sa m\u00e5nga sp\u00e4nnande inl\u00e4gg som ger hopp, nya vinklingar, nya perspektiv och som s\u00e4kert inspirerar. Glad l\u00e4sning.<\/p>\n<p><a href=\"https:\/\/www.hagainitiativet.se\/files\/import\/wp-content\/uploads\/2011\/08\/textruta-Nina-blog-1.jpg\"><img class=\"alignnone size-full wp-image-1229\" src=\"https:\/\/www.hagainitiativet.se\/files\/import\/wp-content\/uploads\/2011\/08\/textruta-Nina-blog-1.jpg\" \/><\/a><\/p>\n","qoute":"","name":"","title-company":""},"_links":{"self":[{"href":"https:\/\/www.hagainitiativet.se\/en\/wp-json\/wp\/v2\/inlagg\/3871","targetHints":{"allow":["GET"]}}],"collection":[{"href":"https:\/\/www.hagainitiativet.se\/en\/wp-json\/wp\/v2\/inlagg"}],"about":[{"href":"https:\/\/www.hagainitiativet.se\/en\/wp-json\/wp\/v2\/types\/inlagg"}],"wp:featuredmedia":[{"embeddable":true,"href":"https:\/\/www.hagainitiativet.se\/en\/wp-json\/wp\/v2\/media\/3873"}],"wp:attachment":[{"href":"https:\/\/www.hagainitiativet.se\/en\/wp-json\/wp\/v2\/media?parent=3871"}],"wp:term":[{"taxonomy":"kategori","embeddable":true,"href":"https:\/\/www.hagainitiativet.se\/en\/wp-json\/wp\/v2\/kategori?post=3871"}],"curies":[{"name":"wp","href":"https:\/\/api.w.org\/{rel}","templated":true}]}}