{"id":3928,"date":"2012-02-06T12:25:00","date_gmt":"2012-02-06T11:25:00","guid":{"rendered":"https:\/\/www.hagainitiativet.se\/?post_type=inlagg&#038;p=3928"},"modified":"2022-08-11T12:25:58","modified_gmt":"2022-08-11T10:25:58","slug":"magdalena-kettis-klimatansvar-ar-foretagsansvar","status":"publish","type":"inlagg","link":"https:\/\/www.hagainitiativet.se\/en\/inlagg\/magdalena-kettis-klimatansvar-ar-foretagsansvar\/","title":{"rendered":"Magdalena Kettis: Klimatansvar \u00e4r f\u00f6retagsansvar"},"content":{"rendered":"","protected":false},"excerpt":{"rendered":"","protected":false},"featured_media":3930,"parent":0,"template":"","kategori":[23],"class_list":["post-3928","inlagg","type-inlagg","status-publish","has-post-thumbnail","hentry","kategori-hagabloggen"],"meta_box":{"show_post_en":"0","text":"<div class=\"eight s-twelve artcontent\">\n<p>De flesta \u00e4r idag \u00f6verens om att en snabb \u00f6verg\u00e5ng till en s\u00e5 kallad \u201dlow-carbon economy\u201d eller gr\u00f6n ekonomi \u00e4r n\u00f6dv\u00e4ndig f\u00f6r att \u00e5stadkomma h\u00e5llbar utveckling, ekonomisk tillv\u00e4xt och nya jobb. De f\u00f6retag som ser m\u00f6jligheterna i den h\u00e4r \u00f6verg\u00e5ngen \u00e4r framtidens f\u00f6retag. Att delta i klimatinitiativ \u2013 allt fr\u00e5n forsknings- och utvecklingsprojekt inom den egna branschen till att samarbeta sektor\u00f6verskridande med andra f\u00f6retag - \u00e4r viktigt f\u00f6r att kunna utveckla nya produkter och tj\u00e4nster som p\u00e5skyndar \u00f6verg\u00e5ngen och bidrar positivt till f\u00f6retagens v\u00e4rde. Detta minskar \u00e4ven aff\u00e4rsriskerna i den egna verksamheten och de risker som \u00e4r kopplade till klimatf\u00f6r\u00e4ndringarna.<\/p>\n<p>Coca-Cola Enterprises ser engagemanget i Hagainititiativet som ett av v\u00e5ra viktigaste lokala klimatinitiativ. Vi \u00e4r ett globalt varum\u00e4rke men med en stark lokal f\u00f6rankring. Hagainititiativet ger oss en m\u00f6jlighet att ta aktivt klimatansvar p\u00e5 f\u00f6retagsniv\u00e5 och i bredare sammanhang. Att p\u00e5verka andra f\u00f6retag att ta sitt klimatansvar h\u00f6r till v\u00e5rt f\u00f6retagsansvar. F\u00f6r att kunna \u00e5stadkomma en gr\u00f6n ekonomi kr\u00e4vs att fler f\u00f6retag b\u00f6rjar identifiera effekterna av klimatf\u00f6r\u00e4ndringarna p\u00e5 den egna verksamheten och s\u00e4tta konkreta m\u00e5l f\u00f6r hur de kan minska sina CO2-utsl\u00e4pp. F\u00f6r att f\u00e5 ett helhetsperspektiv p\u00e5 de risker som \u00e4r kopplade till klimatf\u00f6r\u00e4ndringar m\u00e5ste f\u00f6retag ocks\u00e5 hantera de faktorer som ligger utanf\u00f6r den egna verksamheten.<\/p>\n<p>Ett exempel \u00e4r det p\u00e5verkansarbete som Coca-Cola Enterprises g\u00f6r p\u00e5 distributionssidan f\u00f6r att minska klimatp\u00e5verkan av godstransporterna. Varje dag transporteras en miljon liter dryck fr\u00e5n centrallagret i Jordbro f\u00f6r distribution till v\u00e5ra kunder. Till anl\u00e4ggningen i Jordbro levereras r\u00e5varor, tomglas och andra produkter som beh\u00f6vs i produktionen. Ca 80% av v\u00e5r lastbilsflotta anv\u00e4nder idag RME.<\/p>\n<p>Vi anlitar \u00e4ven externa \u00e5kerier f\u00f6r v\u00e5ra transporter och vill att \u00e4ven de g\u00e5r \u00f6ver till biodiesel s\u00e5 l\u00e5ngt det \u00e4r m\u00f6jligt. Vi st\u00e4ller inte \u00f6verg\u00e5ngen till RME som ett krav vid v\u00e5ra upphandlingar av externa \u00e5kare. Ist\u00e4llet f\u00f6rs\u00f6ker vi utveckla aff\u00e4rer med de vi redan har avtal med redan. En del i detta \u00e4r att \u00f6verg\u00e5 till mer CO2-v\u00e4nligt drivmedel genom att gemensamt komma fram till vad vi kan g\u00f6ra vad g\u00e4ller RME. Vi kartl\u00e4gger m\u00f6jligheterna och l\u00e4gger upp en plan f\u00f6r hur man ska g\u00e5 \u00f6ver till RME och ocks\u00e5 diesel som inneh\u00e5ller f\u00f6rnybar r\u00e5vara.\u00a0 Kostnaden f\u00f6r att anv\u00e4nda dessa drivmedel \u00e4r ungef\u00e4r densamma som f\u00f6r vanlig diesel, men ger stora CO2 besparingar. M\u00e5nga av \u00e5kerierna har egna uppst\u00e4llda milj\u00f6m\u00e5l och uppskattar att samarbeta med kunder som delar deras ambitioner.<\/p>\n<p>F\u00f6r 2012 ber\u00e4knar vi att 25% av br\u00e4nslef\u00f6rbrukningen f\u00f6r v\u00e5ra k\u00f6pta transporter \u00e4r RME.\u00a0 Vi kommer forts\u00e4tta p\u00e5verka v\u00e5ra leverant\u00f6rer och samarbetspartners. Men vi kommer ocks\u00e5 f\u00f6rs\u00f6ka hitta m\u00f6jligheter att p\u00e5verka och hitta klimatsmarta l\u00f6sningar utanf\u00f6r v\u00e5r egen omedelbara v\u00e4rdekedja.\u00a0 Det \u00e4r antagligen d\u00e4r vi kan f\u00e5 till de stora f\u00f6r\u00e4ndringarna. Och de beh\u00f6vs om vi ska minska riskerna kopplade till klimatf\u00f6r\u00e4ndringarna.<\/p>\n<\/div>\n<div class=\"four s-twelve\"><\/div>\n","qoute":"","name":"","title-company":""},"_links":{"self":[{"href":"https:\/\/www.hagainitiativet.se\/en\/wp-json\/wp\/v2\/inlagg\/3928","targetHints":{"allow":["GET"]}}],"collection":[{"href":"https:\/\/www.hagainitiativet.se\/en\/wp-json\/wp\/v2\/inlagg"}],"about":[{"href":"https:\/\/www.hagainitiativet.se\/en\/wp-json\/wp\/v2\/types\/inlagg"}],"wp:featuredmedia":[{"embeddable":true,"href":"https:\/\/www.hagainitiativet.se\/en\/wp-json\/wp\/v2\/media\/3930"}],"wp:attachment":[{"href":"https:\/\/www.hagainitiativet.se\/en\/wp-json\/wp\/v2\/media?parent=3928"}],"wp:term":[{"taxonomy":"kategori","embeddable":true,"href":"https:\/\/www.hagainitiativet.se\/en\/wp-json\/wp\/v2\/kategori?post=3928"}],"curies":[{"name":"wp","href":"https:\/\/api.w.org\/{rel}","templated":true}]}}