{"id":3960,"date":"2013-03-13T12:40:00","date_gmt":"2013-03-13T11:40:00","guid":{"rendered":"https:\/\/www.hagainitiativet.se\/?post_type=inlagg&#038;p=3960"},"modified":"2022-08-11T12:41:26","modified_gmt":"2022-08-11T10:41:26","slug":"peter-bodor-transparens-i-miljofragor-ger-okat-fortroende%ef%bf%bc","status":"publish","type":"inlagg","link":"https:\/\/www.hagainitiativet.se\/en\/inlagg\/peter-bodor-transparens-i-miljofragor-ger-okat-fortroende%ef%bf%bc\/","title":{"rendered":"Peter Bodor: Transparens i milj\u00f6fr\u00e5gor ger \u00f6kat f\u00f6rtroende\ufffc"},"content":{"rendered":"","protected":false},"excerpt":{"rendered":"","protected":false},"featured_media":3956,"parent":0,"template":"","kategori":[23],"class_list":["post-3960","inlagg","type-inlagg","status-publish","has-post-thumbnail","hentry","kategori-hagabloggen"],"meta_box":{"show_post_en":"0","text":"<p>Senaste m\u00e5nadens uppm\u00e4rksamhet om h\u00e4stk\u00f6tt i mat, som enligt inneh\u00e5llsf\u00f6rteckningen inte inneh\u00e5ller h\u00e4stk\u00f6tt, \u00e4r ett v\u00e4ldigt tydligt exempel p\u00e5 att konsumenter f\u00f6rv\u00e4ntar sig full transparens fr\u00e5n f\u00f6retag. \u201dInget fel med h\u00e4stk\u00f6tt men f\u00f6rs\u00f6k inte lura mig.\u201d Det \u00e4r f\u00f6rst\u00e5s ocks\u00e5 sant f\u00f6r alla andra omr\u00e5den i f\u00f6retagens kommunikation, inte minst det som s\u00e4gs om milj\u00f6 och klimat.<\/p>\n<p>N\u00e4r vi m\u00e4ter konsumenters f\u00f6rtroende f\u00f6r f\u00f6retaget Coca-Cola i Sverige ser vi att en av v\u00e5ra utmaningar \u00e4r just p\u00e5 transparens. Alla k\u00e4nner till produkterna men v\u00e4ldigt f\u00e5 k\u00e4nner till f\u00f6retaget bakom, hur vi arbetar och vilka vi \u00e4r. Det h\u00e4r speglar sj\u00e4lvklart samma f\u00f6reteelse, att det inte l\u00e4ngre r\u00e4cker med ett starkt varum\u00e4rke och en produkt som smakar bra, konsumenterna vill veta hur och var produkterna tillverkas, hur de transporteras, vad de inneh\u00e5ller, hur ingredienserna \u00e4r framst\u00e4llda, osv.<\/p>\n<p>Det \u00e4r d\u00e4rf\u00f6r som vi i dagarna f\u00f6rsta g\u00e5ngen i annonsformat ber\u00e4ttar f\u00f6r den breda allm\u00e4nheten om v\u00e5r starka lokala f\u00f6rankring, v\u00e5r svenska historia och v\u00e5rt milj\u00f6arbete. Tanken med de h\u00e4r annonserna \u00e4r att de ska leda till nyfikenhet och dialog.<\/p>\n<p>Den m\u00e5lgruppen som kanske mest ifr\u00e5gas\u00e4tter f\u00f6retag och \u00e4r or\u00e4ddast f\u00f6r att st\u00e4lla fr\u00e5gor \u00e4r ungdomar. Det \u00e4r d\u00e4rf\u00f6r Coca-Cola under april kommer turnera runt p\u00e5 en H\u00e5llbarhetsturn\u00e9 och tillsammans med Returpack be ungdomarna om hj\u00e4lp med hur vi kan f\u00e5 dem att i st\u00f6rre utstr\u00e4ckning b\u00f6rja panta sina urdruckna f\u00f6rpackningar. Under turn\u00e9n kommer vi att tr\u00e4ffa cirka 4000 ungdomar och p\u00e5 kv\u00e4llarna ska vi, tillsammans med Hagainitiativet, tr\u00e4ffa lokala f\u00f6retag, politiker och forskare f\u00f6r att diskutera hur vi tillsammans med ungdomar kan angripa h\u00e5llbarhetsutmaningarna jorden st\u00e5r inf\u00f6r.<\/p>\n<p>Den gemensamma n\u00e4mnaren f\u00f6r f\u00f6retagen i Hagainitiativet, och det som f\u00f6rde oss samman, var just en \u00f6nskan om \u00f6kad transparans i milj\u00f6- och klimatfr\u00e5gorna. I b\u00f6rjan var ett viktigt budskap fr\u00e5n oss ocks\u00e5 att klimatarbete och l\u00f6nsamhet g\u00e5r hand i hand, eftersom det fanns de som ans\u00e5g att klimatarbete kostar mer \u00e4n vad det smakar. Det k\u00e4nns som att den fr\u00e5gan kan vi ta bort fr\u00e5n v\u00e5r agenda, h\u00e4r har utvecklingen g\u00e5tt \u00e5t r\u00e4tt h\u00e5ll. Men vi kan fortfarande bidra till att inspirera varandra och andra f\u00f6retag till att ber\u00e4tta mer om sitt milj\u00f6arbete, samt att skapa dialog med syfte att hitta nya, kreativa, l\u00f6sningar.<\/p>\n<p>H\u00f6r g\u00e4rna av dig till mig med synpunkter eller fr\u00e5gor p\u00e5 kampanjen.<\/p>\n","qoute":"","name":"","title-company":""},"_links":{"self":[{"href":"https:\/\/www.hagainitiativet.se\/en\/wp-json\/wp\/v2\/inlagg\/3960","targetHints":{"allow":["GET"]}}],"collection":[{"href":"https:\/\/www.hagainitiativet.se\/en\/wp-json\/wp\/v2\/inlagg"}],"about":[{"href":"https:\/\/www.hagainitiativet.se\/en\/wp-json\/wp\/v2\/types\/inlagg"}],"wp:featuredmedia":[{"embeddable":true,"href":"https:\/\/www.hagainitiativet.se\/en\/wp-json\/wp\/v2\/media\/3956"}],"wp:attachment":[{"href":"https:\/\/www.hagainitiativet.se\/en\/wp-json\/wp\/v2\/media?parent=3960"}],"wp:term":[{"taxonomy":"kategori","embeddable":true,"href":"https:\/\/www.hagainitiativet.se\/en\/wp-json\/wp\/v2\/kategori?post=3960"}],"curies":[{"name":"wp","href":"https:\/\/api.w.org\/{rel}","templated":true}]}}