{"id":3977,"date":"2013-06-28T12:45:00","date_gmt":"2013-06-28T10:45:00","guid":{"rendered":"https:\/\/www.hagainitiativet.se\/?post_type=inlagg&#038;p=3977"},"modified":"2022-08-11T12:46:22","modified_gmt":"2022-08-11T10:46:22","slug":"asa-domeij-miljofragan-dominerar-i-almedalen","status":"publish","type":"inlagg","link":"https:\/\/www.hagainitiativet.se\/en\/inlagg\/asa-domeij-miljofragan-dominerar-i-almedalen\/","title":{"rendered":"\u00c5sa Domeij: Milj\u00f6fr\u00e5gan dominerar i Almedalen!"},"content":{"rendered":"","protected":false},"excerpt":{"rendered":"","protected":false},"featured_media":3979,"parent":0,"template":"","kategori":[23],"class_list":["post-3977","inlagg","type-inlagg","status-publish","has-post-thumbnail","hentry","kategori-hagabloggen"],"meta_box":{"show_post_en":"0","text":"<p>Hagainitiativet finns f\u00f6rst\u00e5s med under Almedalsveckan. Ett av Hagainitiativets seminarier har rubriken \u201dVaccinera dig mot pessimismen \u2013 f\u00f6r en h\u00e5llbar framtid!\u201d Anders Str\u00e5lman, Axfoods koncernchef, \u00e4r en av talarna. Vi som jobbar med milj\u00f6fr\u00e5gor \u00e4r nog ofta b\u00e5de pessimister och optimister. Ibland k\u00e4nns utmaningarna gigantiska och andra g\u00e5nger kan man se att det h\u00e4nder en massa positiva saker. N\u00e4r det g\u00e4ller m\u00e4nsklighetens m\u00f6jligheter att hitta praktiska l\u00f6sningar p\u00e5 problemen \u00e4r det l\u00e4tt att vara \u00f6vertygad om att klimatfr\u00e5gan kan hanteras. Men n\u00e4r det g\u00e4ller m\u00e4nsklighetens vilja att g\u00f6ra n\u00e5got kan man vara mer pessimistisk.<\/p>\n<p>Ett exempel p\u00e5 en v\u00e4xande positiv m\u00f6jlighet \u00e4r solenergin. Dagab, som sk\u00f6ter lager och transporter inom Axfood, investerar i en stor anl\u00e4ggning f\u00f6r solceller p\u00e5 taket till sitt fryslager i G\u00f6teborg. Ett\u00a0 stort fryslager g\u00f6r f\u00f6rst\u00e5s av med mycket el men \u00e4nd\u00e5 kommer solcellerna att under soliga dagar st\u00e5 f\u00f6r 20 procent av elf\u00f6rbrukningen i anl\u00e4ggningen. Anl\u00e4ggningen ber\u00e4knas producera\u00a0 87\u00a0000 kWh per \u00e5r. Den h\u00e4r typen av satsning \u00e4r ett konkret exempel p\u00e5 positiva praktiska m\u00f6jligheter att jobba med klimatfr\u00e5gan.<\/p>\n<p>Men samtidigt har EU en linje n\u00e4r det g\u00e4ller solceller som g\u00f6r att man kan bli pessimistisk om den politiska viljan att prioritera klimatfr\u00e5gan. Det \u00e4r n\u00e4mligen troligt att Dagabs anl\u00e4ggning var den sista som kom till EU-omr\u00e5det innan EU inf\u00f6rde tullar p\u00e5 solceller.\u00a0 EU:s politik inneb\u00e4r allts\u00e5 f\u00f6rdyringar f\u00f6r de som vill satsa p\u00e5 f\u00f6rnyelsebar energi. Det \u00e4r m\u00e4rkligt att EU vill begr\u00e4nsa importen av intressant milj\u00f6teknik samtidigt som man har en liberal h\u00e5llning till import av l\u00e5gkvalitetsprodukter fr\u00e5n Kina. Det \u00e4r viktigt att ha bra koll p\u00e5 vilka kemikalier som t ex diverse plastprylar fr\u00e5n Kina inneh\u00e5ller s\u00e5 att man inte f\u00e5r in s\u00e5dant i butikerna som inte \u00e4r l\u00e4mpligt att s\u00e4lja. \u00c4r det inte en m\u00e4rklig prioritering att inte EU \u00e4r tuffare n\u00e4r det g\u00e4ller kraven p\u00e5 den typen av import ist\u00e4llet f\u00f6r att ge sig p\u00e5 att begr\u00e4nsa m\u00f6jligheterna att s\u00e4lja milj\u00f6teknik till EU?<\/p>\n","qoute":"","name":"","title-company":""},"_links":{"self":[{"href":"https:\/\/www.hagainitiativet.se\/en\/wp-json\/wp\/v2\/inlagg\/3977","targetHints":{"allow":["GET"]}}],"collection":[{"href":"https:\/\/www.hagainitiativet.se\/en\/wp-json\/wp\/v2\/inlagg"}],"about":[{"href":"https:\/\/www.hagainitiativet.se\/en\/wp-json\/wp\/v2\/types\/inlagg"}],"wp:featuredmedia":[{"embeddable":true,"href":"https:\/\/www.hagainitiativet.se\/en\/wp-json\/wp\/v2\/media\/3979"}],"wp:attachment":[{"href":"https:\/\/www.hagainitiativet.se\/en\/wp-json\/wp\/v2\/media?parent=3977"}],"wp:term":[{"taxonomy":"kategori","embeddable":true,"href":"https:\/\/www.hagainitiativet.se\/en\/wp-json\/wp\/v2\/kategori?post=3977"}],"curies":[{"name":"wp","href":"https:\/\/api.w.org\/{rel}","templated":true}]}}