{"id":4036,"date":"2014-05-09T13:04:00","date_gmt":"2014-05-09T11:04:00","guid":{"rendered":"https:\/\/www.hagainitiativet.se\/?post_type=inlagg&#038;p=4036"},"modified":"2022-08-11T13:05:39","modified_gmt":"2022-08-11T11:05:39","slug":"asa-domeij-klimattank-och-lonsamhet-inom-foretagen","status":"publish","type":"inlagg","link":"https:\/\/www.hagainitiativet.se\/en\/inlagg\/asa-domeij-klimattank-och-lonsamhet-inom-foretagen\/","title":{"rendered":"\u00c5sa Domeij: Klimatt\u00e4nk och l\u00f6nsamhet inom f\u00f6retagen"},"content":{"rendered":"","protected":false},"excerpt":{"rendered":"","protected":false},"featured_media":4038,"parent":0,"template":"","kategori":[23],"class_list":["post-4036","inlagg","type-inlagg","status-publish","has-post-thumbnail","hentry","kategori-hagabloggen"],"meta_box":{"show_post_en":"0","text":"<p>Karin Stenmar fr\u00e5n Folksam ber\u00e4ttade att den dag d\u00e5 deras f\u00f6rs\u00e4kringss\u00e4ljare fick i uppdrag att lyfta in milj\u00f6argument i sina telefonsamtal \u00f6kade f\u00f6rs\u00e4ljningen tydligt. Olof Johansson fr\u00e5n Sveaskog f\u00f6rklarade hur utveckling av biobr\u00e4nsleaff\u00e4ren b\u00e5de bidrar till att st\u00e4rka aff\u00e4rerna och bidra till minskad klimatp\u00e5verkan.<\/p>\n<p>Claes Johansson, stolt f\u00f6retr\u00e4dare fr\u00e5n Lantm\u00e4nnen, ber\u00e4ttade om att man hade blivit b\u00e4st i Sustainable Brands och att man lanserat en burgare f\u00f6r skolorna med 50% k\u00f6tt (n\u00f6t och kyckling) och resten vegetabiliska produkter som t ex gula \u00e4rter. Han menade ocks\u00e5 att Lantm\u00e4nnens profil p\u00e5 h\u00e5llbarhetsomr\u00e5det \u00e4r viktig f\u00f6r att beh\u00e5lla medarbetare.<\/p>\n<p>Det var Ledarna som var v\u00e4rdar f\u00f6r frukostm\u00f6tet och d\u00e4rf\u00f6r lyftes ledarskapets betydelse f\u00f6r framg\u00e5ng. Anders Egelrud, VD p\u00e5 Stockholm Exergi, pratade om att ett bra ledarskap p\u00e5 h\u00e5llbarhetsomr\u00e5det m\u00e5ste grundas p\u00e5 verklig \u00f6vertygelse f\u00f6r att bli framg\u00e5ngsrikt. Ledarskapet m\u00e5ste vara starkt s\u00e5 att man har mod att vara l\u00e5ngsiktig. I Europa satsas det mycket p\u00e5 kol f\u00f6r att det \u00e4r det billigaste nu, vilket visar att alla f\u00f6retag inom branschen inte t\u00e4nker l\u00e5ngsiktigt. Jag tycker att man verkligen kan fr\u00e5ga sig var det politiska ledarskapet i Europa finns inom h\u00e5llbarhetsomr\u00e5det n\u00e4r man till\u00e5ter kol att vara ett l\u00f6nsamt alternativ.<\/p>\n<p><em>Skribent:<\/em>\u00a0\u00c5sa Domeij, ansvarig f\u00f6r milj\u00f6 och socialt ansvar p\u00e5 Axfood<\/p>\n","qoute":"","name":"","title-company":""},"_links":{"self":[{"href":"https:\/\/www.hagainitiativet.se\/en\/wp-json\/wp\/v2\/inlagg\/4036","targetHints":{"allow":["GET"]}}],"collection":[{"href":"https:\/\/www.hagainitiativet.se\/en\/wp-json\/wp\/v2\/inlagg"}],"about":[{"href":"https:\/\/www.hagainitiativet.se\/en\/wp-json\/wp\/v2\/types\/inlagg"}],"wp:featuredmedia":[{"embeddable":true,"href":"https:\/\/www.hagainitiativet.se\/en\/wp-json\/wp\/v2\/media\/4038"}],"wp:attachment":[{"href":"https:\/\/www.hagainitiativet.se\/en\/wp-json\/wp\/v2\/media?parent=4036"}],"wp:term":[{"taxonomy":"kategori","embeddable":true,"href":"https:\/\/www.hagainitiativet.se\/en\/wp-json\/wp\/v2\/kategori?post=4036"}],"curies":[{"name":"wp","href":"https:\/\/api.w.org\/{rel}","templated":true}]}}