{"id":4168,"date":"2015-11-30T14:00:00","date_gmt":"2015-11-30T13:00:00","guid":{"rendered":"https:\/\/www.hagainitiativet.se\/?post_type=inlagg&#038;p=4168"},"modified":"2022-08-11T14:01:40","modified_gmt":"2022-08-11T12:01:40","slug":"asa-domeij-klimathopp-i-paris","status":"publish","type":"inlagg","link":"https:\/\/www.hagainitiativet.se\/en\/inlagg\/asa-domeij-klimathopp-i-paris\/","title":{"rendered":"\u00c5sa Domeij: Klimathopp i Paris?"},"content":{"rendered":"","protected":false},"excerpt":{"rendered":"","protected":false},"featured_media":4170,"parent":0,"template":"","kategori":[23],"class_list":["post-4168","inlagg","type-inlagg","status-publish","has-post-thumbnail","hentry","kategori-hagabloggen"],"meta_box":{"show_post_en":"0","text":"<p>Idag inleds det viktiga toppm\u00f6tet om klimatfr\u00e5gan i Paris. V\u00e4rldens ledare ska f\u00f6rs\u00f6ka komma \u00f6verens om den gemensamma utmaningen att komma till r\u00e4tta med de klimatp\u00e5verkande utsl\u00e4ppen. Hittills har samarbetet mellan v\u00e4rldens l\u00e4nder handlat om att f\u00f6rs\u00f6ka bolla ansvaret till andra. Har insikten nu blivit s\u00e5 stor att det leder till handling som p\u00e5 allvar g\u00f6r skillnad?<\/p>\n<p>F\u00f6rra veckan bj\u00f6d ministrarna L\u00f6fven och Romson in de f\u00f6retag som st\u00e4llt sig bakom initiativet \u201dFossilfritt Sverige\u201d till en dialogfrukost inf\u00f6r toppm\u00f6tet. Jag och Nina Ekelund fr\u00e5n f\u00f6retagsn\u00e4tverket Hagainitiativet betonade att det \u00e4r viktigt att politiken underl\u00e4ttar f\u00f6r alla de f\u00f6retag som vill g\u00f6ra mycket i klimatfr\u00e5gan. En viktig sak \u00e4r att h\u00f6ja milj\u00f6skatterna och ist\u00e4llet s\u00e4nka arbetsgivaravgifterna f\u00f6r f\u00f6retagen. L\u00e5ngsiktiga villkor \u00e4r ocks\u00e5 n\u00e5got som g\u00f6r f\u00f6retagens klimatarbete enklare. Inom transportsektorn finns det m\u00e5nga utmaningar, och skattevillkor som gynnar biodrivmedlen \u00e4r n\u00f6dv\u00e4ndiga om de fossila br\u00e4nslena kan fasas ut. Det finns ocks\u00e5 stora m\u00f6jligheter f\u00f6r f\u00f6retagen att investera i solcellsanl\u00e4ggningar p\u00e5 tak. Men d\u00e5 \u00e4r det viktigt att inte beskatta den solel, som man g\u00f6r av med i den egna fastigheten.<\/p>\n<p>Om de ekonomiska incitamenten \u00e4r klimatsmarta s\u00e5 kan n\u00e4ringslivets klimatomst\u00e4llning komma snabbt.<\/p>\n<p>&nbsp;<\/p>\n<p>Foto: Martina Huber\/Regeringskansliet<\/p>\n","qoute":"","name":"","title-company":""},"_links":{"self":[{"href":"https:\/\/www.hagainitiativet.se\/en\/wp-json\/wp\/v2\/inlagg\/4168","targetHints":{"allow":["GET"]}}],"collection":[{"href":"https:\/\/www.hagainitiativet.se\/en\/wp-json\/wp\/v2\/inlagg"}],"about":[{"href":"https:\/\/www.hagainitiativet.se\/en\/wp-json\/wp\/v2\/types\/inlagg"}],"wp:featuredmedia":[{"embeddable":true,"href":"https:\/\/www.hagainitiativet.se\/en\/wp-json\/wp\/v2\/media\/4170"}],"wp:attachment":[{"href":"https:\/\/www.hagainitiativet.se\/en\/wp-json\/wp\/v2\/media?parent=4168"}],"wp:term":[{"taxonomy":"kategori","embeddable":true,"href":"https:\/\/www.hagainitiativet.se\/en\/wp-json\/wp\/v2\/kategori?post=4168"}],"curies":[{"name":"wp","href":"https:\/\/api.w.org\/{rel}","templated":true}]}}