{"id":4174,"date":"2015-12-17T14:02:00","date_gmt":"2015-12-17T13:02:00","guid":{"rendered":"https:\/\/www.hagainitiativet.se\/?post_type=inlagg&#038;p=4174"},"modified":"2022-08-11T14:03:34","modified_gmt":"2022-08-11T12:03:34","slug":"johan-kuylenstierna-klimatoverenskommelsen-i-paris-en-framgang-for-internationell-samverkan-bra-for-naringslivet","status":"publish","type":"inlagg","link":"https:\/\/www.hagainitiativet.se\/en\/inlagg\/johan-kuylenstierna-klimatoverenskommelsen-i-paris-en-framgang-for-internationell-samverkan-bra-for-naringslivet\/","title":{"rendered":"Johan Kuylenstierna: Klimat\u00f6verenskommelsen i Paris \u2013 en framg\u00e5ng f\u00f6r internationell samverkan, bra f\u00f6r n\u00e4ringslivet"},"content":{"rendered":"","protected":false},"excerpt":{"rendered":"","protected":false},"featured_media":4176,"parent":0,"template":"","kategori":[23],"class_list":["post-4174","inlagg","type-inlagg","status-publish","has-post-thumbnail","hentry","kategori-hagabloggen"],"meta_box":{"show_post_en":"0","text":"<p>D\u00e4r satt den! Det var nog fler \u00e4n jag som k\u00e4nde s\u00e5 i l\u00f6rdags kv\u00e4ll n\u00e4r jublet br\u00f6t ut vid klimatkonferensen (COP21) i Paris. Efter \u00e5r av f\u00f6rhandlande kom n\u00e4sta alla jordens l\u00e4nder \u00f6verens om ett avtal som inte bara inneb\u00e4r att vi har lagt oss p\u00e5 en niv\u00e5 av minsta gemensamma n\u00e4mnare, utan faktiskt har lyckats l\u00e4gga fast vad som i grunden \u00e4r en ambiti\u00f6s agenda f\u00f6r att hantera en av v\u00e5r tids st\u00f6rsta milj\u00f6- och utvecklingsutmaningar; en omst\u00e4llning till ett resurseffektivt och klimatsmart samh\u00e4lle. Det \u00e4r n\u00e4mligen detta klimatfr\u00e5gan handlar om. Det \u00e4r inte l\u00e4ngre en marginell milj\u00f6fr\u00e5ga utan i grunden en fr\u00e5ga om hur ett framtida v\u00e4lf\u00e4rdssamh\u00e4lle ska bli m\u00f6jligt f\u00f6r en majoritet (och helst alla) jordens inv\u00e5nare i st\u00e4llet f\u00f6r som idag ett privilegium f\u00f6r en minoritet. D\u00e5 kommer vi att beh\u00f6va st\u00e4lla om v\u00e5ra energi- och transportsystem, fundera \u00f6ver hur vi kan bygga resurseffektiva st\u00e4der, hur vi kan f\u00e5 ett jordbruk som kan f\u00f6rs\u00f6rja jordens befolkning utan att utarma vitala ekosystem och orsaka nettoutsl\u00e4pp av v\u00e4xthusgaser, och samtidigt ocks\u00e5 skapa arbete och utvecklingsm\u00f6jligheter f\u00f6r m\u00e4nniskor i alla delar av v\u00e4rlden. Det \u00e4r alla de h\u00e4r underliggande fr\u00e5gorna som g\u00f6r klimatf\u00f6rhandlingarna s\u00e5 komplexa, s\u00e5 viktiga och s\u00e5 sp\u00e4nnande!<\/p>\n<p>F\u00f6r 6 \u00e5r sedan avslutades klimatm\u00f6tet i K\u00f6penhamn (COP15) i vad som n\u00e4rmast kan likna vid kaos. M\u00e5nga, inklusive jag sj\u00e4lv, k\u00e4nde frustration \u00f6ver hur det multilaterala systemet hade misslyckats med att n\u00e5 fram till ett avtal som skulle ta vid n\u00e4r det s\u00e5 kallade Kyotoprotokollet l\u00f6pte ut. Men m\u00f6tet i K\u00f6penhamn var inte enbart ett misslyckande och allt eftersom tiden har g\u00e5tt s\u00e5 \u00e4r det faktiskt tydligt att kollapsen i K\u00f6penhamn till viss del la grunden f\u00f6r succ\u00e9n i Paris. Hur kan det vara s\u00e5? N\u00e4r v\u00e4rldens ledare tr\u00e4ffades i K\u00f6penhamn s\u00e5 blev det uppenbart att s\u00e5 otroligt mycket hade f\u00f6r\u00e4ndrats i v\u00e4rlden j\u00e4mf\u00f6rt med n\u00e4r Klimatkonventionen tr\u00e4dde i kraft 1994 och \u00e4ven j\u00e4mf\u00f6rt med situationen n\u00e4r l\u00e4nderna kommit fram till Kyoto\u00f6verenskommelsen 1997. Den stela uppdelning som fortfarande till\u00e4mpades mellan \u201dfattiga\u201d och \u201drika\u201d l\u00e4nder g\u00e4llde inte l\u00e4ngre och klimatfr\u00e5gan hade breddats. L\u00e4nder som tidigare varit sm\u00e5 utsl\u00e4ppare hade nu blivit stora och ett nytt klimatavtal som inte f\u00e5r med dem skulle bli allt mer verkningsl\u00f6st. Geopolitiken hade f\u00f6r\u00e4ndrats med nya stater som kr\u00e4vde st\u00f6rre p\u00e5verkan (BRICS l\u00e4nderna). Vetenskapen hade presenterat nya analyser \u00f6ver allvaret av situationen vilket pekade p\u00e5 behoven av mer djupg\u00e5ende omst\u00e4llning av grundl\u00e4ggande samh\u00e4llssystem. Vi var m\u00e5nga som fn\u00f6s \u00e5t \u201dCopenhagen Accord\u201d men den har visat sig inneh\u00e5lla viktiga byggstenar f\u00f6r den process som kom att f\u00f6lja m\u00f6tet. H\u00e4r lyfts klimatfinansiering fram, behovet av att bygga p\u00e5 nationella planer och \u00e4ven det s\u00e5 kallade 2-gradersm\u00e5let.<\/p>\n<p>S\u00e5, vad har vi d\u00e5 f\u00e5tt i Paris? Vi har bland annat f\u00e5tt ett avtal som v\u00e5gar tala om 1.5 grader som en mer ambiti\u00f6s m\u00e5ls\u00e4ttning. Det visar att l\u00e4nderna nu ser allt st\u00f6rre m\u00f6jligheter, inte minst tack vara en mycket snabb teknikutveckling. Vi har f\u00e5tt ett avtal som inkluderar alla l\u00e4nder, genom ett smart system av nationella planer; planer som bygger p\u00e5 l\u00e4nders egna f\u00f6ruts\u00e4ttningar och f\u00f6rm\u00e5ga att arbeta med att begr\u00e4nsa utsl\u00e4pp och minska negativ p\u00e5verkan fr\u00e5n klimatf\u00f6r\u00e4ndringar. Vi har f\u00e5tt en process p\u00e5 plats som inneb\u00e4r att l\u00e4ndernas arbete ska redovisas och utv\u00e4rderas och d\u00e4r hela grundtanken \u00e4r en \u00f6kad ambition \u00f6ver tid; n\u00e4r \u00e4n b\u00e4ttre f\u00f6ruts\u00e4ttningar och tekniska l\u00f6sningar finns p\u00e5 plats. Vi har f\u00e5tt ett avtal som tydligg\u00f6r att \u00e4ven klimatanpassning har globala dimensioner och kr\u00e4ver internationell samverkan. Till och med finansieringsfr\u00e5gorna har f\u00f6rtydligats. Visst, mycket \u00e5terst\u00e5r att klarg\u00f6rande under kommande \u00e5r, men en stabil grund \u00e4r lagd.<\/p>\n<p>\u00c4r avtalet i Paris bra f\u00f6r n\u00e4ringslivet? Spelar det \u00f6ver huvud taget n\u00e5gon roll? Absolut. Det var intressant \u2013 och stimulerande \u2013 att se hur n\u00e4ringslivet och \u00e4ven tex st\u00e4der drev p\u00e5 diskussionerna i Paris. Fr\u00e5n att ha tidigare agerat som bromsklossar \u00e4r nu m\u00e5nga f\u00f6retag (om \u00e4n inte alla) p\u00e5tryckare och kr\u00e4ver tydligt, politisk agerande. Och jag menar att avtalet \u00e4r ett viktigt steg i den riktningen. Det finns nu en politiskt uttalad global m\u00e5ls\u00e4ttning som kommer att s\u00e4tta spelregler fram\u00f6ver vad g\u00e4ller styrmedel, utveckling och investeringar. De nationella planerna kan ses som utvecklingsplaner, som b\u00e5de skapar grunden f\u00f6r tydligare nationella m\u00e5ls\u00e4ttningar men \u00e4ven ligger till grund f\u00f6r investeringar och omst\u00e4llning. Det inneb\u00e4r inte minst aff\u00e4rsm\u00f6jligheter. Men \u2013 fortfarande \u00e5terst\u00e5r mycket arbete som sagt; det finns inga skrivningar om gemensamma niv\u00e5er p\u00e5 tex koldioxidskatter eller andra tydliga, globala regelverk som skulle kunna skapa en b\u00e4ttre och mer r\u00e4ttvis spelplan och l\u00e5ngsiktighet. Jag menar att n\u00e4ringslivet, allt fr\u00e5n f\u00f6retag till nationella och internationella branschorganisationer, m\u00e5ste forts\u00e4tta att trycka p\u00e5 och vara aktiva, konstruktiva partners i det fortsatta klimatarbetet. Det \u00e4r nu ocks\u00e5 ett bra l\u00e4ge att s\u00e4tta upp tydliga, egna m\u00e5ls\u00e4ttningar om fossilfri verksamhet eller \u201dnetto 0\u201d \u2013 om alla f\u00f6retag (och st\u00e4der) g\u00f6r det, d\u00e5 n\u00e5r vi en mycket l\u00e5ng bit p\u00e5 v\u00e4gen f\u00f6r att uppn\u00e5 det resurseffektiva, klimatsmarta v\u00e4lf\u00e4rdssamh\u00e4llet! Efter Paris finns det inget l\u00e4ngre att v\u00e4nta p\u00e5!<\/p>\n","qoute":"","name":"","title-company":""},"_links":{"self":[{"href":"https:\/\/www.hagainitiativet.se\/en\/wp-json\/wp\/v2\/inlagg\/4174","targetHints":{"allow":["GET"]}}],"collection":[{"href":"https:\/\/www.hagainitiativet.se\/en\/wp-json\/wp\/v2\/inlagg"}],"about":[{"href":"https:\/\/www.hagainitiativet.se\/en\/wp-json\/wp\/v2\/types\/inlagg"}],"wp:featuredmedia":[{"embeddable":true,"href":"https:\/\/www.hagainitiativet.se\/en\/wp-json\/wp\/v2\/media\/4176"}],"wp:attachment":[{"href":"https:\/\/www.hagainitiativet.se\/en\/wp-json\/wp\/v2\/media?parent=4174"}],"wp:term":[{"taxonomy":"kategori","embeddable":true,"href":"https:\/\/www.hagainitiativet.se\/en\/wp-json\/wp\/v2\/kategori?post=4174"}],"curies":[{"name":"wp","href":"https:\/\/api.w.org\/{rel}","templated":true}]}}