{"id":4201,"date":"2016-03-30T14:14:00","date_gmt":"2016-03-30T12:14:00","guid":{"rendered":"https:\/\/www.hagainitiativet.se\/?post_type=inlagg&#038;p=4201"},"modified":"2022-08-11T14:15:20","modified_gmt":"2022-08-11T12:15:20","slug":"cecilia-vag-tank-efter-fore","status":"publish","type":"inlagg","link":"https:\/\/www.hagainitiativet.se\/en\/inlagg\/cecilia-vag-tank-efter-fore\/","title":{"rendered":"Cecilia V\u00e5g: T\u00e4nk efter f\u00f6re!"},"content":{"rendered":"","protected":false},"excerpt":{"rendered":"","protected":false},"featured_media":4203,"parent":0,"template":"","kategori":[23],"class_list":["post-4201","inlagg","type-inlagg","status-publish","has-post-thumbnail","hentry","kategori-hagabloggen"],"meta_box":{"show_post_en":"0","text":"<p>Under mars genomf\u00f6rde Stena Recycling sex seminarier i landet p\u00e5 temat \u201dH\u00e5llbara aff\u00e4rer\u201d. Seminarierna har samlat deltagare fr\u00e5n n\u00e4ringsliv, samh\u00e4lle och universitet och vi har tillsammans diskuterat hur \u00f6verblivet material kan hanteras s\u00e5 resurseffektivt och s\u00e4kert som m\u00f6jligt men ocks\u00e5 hur restavfallet bidrar till att \u00f6ka produktivitet och l\u00f6nsamhet.<\/p>\n<p>Genomg\u00e5ende vid samtliga tillf\u00e4llen har varit publikens \u00f6nskan om mer kunskap. Kunskap om effektiv \u00e5tervinning d\u00e4r det finns ett f\u00f6re, ett under och ett efter. Hur kan jag redan p\u00e5 f\u00f6rhand planera f\u00f6r hur min produkt ska tillverkas, anv\u00e4ndas och \u00e5tervinnas f\u00f6r att ge varan ett l\u00e4ngre liv eller r\u00e4ttare sagt g\u00f6ra varans best\u00e5ndsdelar mer h\u00e5llbara?<\/p>\n<p>Vi kallar det f\u00f6r \u201dDesign f\u00f6r \u00e5tervinning\u201d och det \u00e4r v\u00e5r starka \u00f6vertygelse att just t\u00e4nka helhet i en produktion, \u00e4r att ta ansvar. Men, det finns inte n\u00e5gra riktiga incitament i dag f\u00f6r att ta det ansvaret fullt ut i producentledet. Det spelar liksom ingen roll om varan \u00e4r bra eller d\u00e5lig ur ett h\u00e5llbarhetsperspektiv. Vi hoppas d\u00e4rf\u00f6r att EU-kommissionens direktiv kring cirkul\u00e4r ekonomi ska bidra till att f\u00f6r\u00e4ndra detta och d\u00e4rmed m\u00f6jligg\u00f6ra att milj\u00f6kloka produkter, varor och tj\u00e4nster har ett h\u00f6gre v\u00e4rde som ocks\u00e5 genererar en peng.<\/p>\n<p>V\u00e4rdet av att utg\u00e5 fr\u00e5n ett livscykelperspektiv diskuteras ocks\u00e5 av allt fler, inte minst i ett globalt perspektiv och vi m\u00e4rker ett allt st\u00f6rre intresse fr\u00e5n v\u00e5ra kunder i att l\u00e4ra sig mer f\u00f6r att g\u00f6ra r\u00e4tt. Vi i Sverige kan g\u00f6ra skillnad redan h\u00e4r och nu, eftersom vi har f\u00f6ruts\u00e4ttningarna och m\u00f6jligheterna. Vi \u00e4r en stor exportnation. V\u00e5ra varor och tj\u00e4nster finns \u00f6ver hela v\u00e4rlden och vi har alla m\u00f6jligheter att t\u00e4nka efter f\u00f6re genom att producera p\u00e5 ett s\u00e4tt som gynnar klimatet samt milj\u00f6n och som framf\u00f6r allt g\u00f6r att vi kan \u00e5teranv\u00e4nda r\u00e5varorna som blir resultatet av \u00e5tervinningen.<\/p>\n<p>De som redan nu t\u00e4nker efter f\u00f6re, kommer att ha ett f\u00f6rspr\u00e5ng. De vet vad produkten eller tj\u00e4nsten best\u00e5r av, de vet hur den anv\u00e4nds p\u00e5 b\u00e4sta s\u00e4tt och de vet hur den ska \u00e5tervinnas. Materialet f\u00e5r ett v\u00e4rde f\u00f6r framtiden och ju renare fl\u00f6den desto l\u00e4ngre h\u00e5llbarhet.<\/p>\n<p>Jag ska ge ett exempel. Nybro Energi bygger ett nytt kraftv\u00e4rmeverk som ska producera klimatklok v\u00e4rme och el. F\u00f6rutom att Stena Recycling ansvarar f\u00f6r br\u00e4nslef\u00f6rs\u00f6rjningen genomf\u00f6r vi ocks\u00e5 en f\u00f6rsortering av avfallet som inneb\u00e4r att metaller sorteras ut och \u00e5tervinns ist\u00e4llet f\u00f6r att hamna i pannan. Det g\u00f6r att f\u00f6rbr\u00e4nningsaskan blir renare och underh\u00e5llskostnader f\u00f6r anl\u00e4ggningen, relaterat till avfallet, kan undvikas. Vi sorterar r\u00e4tt, f\u00f6r att undvika f\u00f6rbr\u00e4nning av s\u00e5dant som kan anv\u00e4ndas p\u00e5 ett b\u00e4ttre s\u00e4tt. En resurssmart produktion helt enkelt. Eftersom vi \u00e4r f\u00f6r en lagstiftning som inneb\u00e4r att avfall ska sorteras och material\u00e5tervinnas innan det f\u00f6rbr\u00e4nns, \u00e4r det viktigt att vi ocks\u00e5 har l\u00f6sningar. L\u00f6sningar som vi g\u00e4rna delar med oss av f\u00f6r att \u00f6ka kunskapen om hur man f\u00f6rflyttar sig upp\u00e5t i avfallstrappan och d\u00e4rmed skapar en mer h\u00e5llbar framtid.<\/p>\n<p>Vi t\u00e4nker efter f\u00f6re, g\u00f6r du?<\/p>\n","qoute":"","name":"","title-company":""},"_links":{"self":[{"href":"https:\/\/www.hagainitiativet.se\/en\/wp-json\/wp\/v2\/inlagg\/4201","targetHints":{"allow":["GET"]}}],"collection":[{"href":"https:\/\/www.hagainitiativet.se\/en\/wp-json\/wp\/v2\/inlagg"}],"about":[{"href":"https:\/\/www.hagainitiativet.se\/en\/wp-json\/wp\/v2\/types\/inlagg"}],"wp:featuredmedia":[{"embeddable":true,"href":"https:\/\/www.hagainitiativet.se\/en\/wp-json\/wp\/v2\/media\/4203"}],"wp:attachment":[{"href":"https:\/\/www.hagainitiativet.se\/en\/wp-json\/wp\/v2\/media?parent=4201"}],"wp:term":[{"taxonomy":"kategori","embeddable":true,"href":"https:\/\/www.hagainitiativet.se\/en\/wp-json\/wp\/v2\/kategori?post=4201"}],"curies":[{"name":"wp","href":"https:\/\/api.w.org\/{rel}","templated":true}]}}