{"id":4243,"date":"2016-11-10T14:32:00","date_gmt":"2016-11-10T13:32:00","guid":{"rendered":"https:\/\/www.hagainitiativet.se\/?post_type=inlagg&#038;p=4243"},"modified":"2022-08-11T14:33:10","modified_gmt":"2022-08-11T12:33:10","slug":"asa-domeij-naringslivet-driver-pa-i-klimatfragan","status":"publish","type":"inlagg","link":"https:\/\/www.hagainitiativet.se\/en\/inlagg\/asa-domeij-naringslivet-driver-pa-i-klimatfragan\/","title":{"rendered":"\u00c5sa Domeij: N\u00e4ringslivet driver p\u00e5 i klimatfr\u00e5gan"},"content":{"rendered":"","protected":false},"excerpt":{"rendered":"","protected":false},"featured_media":4038,"parent":0,"template":"","kategori":[23],"class_list":["post-4243","inlagg","type-inlagg","status-publish","has-post-thumbnail","hentry","kategori-hagabloggen"],"meta_box":{"show_post_en":"0","text":"<p>I onsdags var jag p\u00e5 frukostseminarium i riksdagen med rubriken \u201dHur kan klimatpolitiken bli l\u00f6nsam f\u00f6r f\u00f6retagen?\u201d. Seminariet arrangerades gemensamt av Hagainitiativet, F\u00f6retagarna och Milj\u00f6partiet. I grunden var b\u00e5de politiker och n\u00e4ringslivsf\u00f6retr\u00e4dare \u00f6verens om klimatfr\u00e5gans vikt och engagerade i att vara p\u00e5drivande och hitta l\u00f6sningar. Under seminariet blev det ocks\u00e5 klart att USA f\u00e5tt en klimatskeptiker till president. S\u00e5 kontrasten var stor mellan de fram\u00e5tsyftande diskussioner som vi hade p\u00e5 seminariet och den oro man kan ha f\u00f6r vad presidentvalet i USA kan ha f\u00f6r p\u00e5verkan p\u00e5 v\u00e4rldens klimatarbete.<\/p>\n<p>Milj\u00f6minister Karolina Skog upplever att dagens n\u00e4ringsliv \u00e4r p\u00e5drivande i klimatfr\u00e5gan. N\u00e4ringslivet beh\u00f6ver verkligen politikernas engagemang f\u00f6r att kunna komma l\u00e4ngre i klimatarbetet. Fr\u00e5gan om l\u00e5ngsiktighet \u00f6ver mandatperioderna togs upp. Det g\u00e4ller t. ex. de ekonomiska villkoren f\u00f6r biodrivmedel. Ju mer l\u00f6nsamt politiska beslut kan g\u00f6ra klimatarbetet desto snabbare kommer det g\u00e5 i n\u00e4ringslivet. B\u00e5de innovation och anv\u00e4ndningen av nya innovationer \u00e4r beroende av de ekonomiska signalerna. F\u00f6r f\u00f6retagen \u00e4r det d\u00e4rf\u00f6r positivt med uppg\u00f6relser \u00f6ver blockgr\u00e4nsen.<\/p>\n<p>Vi diskuterade ocks\u00e5 att det kan vara sv\u00e5rt att fatta politiska beslut eftersom de som f\u00f6rlorar p\u00e5 besluten, eller tror sig f\u00f6rlora p\u00e5 besluten, h\u00f6rs mest i debatten. D\u00e4rf\u00f6r \u00e4r det viktigt att f\u00f6retag som vill ha klimatbeslut ocks\u00e5 \u00e4r aktiva. Politikerna b\u00f6r ocks\u00e5 bidra till en bra dialog med de f\u00f6retag som mots\u00e4tter sig klimatbeslut. Om dialogen blir av innan positionerna blir f\u00f6r l\u00e5sta finns det stora m\u00f6jligheter att modifiera f\u00f6rslag s\u00e5 att de fungerar f\u00f6r f\u00f6retagen och \u00e4nd\u00e5 \u00e4r effektiva n\u00e4r det g\u00e4ller att minska klimatp\u00e5verkan.<\/p>\n<p><a href=\"https:\/\/www.hagainitiativet.se\/files\/import\/wp-content\/uploads\/2016\/11\/Bild-alla.jpg\"><img class=\"alignnone size-medium wp-image-8955\" src=\"https:\/\/www.hagainitiativet.se\/files\/import\/wp-content\/uploads\/2016\/11\/Bild-alla-300x186.jpg\" \/><\/a><\/p>\n","qoute":"","name":"","title-company":""},"_links":{"self":[{"href":"https:\/\/www.hagainitiativet.se\/en\/wp-json\/wp\/v2\/inlagg\/4243","targetHints":{"allow":["GET"]}}],"collection":[{"href":"https:\/\/www.hagainitiativet.se\/en\/wp-json\/wp\/v2\/inlagg"}],"about":[{"href":"https:\/\/www.hagainitiativet.se\/en\/wp-json\/wp\/v2\/types\/inlagg"}],"wp:featuredmedia":[{"embeddable":true,"href":"https:\/\/www.hagainitiativet.se\/en\/wp-json\/wp\/v2\/media\/4038"}],"wp:attachment":[{"href":"https:\/\/www.hagainitiativet.se\/en\/wp-json\/wp\/v2\/media?parent=4243"}],"wp:term":[{"taxonomy":"kategori","embeddable":true,"href":"https:\/\/www.hagainitiativet.se\/en\/wp-json\/wp\/v2\/kategori?post=4243"}],"curies":[{"name":"wp","href":"https:\/\/api.w.org\/{rel}","templated":true}]}}