{"id":4325,"date":"2019-04-02T15:02:00","date_gmt":"2019-04-02T13:02:00","guid":{"rendered":"https:\/\/www.hagainitiativet.se\/?post_type=inlagg&#038;p=4325"},"modified":"2022-08-11T15:03:04","modified_gmt":"2022-08-11T13:03:04","slug":"johanna-sandahl-behovs-klartext-i-klimatpolitiken","status":"publish","type":"inlagg","link":"https:\/\/www.hagainitiativet.se\/en\/inlagg\/johanna-sandahl-behovs-klartext-i-klimatpolitiken\/","title":{"rendered":"Johanna Sandahl: Beh\u00f6vs klartext i klimatpolitiken!"},"content":{"rendered":"","protected":false},"excerpt":{"rendered":"","protected":false},"featured_media":4327,"parent":0,"template":"","kategori":[23],"class_list":["post-4325","inlagg","type-inlagg","status-publish","has-post-thumbnail","hentry","kategori-hagabloggen"],"meta_box":{"show_post_en":"0","text":"<p>Ibland \u00e4r det som att det kr\u00e4vs megafoner, trummor och cymbaler f\u00f6r att folk ska reagera och m\u00e4rka att n\u00e5got \u00e4r p\u00e5 g\u00e5ng. Ibland verkar inte ens det r\u00e4cka. Som det h\u00e4r med att fossila br\u00e4nslen inte ska anv\u00e4ndas mer. Hejd\u00e5, good bye fossila br\u00e4nslen, har ju klimatforskningen sagt i decennier. Men har stater, marknader och individer reagerat i den utstr\u00e4ckning som kr\u00e4vs? Ja, kanske n\u00e5gra. Men f\u00f6r de allra flesta verkar polletten inte riktigt ha trillat ner. F\u00f6r det \u00e4r n\u00e5got som inte riktigt st\u00e4mmer n\u00e4r det idag \u2013 ungef\u00e4r 10 \u00e5r innan Sveriges utsl\u00e4pp b\u00f6r vara nere p\u00e5 noll \u2013 planeras f\u00f6r s\u00e5dant som en expansion av Arlanda eller ett nytt oljeraffinaderi som kommer att inneb\u00e4ra att de svenska klimatm\u00e5len \u00e4r helt k\u00f6rda. Jag tror att det \u00e4r dags att prata mer i klartext. Jag tror att det \u00e4r dags att f\u00f6rbjuda fossila br\u00e4nslen.<\/p>\n<p>Den rapport som FN:s klimatpanel sl\u00e4ppte i h\u00f6stas visar att det \u00e4r akut br\u00e5ttom att minska utsl\u00e4ppen.\u00a0<strong>Det som st\u00e5r p\u00e5 spel \u00e4r m\u00e4nsklighetens m\u00f6jlighet till f\u00f6rs\u00f6rjning av mat, vatten och v\u00e5r s\u00e4kerhet. Vissa k\u00e4nsliga ekosystem st\u00e5r redan p\u00e5 randen till kollaps och forskarna varnar f\u00f6r accelererande artutrotning. F\u00f6rra sommarens extremv\u00e4rme, torka och br\u00e4nder gav oss en f\u00f6raning om vad som kan ske i takt med att temperaturen stiger.<\/strong><\/p>\n<p>Fossil energi, som m\u00f6jliggjort mycket av v\u00e5r tekniska utveckling och v\u00e5rt v\u00e4lst\u00e5nd, \u00e4r p\u00e5 v\u00e4g att ta oss mot en global katastrof.\u00a0<strong>\u00c4nd\u00e5 \u00e4r fossila br\u00e4nslen fortfarande till\u00e5tna. De \u00e4r l\u00e4ttillg\u00e4ngliga och dessutom billiga. Priserna h\u00e5lls nere av globala subventioner p\u00e5 flera tusen miljarder dollar varje \u00e5r. Fortfarande planeras och investeras det i f\u00f6retag, l\u00e4nder och kommuner som om vi kommer att kunna anv\u00e4nda fossila br\u00e4nslen i flera \u00e5rtionden fram\u00f6ver. Det b\u00e4ddar f\u00f6r katastrof.<\/strong><\/p>\n<p>Sveriges oerh\u00f6rt privilegierade utg\u00e5ngsl\u00e4ge med rik tillg\u00e5ng p\u00e5 vatten och bioenergi inneb\u00e4r ett ansvar att g\u00e5 f\u00f6re och fasa ut fossilt br\u00e4nsle. Ett f\u00f6rbud mot fossila br\u00e4nslen i Sverige senast 2030 (ok \u2013 visst det kan beh\u00f6vas ett lite senare stoppdatum f\u00f6r vissa sektorer, som st\u00e5lindustrin) skulle ge en tydlig signal till hela samh\u00e4llet, och en acceptabel tid f\u00f6r omst\u00e4llningen mot ett helt f\u00f6rnybart energisystem. Annars riskerar vi om tio \u00e5r att hamna i en situation d\u00e4r omst\u00e4llningen tvingas fram med en mycket kort framf\u00f6rh\u00e5llning, och till en betydligt h\u00f6gre kostnad f\u00f6r samh\u00e4llet.<\/p>\n<p>Kanske \u00e4r det dags att packa ner megafonen, trumman och cymbalen. Kanske \u00e4r smidigare och lugnare med ett klart och tydligt beslut om ett slutdatum f\u00f6r fossila br\u00e4nslen. F\u00f6rst d\u00e5 verkar polletten kunna trilla ner.<\/p>\n<p><strong>Johanna Sandahl, ordf\u00f6rande Naturskyddsf\u00f6reningen<\/strong><\/p>\n","qoute":"<p>\"Jag tror att det \u00e4r dags att prata mer i klartext. Jag tror att det \u00e4r dags att f\u00f6rbjuda fossila br\u00e4nslen.\"<\/p>\n<p><strong>Johanna Sandahl, Naturskyddsf\u00f6reningen<\/strong><\/p>\n","name":"","title-company":""},"_links":{"self":[{"href":"https:\/\/www.hagainitiativet.se\/en\/wp-json\/wp\/v2\/inlagg\/4325","targetHints":{"allow":["GET"]}}],"collection":[{"href":"https:\/\/www.hagainitiativet.se\/en\/wp-json\/wp\/v2\/inlagg"}],"about":[{"href":"https:\/\/www.hagainitiativet.se\/en\/wp-json\/wp\/v2\/types\/inlagg"}],"wp:featuredmedia":[{"embeddable":true,"href":"https:\/\/www.hagainitiativet.se\/en\/wp-json\/wp\/v2\/media\/4327"}],"wp:attachment":[{"href":"https:\/\/www.hagainitiativet.se\/en\/wp-json\/wp\/v2\/media?parent=4325"}],"wp:term":[{"taxonomy":"kategori","embeddable":true,"href":"https:\/\/www.hagainitiativet.se\/en\/wp-json\/wp\/v2\/kategori?post=4325"}],"curies":[{"name":"wp","href":"https:\/\/api.w.org\/{rel}","templated":true}]}}