{"id":4380,"date":"2021-02-24T15:20:00","date_gmt":"2021-02-24T14:20:00","guid":{"rendered":"https:\/\/www.hagainitiativet.se\/?post_type=inlagg&#038;p=4380"},"modified":"2022-08-11T15:21:32","modified_gmt":"2022-08-11T13:21:32","slug":"4-masten-for-en-cirkular-ekonomi","status":"publish","type":"inlagg","link":"https:\/\/www.hagainitiativet.se\/en\/inlagg\/4-masten-for-en-cirkular-ekonomi\/","title":{"rendered":"4 m\u00e5sten f\u00f6r en cirkul\u00e4r ekonomi"},"content":{"rendered":"","protected":false},"excerpt":{"rendered":"","protected":false},"featured_media":4357,"parent":0,"template":"","kategori":[23],"class_list":["post-4380","inlagg","type-inlagg","status-publish","has-post-thumbnail","hentry","kategori-hagabloggen"],"meta_box":{"show_post_en":"0","text":"<p>Under webinariet \u201dF\u00f6r mycket snack och f\u00f6r lite verkstad \u2013 hur f\u00e5r vi fart p\u00e5 cirkul\u00e4ra ekonomin?\u201d var temat just \u201dHur f\u00e5r vi fart p\u00e5 cirkul\u00e4ra ekonomin?\u201d. Vi samlade tio f\u00f6retag fr\u00e5n fler olika branscher, Milj\u00f6departementet, Delegationen f\u00f6r cirkul\u00e4r ekonomi, Circular Sweden och Circular Economy bidrog med sin expertis och fr\u00e5n politiken deltog Malin Bj\u00f6rk (V), Magnus Ek (C) och Betty Malmberg (M).<\/p>\n<p>Det absolut tydligaste f\u00f6r vad som nu beh\u00f6vs f\u00f6r att f\u00e5 fart p\u00e5 den cirkul\u00e4ra ekonomin \u00e4r att skapa en ekonomi som gynnar det cirkul\u00e4ra. Dagens ekonomiska strukturer driver inte det cirkul\u00e4ra. Det var b\u00e5de n\u00e4ringsliv, experter och politiker eniga om och det som lyftes flest g\u00e5nger under webinariets g\u00e5ng. Vad inneb\u00e4r det att st\u00e4lla om ekonomin till att \u00f6ka incitamenten f\u00f6r det cirkul\u00e4ra? H\u00e4r \u00e4r fyra \u00e5tg\u00e4rder som m\u00e5ste till:<\/p>\n<p><strong>1. \u200b<\/strong>Skapa efterfr\u00e5gan p\u00e5 \u00e5tervunna material. Stort fokus har l\u00e4nge varit p\u00e5 avfallet, men alltf\u00f6r lite fokus p\u00e5 att st\u00e4lla krav vid produktionen och att material vid produktion ska vara \u00e5tervunna ist\u00e4llet f\u00f6r jungfruliga.<\/p>\n<p><strong>2.\u00a0<\/strong>F\u00f6r att s\u00e4kerst\u00e4lla att \u00e5tervunna material h\u00e5ller god kvalit\u00e9 \u00e4r produktpass en garant f\u00f6r k\u00f6paren, d\u00e4rf\u00f6r viktigt att produktpassen nu blir verklighet.<\/p>\n<p><strong>3.<\/strong>\u00a0Offentlig upphandling har en s\u00e4rskilt viktig roll f\u00f6r att stimulera den cirkul\u00e4ra ekonomin. Upphandlingar ska inte bara ta in koldioxidutsl\u00e4pp i sin kravst\u00e4llan utan beh\u00f6ver ett st\u00f6rre resurst\u00e4nk. Viktigt att st\u00e4lla krav p\u00e5 \u00e5tervunna material f\u00f6r att \u00f6ka efterfr\u00e5gan.<\/p>\n<p><strong>4.\u00a0<\/strong>Varje enskilt f\u00f6retag har ett ansvar att se \u00f6ver sin aff\u00e4rsmodell. Hur kan den g\u00e5 fr\u00e5n att vara linj\u00e4r till att bli cirkul\u00e4r? H\u00e4r kan avfallshierarkin fungera som en modell; hur kan resursanv\u00e4ndningen minimeras, vad kan \u00e5teranv\u00e4ndas och \u00e5tervinnas? Som ett led i att inspirera fler till nya cirkul\u00e4ra aff\u00e4rer kommer Hagainitiativet under 2021 att samla in och sprida 100 goda exempel p\u00e5 cirkul\u00e4ra aff\u00e4rer,\u00a0<a href=\"https:\/\/www.hagainitiativet.se\/sv\/100-exempel-p%C3%A5-cirkul%C3%A4r-ekonomi\">l\u00e4s mer om det h\u00e4r<\/a>.<\/p>\n<p>F\u00f6r att f\u00e5 fart p\u00e5 den cirkul\u00e4ra ekonomin beh\u00f6vs politiskt mod. Dels \u00e4r det viktigt att den nationella politiken samspelar med EU-politiken och det som g\u00f6rs inom ramen f\u00f6r European Green Deal. Samtidigt beh\u00f6vs en v\u00e4xelverkan mellan medlemsl\u00e4nder och EU d\u00e4r medlemsl\u00e4nder kan och b\u00f6r g\u00e5 f\u00f6re EU f\u00f6r att visa hur det cirkul\u00e4ra ska uppn\u00e5s i praktiken.<\/p>\n<p>Till sist lyftes vikten av att f\u00f6lja upp och utv\u00e4rdera de politiska f\u00f6rslag som lagts f\u00f6r att stimulera en cirkul\u00e4r ekonomi f\u00f6r att veta om man \u00e4r p\u00e5 r\u00e4tt v\u00e4g. Ska vi f\u00e5 fart p\u00e5 den cirkul\u00e4ra ekonomin kr\u00e4vs modiga politiker, tj\u00e4nstepersoner och drivande krafter hos f\u00f6retagen \u2013 alla har sin roll i att l\u00e4mna ekorrhjulet och f\u00e5 de cirkul\u00e4ra att b\u00f6rja snurra.<\/p>\n<p>Nina Ekelund, generalsekreterare, Hagainitiativet<br \/>\nDeniz Butros, politik- och kommunikationsansvarig, Hagainitiativet<\/p>\n","qoute":"<p>\"Ska vi f\u00e5 fart p\u00e5 den cirkul\u00e4ra ekonomin kr\u00e4vs modiga politiker, tj\u00e4nstepersoner och drivande krafter hos f\u00f6retagen \u2013 alla har sin roll i att l\u00e4mna ekorrhjulet och f\u00e5 de cirkul\u00e4ra att b\u00f6rja snurra.\"<\/p>\n<p>Nina Ekelund, generalsekreterare, Hagainitiativet<br \/>\nDeniz Butros, politik- och kommunikationsansvarig, Hagainitiativet<\/p>\n","name":"","title-company":""},"_links":{"self":[{"href":"https:\/\/www.hagainitiativet.se\/en\/wp-json\/wp\/v2\/inlagg\/4380","targetHints":{"allow":["GET"]}}],"collection":[{"href":"https:\/\/www.hagainitiativet.se\/en\/wp-json\/wp\/v2\/inlagg"}],"about":[{"href":"https:\/\/www.hagainitiativet.se\/en\/wp-json\/wp\/v2\/types\/inlagg"}],"wp:featuredmedia":[{"embeddable":true,"href":"https:\/\/www.hagainitiativet.se\/en\/wp-json\/wp\/v2\/media\/4357"}],"wp:attachment":[{"href":"https:\/\/www.hagainitiativet.se\/en\/wp-json\/wp\/v2\/media?parent=4380"}],"wp:term":[{"taxonomy":"kategori","embeddable":true,"href":"https:\/\/www.hagainitiativet.se\/en\/wp-json\/wp\/v2\/kategori?post=4380"}],"curies":[{"name":"wp","href":"https:\/\/api.w.org\/{rel}","templated":true}]}}