{"id":4398,"date":"2022-02-15T15:29:00","date_gmt":"2022-02-15T14:29:00","guid":{"rendered":"https:\/\/www.hagainitiativet.se\/?post_type=inlagg&#038;p=4398"},"modified":"2022-08-11T15:30:15","modified_gmt":"2022-08-11T13:30:15","slug":"2022-aret-da-vi-kan-rakna-med-byggforetagen","status":"publish","type":"inlagg","link":"https:\/\/www.hagainitiativet.se\/en\/inlagg\/2022-aret-da-vi-kan-rakna-med-byggforetagen\/","title":{"rendered":"2022 &#8211; \u00e5ret d\u00e5 vi kan r\u00e4kna med byggf\u00f6retagen"},"content":{"rendered":"","protected":false},"excerpt":{"rendered":"","protected":false},"featured_media":4400,"parent":0,"template":"","kategori":[23],"class_list":["post-4398","inlagg","type-inlagg","status-publish","has-post-thumbnail","hentry","kategori-hagabloggen"],"meta_box":{"show_post_en":"0","text":"<p>Bilen, biffen och bostaden n\u00e4mns ofta som omr\u00e5den d\u00e4r konsumenter kan \u00e4ndra sitt beteende f\u00f6r att leva mer h\u00e5llbart. Och visst har vi sett beteendef\u00f6r\u00e4ndringar, f\u00f6rs\u00e4ljningen av elbilar \u00f6kar s\u00e5v\u00e4l som f\u00f6rs\u00e4ljningen av de alternativa proteinerna. Hur st\u00e5r det d\u00e5 till med bostaden?<\/p>\n<p>I fjol\u00e5rets\u00a0<a href=\"https:\/\/www.jm.se\/globalassets\/jm.se\/om--oss\/nyhetsrum\/media\/nordisk-boendebarometer.pdf\"><em>Nordisk Boendebarometer<\/em>\u00a0<\/a>fr\u00e5n JM testade vi allm\u00e4nhetens inst\u00e4llning till bostaden - och det visade sig att varannan ans\u00e5g att det i framtiden kommer vara viktigare att bo i en milj\u00f6m\u00e4ssigt h\u00e5llbar bostad. Vinterns h\u00f6ga elpriser har \u00f6kat intresset f\u00f6r energieffektiva hus, vilket kanske ocks\u00e5 kan spilla \u00f6ver till \u00f6kat intresse f\u00f6r att bostaden byggts med l\u00e5g klimatp\u00e5verkan. Vi m\u00e4rker ocks\u00e5 fler fr\u00e5gor fr\u00e5n v\u00e5ra kunder om hur de kan leva h\u00e5llbart i v\u00e5ra hus.<\/p>\n<p>\u00d6kat intresse och h\u00f6gre st\u00e4llda krav fr\u00e5n kunderna \u00e4r positivt. Till syvende och sist \u00e4r det \u00e4nd\u00e5 f\u00f6retagen, med backning av teknisk utveckling och politiska satsningar, som beh\u00f6ver ta t\u00e4ten i omst\u00e4llningen till mer h\u00e5llbart byggande. Jag upplever att hela branschen arbetar dedikerat och ansvarsfullt.<\/p>\n<p>F\u00f6r oss p\u00e5 JM handlar det om att s\u00e4tta m\u00e5l, ta fram l\u00f6sningar som kan hj\u00e4lpa oss att n\u00e5 m\u00e5len samt att anv\u00e4nda bra, kvalitativa metoder och verktyg f\u00f6r att ber\u00e4kna klimatp\u00e5verkan.<\/p>\n<p>Att s\u00e4tta upp ett m\u00e5l har varit det enklaste. Att hitta och testa l\u00f6sningarna som kommer hj\u00e4lpa oss att n\u00e5 m\u00e5len \u00e4r mer utmanande, eftersom det inte enbart handlar om v\u00e5ra egna beslut utan \u00e4ven om hur den tekniska utvecklingen och forskningen g\u00e5r. Det \u00e4r ocks\u00e5 en fr\u00e5ga om materialtillg\u00e5ng och mer \u00f6vergripande behov i Sveriges klimatomst\u00e4llning. Den enkla l\u00f6sningen som ofta h\u00f6rs i debatten \u00e4r att skippa cement och bygg helt i tr\u00e4. Tyv\u00e4rr \u00e4r det inte s\u00e5 enkelt - skogen kommer inte att r\u00e4cka om alla ska bygga i tr\u00e4 och andra branscher ocks\u00e5 st\u00e4ller om till tr\u00e4, papper och biobr\u00e4nslen. Dessutom fyller tr\u00e4den en viktig funktion som kols\u00e4nka. P\u00e5 JM testar vi nu att bygga i b\u00e5de tr\u00e4 och klimatf\u00f6rb\u00e4ttrad betong. Vi kommer naturligtvis f\u00f6lja utvecklingen och utv\u00e4rdera v\u00e5ra testprojekt, men jag tror att vi i framtiden kommer beh\u00f6va b\u00e5da materialen n\u00e4r vi bygger hus. \u00d6kat \u00e5terbruk \u00e4r ocks\u00e5 viktigt f\u00f6r att minska resursanv\u00e4ndningen och klimatp\u00e5verkan.<\/p>\n<p>Det som vi tampas mycket med nu \u00e4r att hitta de optimala metoderna och verktygen f\u00f6r att ber\u00e4kna klimatp\u00e5verkan. Med klimatdeklarationslagen som grund och Boverkets klimatdatabas p\u00e5 plats har f\u00f6ruts\u00e4ttningarna st\u00e4rkts avsev\u00e4rt f\u00f6r branschen att g\u00f6ra j\u00e4mf\u00f6rbara ber\u00e4kningar. Det var d\u00e4rf\u00f6r ocks\u00e5 gl\u00e4djande att\u00a0<a href=\"https:\/\/www.kth.se\/aktuellt\/nyheter\/ny-forskning-visar-byggnaders-klimatpaverkan-1.1139003\">KTH f\u00f6r ett par veckor sedan presenterade en ny studie<\/a>\u00a0d\u00e4r de ber\u00e4knat klimatp\u00e5verkan p\u00e5 ett stort antal byggnader.<\/p>\n<p>Det som \u00e5terst\u00e5r \u00e4r ber\u00e4kningsmetoderna och verktygen ocks\u00e5 f\u00f6r byggnadens hela livscykel. Tillsammans med flertalet andra akt\u00f6rer har vi precis l\u00e4mnat in en ans\u00f6kan om att driva ett projekt med just m\u00e5let att skapa en gemensam ber\u00e4kningsmetodik f\u00f6r att klimatber\u00e4kna en byggnads hela livscykel samt ta fram en prototyp f\u00f6r att kunna utf\u00f6ra ber\u00e4kningarna.<\/p>\n<p>N\u00e4r vi lyckas med det kan man\u00a0<strong>fullt ut<\/strong>\u00a0r\u00e4kna med oss byggf\u00f6retag!<\/p>\n<p>Maria Sandell,<br \/>\nh\u00e5llbarhetschef JM<\/p>\n","qoute":"<p>Att s\u00e4tta upp ett m\u00e5l har varit det enklaste. Att hitta och testa l\u00f6sningarna som kommer hj\u00e4lpa oss att n\u00e5 m\u00e5len \u00e4r mer utmanande, eftersom det inte enbart handlar om v\u00e5ra egna beslut utan \u00e4ven om hur den tekniska utvecklingen och forskningen g\u00e5r.<\/p>\n<p>Maria Sandell,<br \/>\nh\u00e5llbarhetschef JM<\/p>\n","name":"","title-company":""},"_links":{"self":[{"href":"https:\/\/www.hagainitiativet.se\/en\/wp-json\/wp\/v2\/inlagg\/4398","targetHints":{"allow":["GET"]}}],"collection":[{"href":"https:\/\/www.hagainitiativet.se\/en\/wp-json\/wp\/v2\/inlagg"}],"about":[{"href":"https:\/\/www.hagainitiativet.se\/en\/wp-json\/wp\/v2\/types\/inlagg"}],"wp:featuredmedia":[{"embeddable":true,"href":"https:\/\/www.hagainitiativet.se\/en\/wp-json\/wp\/v2\/media\/4400"}],"wp:attachment":[{"href":"https:\/\/www.hagainitiativet.se\/en\/wp-json\/wp\/v2\/media?parent=4398"}],"wp:term":[{"taxonomy":"kategori","embeddable":true,"href":"https:\/\/www.hagainitiativet.se\/en\/wp-json\/wp\/v2\/kategori?post=4398"}],"curies":[{"name":"wp","href":"https:\/\/api.w.org\/{rel}","templated":true}]}}