{"id":4403,"date":"2022-03-17T15:31:00","date_gmt":"2022-03-17T14:31:00","guid":{"rendered":"https:\/\/www.hagainitiativet.se\/?post_type=inlagg&#038;p=4403"},"modified":"2022-08-11T15:32:42","modified_gmt":"2022-08-11T13:32:42","slug":"klimatpolitiska-radet-vill-oka-tempot-samtidigt-som-regeringen-forsamrar-investeringsklimatet-for-omstallningen","status":"publish","type":"inlagg","link":"https:\/\/www.hagainitiativet.se\/en\/inlagg\/klimatpolitiska-radet-vill-oka-tempot-samtidigt-som-regeringen-forsamrar-investeringsklimatet-for-omstallningen\/","title":{"rendered":"Klimatpolitiska r\u00e5det vill \u00f6ka tempot samtidigt som regeringen f\u00f6rs\u00e4mrar investeringsklimatet f\u00f6r omst\u00e4llningen"},"content":{"rendered":"","protected":false},"excerpt":{"rendered":"","protected":false},"featured_media":4379,"parent":0,"template":"","kategori":[23],"class_list":["post-4403","inlagg","type-inlagg","status-publish","has-post-thumbnail","hentry","kategori-hagabloggen"],"meta_box":{"show_post_en":"0","text":"<p>Viktig l\u00e4sning f\u00f6r beslutsfattare \u2013 tempot m\u00e5ste \u00f6ka, inte minska! Det beh\u00f6vs acceleration skriver Klimatpolitiska r\u00e5det (KPR). Det blir sv\u00e5rare att n\u00e5 Sveriges klimatm\u00e5l med regeringens nya drivmedelsf\u00f6rslag.<\/p>\n<p>Regeringen skickar ut signalen att avvakta med investeringar i elfordon och f\u00f6rnybara drivmedel. Omst\u00e4llning \u00e4r ett l\u00e5ngsiktigt arbete och det tar tid att bygga upp investeringsvilja, vilket f\u00f6retagen nu \u00e4r mitt uppe i. Ett framtidsf\u00f6rslag tar h\u00e4nsyn till klimatm\u00e5len, f\u00f6retagens gr\u00f6na investeringsvilja, \u00f6kad sj\u00e4lvf\u00f6rs\u00f6rjning p\u00e5 energi och livsmedel och tar h\u00e4nsyn till de grupper som drabbas h\u00e5rt av \u00f6kade kostnader.<\/p>\n<p>KPR skriver att det beh\u00f6vs b\u00e4ttre f\u00f6ruts\u00e4ttningar f\u00f6r investeringar f\u00f6r att accelerera klimatomst\u00e4llningen.<\/p>\n<p>Drivmedelsf\u00f6rslaget g\u00e5r helt i fel riktning. Leverera en politik f\u00f6r 20-talet, inte en dammig kopia av d\u00e5tiden!<\/p>\n<p>Nina Ekelund, generalsekreterare i Hagainitiativet<\/p>\n","qoute":"<p><em>\"Klimatpolitiska r\u00e5det skriver att det beh\u00f6vs b\u00e4ttre f\u00f6ruts\u00e4ttningar f\u00f6r investeringar f\u00f6r att accelerera klimatomst\u00e4llningen.<\/em><\/p>\n<p><em>Drivmedelsf\u00f6rslaget g\u00e5r helt i fel riktning. Leverera en politik f\u00f6r 20-talet, inte en dammig kopia av d\u00e5tiden!\"<\/em><\/p>\n<p><em>Nina Ekelund, generalsekreterare i Hagainitiativet<\/em><\/p>\n","name":"","title-company":""},"_links":{"self":[{"href":"https:\/\/www.hagainitiativet.se\/en\/wp-json\/wp\/v2\/inlagg\/4403","targetHints":{"allow":["GET"]}}],"collection":[{"href":"https:\/\/www.hagainitiativet.se\/en\/wp-json\/wp\/v2\/inlagg"}],"about":[{"href":"https:\/\/www.hagainitiativet.se\/en\/wp-json\/wp\/v2\/types\/inlagg"}],"wp:featuredmedia":[{"embeddable":true,"href":"https:\/\/www.hagainitiativet.se\/en\/wp-json\/wp\/v2\/media\/4379"}],"wp:attachment":[{"href":"https:\/\/www.hagainitiativet.se\/en\/wp-json\/wp\/v2\/media?parent=4403"}],"wp:term":[{"taxonomy":"kategori","embeddable":true,"href":"https:\/\/www.hagainitiativet.se\/en\/wp-json\/wp\/v2\/kategori?post=4403"}],"curies":[{"name":"wp","href":"https:\/\/api.w.org\/{rel}","templated":true}]}}