{"id":4661,"date":"2012-09-10T09:20:00","date_gmt":"2012-09-10T07:20:00","guid":{"rendered":"https:\/\/www.hagainitiativet.se\/?post_type=inlagg&#038;p=4661"},"modified":"2022-08-12T09:21:28","modified_gmt":"2022-08-12T07:21:28","slug":"gunilla-blomkvist-naringsliv-politik-och-organisationer-tillsammans-kan-vi","status":"publish","type":"inlagg","link":"https:\/\/www.hagainitiativet.se\/en\/inlagg\/gunilla-blomkvist-naringsliv-politik-och-organisationer-tillsammans-kan-vi\/","title":{"rendered":"Gunilla Blomkvist: N\u00e4ringsliv, politik och organisationer &#8211; tillsammans kan vi"},"content":{"rendered":"","protected":false},"excerpt":{"rendered":"","protected":false},"featured_media":0,"parent":0,"template":"","kategori":[23,17],"class_list":["post-4661","inlagg","type-inlagg","status-publish","hentry","kategori-hagabloggen","kategori-nyheter"],"meta_box":{"show_post_en":"0","text":"<p>N\u00e4r jag kom tillbaka till kontoret efter semestern f\u00f6r n\u00e5gra veckor sedan hade jag en intressant utredning som vi hade best\u00e4llt i inkorgen p\u00e5 mitt skrivbord.<\/p>\n<p>Hjalmar Str\u00f6mberg,\u00a0 fd planeringschef p\u00e5 V\u00e4gverket,\u00a0 har med sina personliga erfarenheter och m\u00e5ng\u00e5riga kunskap beskrivit\u00a0 id\u00e9er f\u00f6r en framtida h\u00e5llbar tung trafik.<\/p>\n<p>Temat \u00e4r de tre B:na\u00a0 - Bilar, Br\u00e4nslen och Beteenden. Hur man kan anv\u00e4nda skattemedel\u00a0 till en mer konsekvent milj\u00f6styrning inom dessa tre omr\u00e5den och d\u00e4rmed p\u00e5skynda utvecklingen f\u00f6r att n\u00e5 de uppsatta klimat- och milj\u00f6m\u00e5len och samtidigt vara ekonomiskt h\u00e5llbart.\u00a0 Jag hoppas att \u00e5tminstone n\u00e5gra av f\u00f6rslagen kan komma att genomf\u00f6ras, b\u00e5de med mor\u00f6tter f\u00f6r det som gynnar\u00a0 v\u00e5r milj\u00f6 och v\u00e5rt klimat och piskor f\u00f6r att p\u00e5skynda f\u00f6r\u00e4ndringar i r\u00e4tt riktning.<\/p>\n<p>Dagens fordonspark inneh\u00e5ller m\u00e5nga gamla fordon med f\u00f6r h\u00f6ga utsl\u00e4pp av partiklar och kv\u00e4veoxider och ofta \u00e4ven en on\u00f6digt h\u00f6g br\u00e4nslef\u00f6rbrukning.\u00a0 Detta borde man kunna komma till r\u00e4tta med r\u00e4tt styrmedel.<\/p>\n<p>Vi har sett det sj\u00e4lva med v\u00e5ra egna tankbilstransporter, efter att vi l\u00e4t byta ut fordonsflottan till nya bilar f\u00f6rra \u00e5ret har vi kunnat se en markant nedg\u00e5ng i v\u00e5ra koldioxidutsl\u00e4pp per levererad liter drivmedel.<\/p>\n<p>N\u00e4r det g\u00e4ller br\u00e4nslen k\u00e4nns det extra kul att var milj\u00f6chef p\u00e5 Statoil just nu n\u00e4r vi lanserar v\u00e5r nya Diesel+ som inneh\u00e5ller 22% f\u00f6rnybart br\u00e4nsle som ocks\u00e5 har goda k\u00f6regenskaper \u00e5ret runt. Det k\u00e4nns bra att kunna erbjuda v\u00e5ra kunder ett br\u00e4nsle d\u00e4r de direkt kan minska sina koldioxidutsl\u00e4pp.<\/p>\n<p>En annan kul sak var att det i torsdags var Hagainitiativets Klimatstrategidag. Det \u00e4r alltid lika intressant att lyssna till och mingla med klimat- och milj\u00f6intresserade fr\u00e5n helt andra branscher \u00e4n min egen.\u00a0 Flera av n\u00e4tverkets vd:ar, d\u00e4ribland min egen, talade om vikten av personalens engagemang och att m\u00e4ta det man g\u00f6r. Att g\u00f6ra klimatp\u00e5verkan och \u00e5tg\u00e4rder till en fr\u00e5ga som \u201dkittar ihop\u201d f\u00f6retaget \u00f6ver avdelningsgr\u00e4nser\u2026<\/p>\n<p>V\u00e5r n\u00e4ringsminister talade om att bryta ner gr\u00e4nser och bygga upp kluster av samverkan f\u00f6r att f\u00e5 till de ov\u00e4ntade m\u00f6tena - och d\u00e4rmed hitta nya v\u00e4gar. T\u00e4nk om vi kunde st\u00e5 p\u00e5 tre ben och \u201dkitta ihop\u201d oss \u2013 n\u00e4ringsliv, organisationer och politiker f\u00f6r att f\u00e5 l\u00f6sningar p\u00e5 plats f\u00f6r ett h\u00e5llbart samh\u00e4lle?<\/p>\n<p>PS. Utredningen finns p\u00e5 v\u00e5r hemsida<a href=\"http:\/\/www.statoil.se\/FrontServlet\" target=\"_blank\" rel=\"noopener\">\u00a0www.statoil.se<\/a>\u00a0under \u201dNyheter och press\u201d<\/p>\n","qoute":"","name":"","title-company":""},"_links":{"self":[{"href":"https:\/\/www.hagainitiativet.se\/en\/wp-json\/wp\/v2\/inlagg\/4661","targetHints":{"allow":["GET"]}}],"collection":[{"href":"https:\/\/www.hagainitiativet.se\/en\/wp-json\/wp\/v2\/inlagg"}],"about":[{"href":"https:\/\/www.hagainitiativet.se\/en\/wp-json\/wp\/v2\/types\/inlagg"}],"wp:attachment":[{"href":"https:\/\/www.hagainitiativet.se\/en\/wp-json\/wp\/v2\/media?parent=4661"}],"wp:term":[{"taxonomy":"kategori","embeddable":true,"href":"https:\/\/www.hagainitiativet.se\/en\/wp-json\/wp\/v2\/kategori?post=4661"}],"curies":[{"name":"wp","href":"https:\/\/api.w.org\/{rel}","templated":true}]}}