{"id":4702,"date":"2013-05-15T09:57:00","date_gmt":"2013-05-15T07:57:00","guid":{"rendered":"https:\/\/www.hagainitiativet.se\/?post_type=inlagg&#038;p=4702"},"modified":"2022-08-12T09:58:26","modified_gmt":"2022-08-12T07:58:26","slug":"klimatbokslut-leder-till-minskade-utslapp-2","status":"publish","type":"inlagg","link":"https:\/\/www.hagainitiativet.se\/en\/inlagg\/klimatbokslut-leder-till-minskade-utslapp-2\/","title":{"rendered":"Klimatbokslut leder till minskade utsl\u00e4pp"},"content":{"rendered":"","protected":false},"excerpt":{"rendered":"","protected":false},"featured_media":4704,"parent":0,"template":"","kategori":[17],"class_list":["post-4702","inlagg","type-inlagg","status-publish","has-post-thumbnail","hentry","kategori-nyheter"],"meta_box":{"show_post_en":"0","text":"<p><em>Idag lanserar Hagainitiativets sitt tredje klimatbokslut. Att redovisa sin klimatp\u00e5verkan och vad som kr\u00e4vs f\u00f6r att n\u00e5 klimatm\u00e5len fram\u00f6ver \u00e4r en del av f\u00f6retagens ansvar. De f\u00f6retag som klimatredovisar har st\u00f6rre m\u00f6jlighet att minska sin klimatp\u00e5verkan \u00e4n de som inte g\u00f6r det, vilket Klimatbokslut 2012 \u00e4r ett bevis p\u00e5.<\/em><\/p>\n<p>Hagainitiativets f\u00f6retag har som m\u00e5l att minska sin klimatp\u00e5verkan med minst 40 % till 2020. En slutsats f\u00f6retagen drar \u00e4r att redovisning av klimatp\u00e5verkan p\u00e5 sikt leder till minskade utsl\u00e4pp.<\/p>\n<ul>\n<li>Vi ser en trend av minskad klimatp\u00e5verkan fr\u00e5n v\u00e5r verksamhet. Sedan 2010 har Fortum V\u00e4rme reducerat utsl\u00e4ppen med 36 %. Minskad klimatp\u00e5verkan sker tack vare ett l\u00e5ngsiktigt och strategiskt arbete, s\u00e4ger Anders Egelrud, vd Fortum V\u00e4rme.<\/li>\n<\/ul>\n<p>F\u00f6r varje \u00e5r str\u00e4var Hagainitiativet efter att bli mer transparent och enhetliga i sin rapportering. Nytt f\u00f6r \u00e5rets klimatbokslut \u00e4r \u00e4ven att utsl\u00e4ppen uppstr\u00f6ms och nedstr\u00f6ms i v\u00e4rdekedjan redovisas p\u00e5 ett tydligare s\u00e4tt.<\/p>\n<ul>\n<li>Vi har sett att odling av kaffet st\u00e5r f\u00f6r \u00f6ver 90 % av v\u00e5r klimatp\u00e5verkan. Det betyder allts\u00e5 att vad vi g\u00f6r i odlarl\u00e4nderna f\u00f6r att minska klimatp\u00e5verkan spelar st\u00f6rre roll \u00e4n t.ex. hur vi transporterar oss i Sverige. Trots det ser vi givetvis att det \u00e4r v\u00e4sentligt att jobba vidare med alla delarna av v\u00e5r verksamhet vad g\u00e4ller minskad klimatp\u00e5verkan, s\u00e4ger Lars Appelqvist vd p\u00e5 L\u00f6fbergs.<\/li>\n<li>Nytt f\u00f6r i \u00e5r \u00e4r att vi bland annat har breddat v\u00e5r klimatredovisning med avfallshantering, f\u00f6rpackningsmaterial och varutransporter. Dessa tre kategorier st\u00e5r tillsammans f\u00f6r cirka 30 % av Scans totala utsl\u00e4pp. Att successivt bredda klimatredovisningar ser vi som strategiskt viktigt, s\u00e4ger G\u00f6ran Holm, vd p\u00e5 HKScan Sweden.<\/li>\n<\/ul>\n<p>L\u00e4nk till\u00a0<a href=\"https:\/\/www.hagainitiativet.se\/files\/import\/wp-content\/uploads\/2013\/05\/Haga_Klimatbokslut2012_130513_ny.pdf\" target=\"_blank\" rel=\"noopener\">Klimatbokslut 2012<\/a><\/p>\n<p>F\u00f6r mer information, kontakta:<\/p>\n<p>Nina Ekelund, Programdirekt\u00f6r f\u00f6r Hagainitiativet, tfn 0735-022464,\u00a0<a href=\"mailto:nina.ekelund@hagainitiativet.se\">nina.ekelund@hagainitiativet.se<\/a><\/p>\n","qoute":"","name":"","title-company":""},"_links":{"self":[{"href":"https:\/\/www.hagainitiativet.se\/en\/wp-json\/wp\/v2\/inlagg\/4702","targetHints":{"allow":["GET"]}}],"collection":[{"href":"https:\/\/www.hagainitiativet.se\/en\/wp-json\/wp\/v2\/inlagg"}],"about":[{"href":"https:\/\/www.hagainitiativet.se\/en\/wp-json\/wp\/v2\/types\/inlagg"}],"wp:featuredmedia":[{"embeddable":true,"href":"https:\/\/www.hagainitiativet.se\/en\/wp-json\/wp\/v2\/media\/4704"}],"wp:attachment":[{"href":"https:\/\/www.hagainitiativet.se\/en\/wp-json\/wp\/v2\/media?parent=4702"}],"wp:term":[{"taxonomy":"kategori","embeddable":true,"href":"https:\/\/www.hagainitiativet.se\/en\/wp-json\/wp\/v2\/kategori?post=4702"}],"curies":[{"name":"wp","href":"https:\/\/api.w.org\/{rel}","templated":true}]}}