{"id":4708,"date":"2014-02-26T10:03:00","date_gmt":"2014-02-26T09:03:00","guid":{"rendered":"https:\/\/www.hagainitiativet.se\/?post_type=inlagg&#038;p=4708"},"modified":"2022-08-12T10:03:58","modified_gmt":"2022-08-12T08:03:58","slug":"remissvar-eus-klimat-och-energipolitiska-ramverk-2020-2030","status":"publish","type":"inlagg","link":"https:\/\/www.hagainitiativet.se\/en\/inlagg\/remissvar-eus-klimat-och-energipolitiska-ramverk-2020-2030\/","title":{"rendered":"Remissvar: EU:s klimat- och energipolitiska ramverk 2020-2030"},"content":{"rendered":"","protected":false},"excerpt":{"rendered":"","protected":false},"featured_media":4710,"parent":0,"template":"","kategori":[17],"class_list":["post-4708","inlagg","type-inlagg","status-publish","has-post-thumbnail","hentry","kategori-nyheter"],"meta_box":{"show_post_en":"0","text":"<p><em><strong>Remissvar fr\u00e5n Hagainitiativet r\u00f6rande: Meddelande med f\u00f6rslag p\u00e5 klimat- och energipolitiskt ramverk f\u00f6r perioden 2020-2030 (KOM (2014)15)<\/strong><\/em><\/p>\n<ol>\n<li>Vi tror att h\u00f6ga ambitioner p\u00e5 klimatomr\u00e5det inneb\u00e4r stora m\u00f6jligheter f\u00f6r svenska f\u00f6retag och g\u00f6r oss internationellt konkurrenskraftiga. I Hagainitiativet har alla f\u00f6retagen \u00e5tagit sig att minska sina utsl\u00e4pp med 40 % till 2020. Vi ser inte att detta h\u00e4mmar v\u00e5r konkurrens. Nationellt har Sverige lyckats uppr\u00e4tth\u00e5lla sambandet mellan minskade utsl\u00e4pp och \u00f6kad ekonomisk tillv\u00e4xt, detta \u00e4r n\u00e5got vi kan lyfta fram i EU. Det finns sektorer som kommer st\u00e4rkas av en mer ambiti\u00f6s klimatagenda.<\/li>\n<li>Vi menar att ett bindande m\u00e5l om 40-procentiga utsl\u00e4ppsminskningar \u00e4r det minsta vi kan beg\u00e4ra. EU-kommissionens analys s\u00e4ger att om man forts\u00e4tter med Business as Usual (BAU) kommer utsl\u00e4ppen minska med 32 % till 2030(1). 40 % \u00e4r med andra ord inte en ambiti\u00f6s, snarare defensiv linje. Klimatm\u00e5let kan vara t\u00e4tt uppbackat av verkningsfullt f\u00f6rnybarhetsm\u00e5l som driver utvecklingen i r\u00e4tt riktning, \u00e4ven om klimatpolitiska styrmedel under kortare eller l\u00e4ngre period skulle upph\u00f6ra att vara styrande.<\/li>\n<li>Det \u00e4r viktigt att vara lyh\u00f6rda f\u00f6r vad forskningen pekar p\u00e5. F\u00f6r att klara 2-gradersm\u00e5let konstaterar forskningen att vi beh\u00f6ver n\u00e4rma oss ett m\u00e5l p\u00e5 minst 50 % minskade utsl\u00e4pp i EU till 2030.<\/li>\n<li>L\u00e5ngsiktighet, trov\u00e4rdighet, f\u00f6ruts\u00e4gbarhet \u00e4r nyckelord f\u00f6r utformningen av 2030-ramverket. Vi ser g\u00e4rna en klimatpolitik som bygger p\u00e5 dessa ledord.<\/li>\n<li>Vad g\u00e4ller energieffektivisering har kommissionen sagt att de \u00e5terkommer med f\u00f6rslag om ambitionsniv\u00e5. Energieffektivisering \u00e4r l\u00f6nsamt f\u00f6r m\u00e5nga f\u00f6retag och vi ser d\u00e4rf\u00f6r att det borde uppmuntras och d\u00e4rmed stimuleras till.<\/li>\n<li>Transportsektorns \u00f6kade utsl\u00e4pp som motsvarar en tredje del av alla utsl\u00e4pp i Sverige och i EU har \u00f6kat med en tredjedel sedan bas\u00e5ret 1990. Vi ser att det \u00e4r viktigt att s\u00e4tta h\u00f6gre och tydliga m\u00e5l f\u00f6r andelen f\u00f6rnybart och\/eller minskade utsl\u00e4pp f\u00f6r transportsektorn. H\u00e4r b\u00f6r Sverige bl a vara drivande f\u00f6r att \u00f6ka m\u00e5let om minskade utsl\u00e4pp i br\u00e4nslekvalitetsdirektivet.<\/li>\n<\/ol>\n<p>Stockholm den 24 februari 2014<\/p>\n<p>(1)\u00a0Europeiska Kommissionen, Bryssel den 22 januari 2014, \u201dMeddelande fr\u00e5n kommissionen till Europaparlamentet, Europeiska ekonomiska och sociala kommitt\u00e9n samt regionkommitt\u00e9n. En klimat- och energipolitisk ram f\u00f6r perioden 2020-2030, sida 2<\/p>\n","qoute":"","name":"","title-company":""},"_links":{"self":[{"href":"https:\/\/www.hagainitiativet.se\/en\/wp-json\/wp\/v2\/inlagg\/4708","targetHints":{"allow":["GET"]}}],"collection":[{"href":"https:\/\/www.hagainitiativet.se\/en\/wp-json\/wp\/v2\/inlagg"}],"about":[{"href":"https:\/\/www.hagainitiativet.se\/en\/wp-json\/wp\/v2\/types\/inlagg"}],"wp:featuredmedia":[{"embeddable":true,"href":"https:\/\/www.hagainitiativet.se\/en\/wp-json\/wp\/v2\/media\/4710"}],"wp:attachment":[{"href":"https:\/\/www.hagainitiativet.se\/en\/wp-json\/wp\/v2\/media?parent=4708"}],"wp:term":[{"taxonomy":"kategori","embeddable":true,"href":"https:\/\/www.hagainitiativet.se\/en\/wp-json\/wp\/v2\/kategori?post=4708"}],"curies":[{"name":"wp","href":"https:\/\/api.w.org\/{rel}","templated":true}]}}