{"id":4715,"date":"2014-04-09T10:06:00","date_gmt":"2014-04-09T08:06:00","guid":{"rendered":"https:\/\/www.hagainitiativet.se\/?post_type=inlagg&#038;p=4715"},"modified":"2022-08-12T10:07:28","modified_gmt":"2022-08-12T08:07:28","slug":"green-cargo-blir-ny-medlem-i-hagainitiativet","status":"publish","type":"inlagg","link":"https:\/\/www.hagainitiativet.se\/en\/inlagg\/green-cargo-blir-ny-medlem-i-hagainitiativet\/","title":{"rendered":"Green Cargo blir ny medlem i Hagainitiativet"},"content":{"rendered":"","protected":false},"excerpt":{"rendered":"","protected":false},"featured_media":4717,"parent":0,"template":"","kategori":[17,29],"class_list":["post-4715","inlagg","type-inlagg","status-publish","has-post-thumbnail","hentry","kategori-nyheter","kategori-pressmeddelanden"],"meta_box":{"show_post_en":"0","text":"<p><em>Green Cargo \u00e4r ny medlem i f\u00f6retagsn\u00e4tverket Hagainitiativet. I Hagainitiativet ing\u00e5r sedan tidigare tolv v\u00e4lk\u00e4nda f\u00f6retag fr\u00e5n olika branscher. Alla med m\u00e5let att f\u00f6rena klimatansvar med l\u00f6nsamt f\u00f6retagande. Med Green Cargo s\u00e5 \u00e4r transportbranschen representerad av en akt\u00f6r som erbjuder klimatsmarta transporter med t\u00e5g som bas.<\/em><\/p>\n<p>Green Cargo \u00e4r Sveriges st\u00f6rsta godst\u00e5gsoperat\u00f6r och st\u00e5r f\u00f6r n\u00e4stan h\u00e4lften av godsvolymerna p\u00e5 j\u00e4rnv\u00e4gen. \u00d6ver 95 procent av Green Cargos t\u00e5g dras med ellok med mycket l\u00e5ga koldioxidutsl\u00e4pp som f\u00f6ljd.<\/p>\n<ul>\n<li>Vi \u00e4r stolta \u00f6ver att vara nya medlemmar i Hagainitiativet. Vi ser initiativet som en ledande kraft fr\u00e5n n\u00e4ringslivet f\u00f6r att komma fram\u00e5t i klimatfr\u00e5gan. Green Cargo kan l\u00e4ra mycket av de andra medlemmarna och ocks\u00e5 bidra med kunskap om milj\u00f6riktiga transportl\u00f6sningar, s\u00e4ger Jan Kilstr\u00f6m, vd Green Cargo.<\/li>\n<\/ul>\n<p>Mot bakgrund av de klimatf\u00f6r\u00e4ndringar v\u00e4rlden st\u00e5r inf\u00f6r och den stagnation vi ofta ser i klimatpolitiken beh\u00f6ver n\u00e4ringslivets roll f\u00f6rst\u00e4rkas. Hagainitiativet samlar d\u00e4rf\u00f6r f\u00f6retag som engagerar sig f\u00f6r minskad klimatp\u00e5verkan f\u00f6r att n\u00e5 visionen om ett l\u00f6nsamt n\u00e4ringsliv utan klimatp\u00e5verkan. V\u00e4gen fram\u00e5t f\u00f6r Hagainitiativet \u00e4r att engagera f\u00f6retag fr\u00e5n olika branscher i n\u00e4ringslivet och visa p\u00e5 kopplingen mellan ambiti\u00f6sa klimatstrategier och \u00f6kad l\u00f6nsamhet.<\/p>\n<ul>\n<li>Transportn\u00e4ringen har l\u00e4nge varit en prioriterad bransch f\u00f6r Hagainitiativet d\u00e5 transporterna st\u00e5r f\u00f6r cirka 30 procent av Sveriges klimatp\u00e5verkan. Utsl\u00e4ppen p\u00e5 v\u00e4g forts\u00e4tter att \u00f6ka s\u00e5 d\u00e4rf\u00f6r \u00e4r det extra roligt att f\u00e5 med Green Cargo i Hagainitiativet f\u00f6r att visa p\u00e5 m\u00f6jligheterna med att transportera gods med t\u00e5g och d\u00e4rmed kraftigt kunna bidra till att s\u00e4nka klimatp\u00e5verkan, s\u00e4ger Nina Ekelund, programdirekt\u00f6r f\u00f6r Hagainitiativet.<\/li>\n<\/ul>\n<p>&nbsp;<\/p>\n<h3><em>F\u00f6r mer information, kontakta:<\/em><\/h3>\n<p><em>Jan Kilstr\u00f6m<\/em>, vd Green Cargo, tfn 070-748 38 24\u00a0<em>Mats Hollander<\/em>, kommunikationsdirekt\u00f6r Green Cargo, tfn 010-455 54 54\u00a0<em>Nina Ekelund<\/em>, programdirekt\u00f6r f\u00f6r Hagainitiativet, tfn 073-502 24 64<\/p>\n<p>L\u00e4s pressmeddelandet i Hagainitiativets\u00a0<a href=\"http:\/\/www.mynewsdesk.com\/se\/hagainitiativet\" target=\"_blank\" rel=\"noopener\">pressrum<\/a><\/p>\n","qoute":"","name":"","title-company":""},"_links":{"self":[{"href":"https:\/\/www.hagainitiativet.se\/en\/wp-json\/wp\/v2\/inlagg\/4715","targetHints":{"allow":["GET"]}}],"collection":[{"href":"https:\/\/www.hagainitiativet.se\/en\/wp-json\/wp\/v2\/inlagg"}],"about":[{"href":"https:\/\/www.hagainitiativet.se\/en\/wp-json\/wp\/v2\/types\/inlagg"}],"wp:featuredmedia":[{"embeddable":true,"href":"https:\/\/www.hagainitiativet.se\/en\/wp-json\/wp\/v2\/media\/4717"}],"wp:attachment":[{"href":"https:\/\/www.hagainitiativet.se\/en\/wp-json\/wp\/v2\/media?parent=4715"}],"wp:term":[{"taxonomy":"kategori","embeddable":true,"href":"https:\/\/www.hagainitiativet.se\/en\/wp-json\/wp\/v2\/kategori?post=4715"}],"curies":[{"name":"wp","href":"https:\/\/api.w.org\/{rel}","templated":true}]}}