{"id":4786,"date":"2015-03-27T12:00:00","date_gmt":"2015-03-27T11:00:00","guid":{"rendered":"https:\/\/www.hagainitiativet.se\/?post_type=inlagg&#038;p=4786"},"modified":"2022-08-12T12:00:39","modified_gmt":"2022-08-12T10:00:39","slug":"en-vinnarpolitik-for-klimatet-och-naringslivet-2","status":"publish","type":"inlagg","link":"https:\/\/www.hagainitiativet.se\/en\/inlagg\/en-vinnarpolitik-for-klimatet-och-naringslivet-2\/","title":{"rendered":"En vinnarpolitik f\u00f6r klimatet och n\u00e4ringslivet"},"content":{"rendered":"","protected":false},"excerpt":{"rendered":"","protected":false},"featured_media":4788,"parent":0,"template":"","kategori":[17],"class_list":["post-4786","inlagg","type-inlagg","status-publish","has-post-thumbnail","hentry","kategori-nyheter"],"meta_box":{"show_post_en":"0","text":"<p>Rapporten\u00a0<em>En vinnarpolitik f\u00f6r klimatet och n\u00e4ringslivet<\/em>\u00a0 visar vilka f\u00f6r\u00e4ndringar av politiken som Hagainitiativet vill se f\u00f6r att stimulera en omst\u00e4llning till utsl\u00e4pp n\u00e4ra noll inom n\u00e5gra decennier. Hagainitiativet vill att Sverige och svenska f\u00f6retag g\u00e5r f\u00f6re och blir vinnare i klimatarbetet. D\u00e4rf\u00f6r har n\u00e4tverket tagit fram ett inspel med tolv f\u00f6rslag om hur klimatpolitiken kan utvecklas.<\/p>\n<p>L\u00e4s rapporten\u00a0<a href=\"https:\/\/www.hagainitiativet.se\/files\/import\/wp-content\/uploads\/2015\/03\/En-vinnarpolitik-150323.pdf\" target=\"_blank\" rel=\"noopener\">h\u00e4r<\/a><\/p>\n<p>L\u00e4s pressmeddelandet\u00a0<a href=\"https:\/\/www.hagainitiativet.se\/files\/import\/wp-content\/uploads\/2015\/03\/150327-%C3%96ka-tempot-i-klimatarbetet.pdf\" target=\"_blank\" rel=\"noopener\">h\u00e4r<\/a><\/p>\n<p>L\u00e4s artikel i SvD\u00a0<a href=\"http:\/\/www.svd.se\/nyheter\/inrikes\/storforetag-pressar-regering-om-miljoskatter_4463927.svd\">h\u00e4r<\/a><\/p>\n<p>L\u00e4s debattreplik i Milj\u00f6aktuellt\u00a0<a href=\"http:\/\/miljoaktuellt.idg.se\/2.1845\/1.620708\/debatt--sa-kan-klimatpolitiken-sakra-svensk-konkurrenskraft\">h\u00e4r<\/a><\/p>\n","qoute":"","name":"","title-company":""},"_links":{"self":[{"href":"https:\/\/www.hagainitiativet.se\/en\/wp-json\/wp\/v2\/inlagg\/4786","targetHints":{"allow":["GET"]}}],"collection":[{"href":"https:\/\/www.hagainitiativet.se\/en\/wp-json\/wp\/v2\/inlagg"}],"about":[{"href":"https:\/\/www.hagainitiativet.se\/en\/wp-json\/wp\/v2\/types\/inlagg"}],"wp:featuredmedia":[{"embeddable":true,"href":"https:\/\/www.hagainitiativet.se\/en\/wp-json\/wp\/v2\/media\/4788"}],"wp:attachment":[{"href":"https:\/\/www.hagainitiativet.se\/en\/wp-json\/wp\/v2\/media?parent=4786"}],"wp:term":[{"taxonomy":"kategori","embeddable":true,"href":"https:\/\/www.hagainitiativet.se\/en\/wp-json\/wp\/v2\/kategori?post=4786"}],"curies":[{"name":"wp","href":"https:\/\/api.w.org\/{rel}","templated":true}]}}