{"id":4824,"date":"2016-02-19T12:17:00","date_gmt":"2016-02-19T11:17:00","guid":{"rendered":"https:\/\/www.hagainitiativet.se\/?post_type=inlagg&#038;p=4824"},"modified":"2022-08-12T12:18:12","modified_gmt":"2022-08-12T10:18:12","slug":"preem-blir-ny-medlem-i-hagainitiativet-2","status":"publish","type":"inlagg","link":"https:\/\/www.hagainitiativet.se\/en\/inlagg\/preem-blir-ny-medlem-i-hagainitiativet-2\/","title":{"rendered":"Preem blir ny medlem i Hagainitiativet"},"content":{"rendered":"","protected":false},"excerpt":{"rendered":"","protected":false},"featured_media":4826,"parent":0,"template":"","kategori":[17],"class_list":["post-4824","inlagg","type-inlagg","status-publish","has-post-thumbnail","hentry","kategori-nyheter"],"meta_box":{"show_post_en":"0","text":"<p>Preem \u00e4r Sveriges st\u00f6rsta drivmedelsbolag och v\u00e4gen mot ett h\u00e5llbart samh\u00e4lle \u00e4r Preems viktigaste fr\u00e5ga. Transportsektorns st\u00e5r f\u00f6r en tredjedel av klimatp\u00e5verkan och \u00e4r d\u00e4rmed en av de st\u00f6rsta utmaningarna. Det beh\u00f6vs b\u00e5de effektivisering och mer f\u00f6rnybart i transportsystemet. Preem har genom sina f\u00f6rnybara br\u00e4nslen bidragit till att minska utsl\u00e4ppen med 2 miljoner ton koldioxid.<\/p>\n<p>\u2013 Preems vision \u00e4r att leda omvandlingen mot ett h\u00e5llbart samh\u00e4lle och arbetet med h\u00e5llbarhet har sedan l\u00e4nge varit en integrerad del av v\u00e5r aff\u00e4rsverksamhet d\u00e4r alla inom f\u00f6retaget \u00e4r engagerade i hur vi kan minska v\u00e5r klimatp\u00e5verkan. Utvecklingen av v\u00e5ra drivmedel att inneh\u00e5lla alltmer f\u00f6rnybar r\u00e5vara fr\u00e5n restprodukter fr\u00e5n svensk skogsindustri har banat v\u00e4gen n\u00e4r det g\u00e4ller att minska koldioxidutsl\u00e4ppen fr\u00e5n transportsektorn. Genom att bli medlem i Hagainitiativet har vi tillsammans med andra f\u00f6retag en stark plattform att visa hur industrin \u00e4r en del av l\u00f6sningen, s\u00e4ger Petter Holland, vd Preem.<\/p>\n<p>\u2013 Preem \u00e4r Sveriges st\u00f6rsta drivmedelsproducent och n\u00e4r st\u00f6rst g\u00e5r f\u00f6rst f\u00f6r att bryta transportsektorns \u00f6kande utsl\u00e4pp genom mer f\u00f6rnybart i tanken s\u00e5 \u00f6kas omst\u00e4llningstakten i Sverige. Vi \u00e4r glada att Preem g\u00e5r med i Hagainitiativet och vi ser att vi d\u00e4rmed \u00f6kar trycket p\u00e5 att f\u00e5 till st\u00e5nd en fossiloberoende fordonsflotta, s\u00e4ger Nina Ekelund, programdirekt\u00f6r f\u00f6r Hagainitiativet.<\/p>\n<p>&nbsp;<\/p>\n<p>L\u00e4s mer\u00a0<a href=\"https:\/\/www.hagainitiativet.se\/files\/import\/wp-content\/uploads\/2016\/02\/160219-Preem-ny-medlem.pdf\">h\u00e4r<\/a><\/p>\n","qoute":"","name":"","title-company":""},"_links":{"self":[{"href":"https:\/\/www.hagainitiativet.se\/en\/wp-json\/wp\/v2\/inlagg\/4824","targetHints":{"allow":["GET"]}}],"collection":[{"href":"https:\/\/www.hagainitiativet.se\/en\/wp-json\/wp\/v2\/inlagg"}],"about":[{"href":"https:\/\/www.hagainitiativet.se\/en\/wp-json\/wp\/v2\/types\/inlagg"}],"wp:featuredmedia":[{"embeddable":true,"href":"https:\/\/www.hagainitiativet.se\/en\/wp-json\/wp\/v2\/media\/4826"}],"wp:attachment":[{"href":"https:\/\/www.hagainitiativet.se\/en\/wp-json\/wp\/v2\/media?parent=4824"}],"wp:term":[{"taxonomy":"kategori","embeddable":true,"href":"https:\/\/www.hagainitiativet.se\/en\/wp-json\/wp\/v2\/kategori?post=4824"}],"curies":[{"name":"wp","href":"https:\/\/api.w.org\/{rel}","templated":true}]}}