{"id":4833,"date":"2016-03-19T12:31:00","date_gmt":"2016-03-19T11:31:00","guid":{"rendered":"https:\/\/www.hagainitiativet.se\/?post_type=inlagg&#038;p=4833"},"modified":"2022-08-12T12:31:37","modified_gmt":"2022-08-12T10:31:37","slug":"hagaforetagen-har-minskat-utslappen-av-vaxthusgaser-med-900-000-ton-2","status":"publish","type":"inlagg","link":"https:\/\/www.hagainitiativet.se\/en\/inlagg\/hagaforetagen-har-minskat-utslappen-av-vaxthusgaser-med-900-000-ton-2\/","title":{"rendered":"Hagaf\u00f6retagen har minskat utsl\u00e4ppen av v\u00e4xthusgaser med 900 000 ton"},"content":{"rendered":"","protected":false},"excerpt":{"rendered":"","protected":false},"featured_media":4835,"parent":0,"template":"","kategori":[17],"class_list":["post-4833","inlagg","type-inlagg","status-publish","has-post-thumbnail","hentry","kategori-nyheter"],"meta_box":{"show_post_en":"0","text":"<p>Hagainitiativets f\u00f6retag har bidragit med 900 000 ton minskade v\u00e4xthusgasutsl\u00e4pp, j\u00e4mf\u00f6rt med sina bas\u00e5r. 900 000 ton motsvarar 1,7 procent av det svenska utsl\u00e4ppet av v\u00e4xthusgaser \u00e5r 2014. Hagainitiativet lanserar nu klimatbokslut 2015, det sj\u00e4tte klimatbokslutet i ordningen.<\/p>\n<p>L\u00e4s klimatbokslut 2015\u00a0<a href=\"https:\/\/www.hagainitiativet.se\/files\/import\/wp-content\/uploads\/2016\/05\/160518-Hagainitiativets-klimatbokslut-2015.pdf\">h\u00e4r.<\/a><\/p>\n<p>L\u00e4s pressmeddelande\u00a0<a href=\"https:\/\/www.hagainitiativet.se\/files\/import\/wp-content\/uploads\/2016\/05\/160519-Klimatbokslut1.pdf\">h\u00e4r.<\/a><\/p>\n","qoute":"","name":"","title-company":""},"_links":{"self":[{"href":"https:\/\/www.hagainitiativet.se\/en\/wp-json\/wp\/v2\/inlagg\/4833","targetHints":{"allow":["GET"]}}],"collection":[{"href":"https:\/\/www.hagainitiativet.se\/en\/wp-json\/wp\/v2\/inlagg"}],"about":[{"href":"https:\/\/www.hagainitiativet.se\/en\/wp-json\/wp\/v2\/types\/inlagg"}],"wp:featuredmedia":[{"embeddable":true,"href":"https:\/\/www.hagainitiativet.se\/en\/wp-json\/wp\/v2\/media\/4835"}],"wp:attachment":[{"href":"https:\/\/www.hagainitiativet.se\/en\/wp-json\/wp\/v2\/media?parent=4833"}],"wp:term":[{"taxonomy":"kategori","embeddable":true,"href":"https:\/\/www.hagainitiativet.se\/en\/wp-json\/wp\/v2\/kategori?post=4833"}],"curies":[{"name":"wp","href":"https:\/\/api.w.org\/{rel}","templated":true}]}}