{"id":4851,"date":"2016-08-26T12:37:00","date_gmt":"2016-08-26T10:37:00","guid":{"rendered":"https:\/\/www.hagainitiativet.se\/?post_type=inlagg&#038;p=4851"},"modified":"2022-08-12T12:38:10","modified_gmt":"2022-08-12T10:38:10","slug":"almedalen-mandag-ar-agenda-2030-en-katalysator-eller-bromskloss-for-valfarden-2","status":"publish","type":"inlagg","link":"https:\/\/www.hagainitiativet.se\/en\/inlagg\/almedalen-mandag-ar-agenda-2030-en-katalysator-eller-bromskloss-for-valfarden-2\/","title":{"rendered":"Almedalen m\u00e5ndag: \u00c4r Agenda 2030 en katalysator eller bromskloss f\u00f6r v\u00e4lf\u00e4rden?"},"content":{"rendered":"","protected":false},"excerpt":{"rendered":"","protected":false},"featured_media":4853,"parent":0,"template":"","kategori":[17],"class_list":["post-4851","inlagg","type-inlagg","status-publish","has-post-thumbnail","hentry","kategori-nyheter"],"meta_box":{"show_post_en":"0","text":"<p>Hagainitiativet startade Almedalsveckan med en framtidsdiskussion om Agenda 2030. Seminariet arrangerades tillsammans med Misum vid Handelsh\u00f6gskolan och Stockholm Environment Institute och delades upp i tre olika samtalspass.<\/p>\n<p><strong>Hur kan Agenda 2030 leda till en fortsatt v\u00e4lf\u00e4rdsutveckling i Sverige och i EU?\u00a0<\/strong>Det \u00e4r ett bra ramverk men som nu m\u00e5ste konkretiseras, svarar panelen. Ett axplock citat fr\u00e5n deltagarna i f\u00f6rsta panelen:<\/p>\n<ul>\n<li>G\u00fcnter M\u00e5rder, F\u00f6retagarna: Vi beh\u00f6ver omdefiniera begreppet v\u00e4lf\u00e4rd, lycka \u00e4r kanske vad samh\u00e4llet ska str\u00e4va efter? Vi b\u00f6r prata om h\u00e5llbart v\u00e4lbefinnande ist\u00e4llet f\u00f6r BNP-tillv\u00e4xt.<\/li>\n<li>Klas Eklund, SEB: N\u00e4ringslivet g\u00e5r f\u00f6re politiken med Agenda 2030. Vi ser nu en f\u00f6r\u00e4ndring d\u00e4r nya yngre chefer och kvinnliga chefer \u00e4r mer intresserade av att integrera de globala h\u00e5llbarhetsm\u00e5len i den egna verksamheten. F\u00f6retag som arbetar i agendans anda kommer vara mer l\u00f6nsamma. Tyv\u00e4rr g\u00e5r utvecklingen i Europa just nu p\u00e5 tv\u00e4rs med Agenda 2030.<\/li>\n<li>Anders Egelrud, Stockholm Exergi: Just nu ser vi en positiv utveckling mellan energi- och finanssektorn, gr\u00f6na investeringar prioriteras vilket g\u00f6r det l\u00e4ttare att l\u00e5na. Fortum V\u00e4rme arbetar i princip med alla 17 h\u00e5llbarhetsm\u00e5l.<\/li>\n<li>Maria Sun\u00e9r Fleming, Svenskt N\u00e4ringsliv: Genomf\u00f6randet av agendan avg\u00f6r om m\u00e5len blir en bromskloss eller katalysator f\u00f6r v\u00e4lf\u00e4rden, en del m\u00e5l \u00e4r motstridiga. Exempelvis skapar Vattenfalls brunkolsbrytning arbetstillf\u00e4llen i den tyska regionen, men \u00e4r inte bra f\u00f6r klimatet.<\/li>\n<li>Jenni Nylander, Ungdomar.se: FN:s globala m\u00e5l skapar tydlighet f\u00f6r unga att f\u00f6rst\u00e5 och engagera sig f\u00f6r h\u00e5llbarhet. Men ungdomar beh\u00f6ver f\u00e5 mer kontakt med och k\u00e4nna att man p\u00e5verkar n\u00e4ringslivets arbete med framtidens v\u00e4lf\u00e4rd.<\/li>\n<li>Joachim Beijmo, SIDA: Partnerskap, kunskapsutbyte och samverkan (m\u00e5l 17) \u00e4r mycket viktigt f\u00f6r att genomf\u00f6ra Agenda 2030.<\/li>\n<\/ul>\n<p>&nbsp;<\/p>\n<p><strong>Sveriges n\u00e4ringsliv \u2013 sporrar Agenda 2030 f\u00f6retag att g\u00e5 f\u00f6re?\u00a0<\/strong>Ja, men de r\u00e4tta spelreglerna fr\u00e5n politiken beh\u00f6vs. Marknadskrafter, innovation o samverkan mellan akt\u00f6rer \u00e4r ocks\u00e5 viktigt. M\u00e5l 17 om partnerskap mellan politik och n\u00e4ringsliv kanske \u00e4r det viktigaste f\u00f6r hantera h\u00e5llbarhetsutmaningar. H\u00e4r \u00e4r en sammanfattning fr\u00e5n det andra panelsamtalet:<\/p>\n<ul>\n<li>Anders Wijkman, \u00c5tervinningsindustrierna: Tyv\u00e4rr tj\u00e4nar f\u00f6retag fortfarande mer pengar p\u00e5 att g\u00f6ra fel \u00e4n p\u00e5 att g\u00f6ra r\u00e4tt! Politiken beh\u00f6ver g\u00e5 in och r\u00e4tta till spelreglerna. Det \u00e4r exempelvis sv\u00e5rt f\u00f6r \u00e5tervinningsindustrin n\u00e4r jungfruliga r\u00e5varor \u00e4r billigare \u00e4n \u00e5tervunna. Regelverket m\u00e5ste fr\u00e4mja cirkul\u00e4r ekonomi.<\/li>\n<li>Nyamko Sabuni, \u00c5F: Agenda 2030 f\u00f6renklar f\u00f6rst\u00e5elsen mellan f\u00f6retagen och samh\u00e4llet. Politiken beh\u00f6vs f\u00f6r att lagstifta kring exempelvis skatter men f\u00f6retagen som ser aff\u00e4rsm\u00f6jligheter driver omst\u00e4llningen och levererar h\u00e5llbara l\u00f6sningar.<\/li>\n<li>PM Nilsson, Dagens industri: Vi ska inte underskatta marknadskrafterna i processen att genomf\u00f6ra Agenda 2030 och inte heller \u00f6verskatta staternas betydelse. V\u00e4sentliga delar av n\u00e4ringslivet har redan inkluderat m\u00e5len i sin verksamhet, beh\u00f6vs f\u00f6r att \u00f6verleva om 10 \u00e5r.<\/li>\n<li>Jens Henriksson, Folksam: Ramverken m\u00e5ste hantera problematiken kring kortsiktiga f\u00f6retagsm\u00e5l och de l\u00e5ngsiktiga m\u00e5len i Agenda 2030.<\/li>\n<li>Eva Blixt, Jernkontoret: St\u00e5lindustrin har alltid varit elefanten i rummet i klimatfr\u00e5gan. Nu pratar vi ist\u00e4llet om vad vi vill, st\u00e5l utan kol, en koldioxidfri st\u00e5ltillverkning till 2050. Nya m\u00f6jligheter med v\u00e4tgasprojekt.<\/li>\n<li>Sara Paulsson, IKEA: Politiken och regelverket h\u00e4nger inte med i omst\u00e4llningen till cirkul\u00e4r ekonomi.<\/li>\n<li>\u00c5sa Westlund, riksdagsledamot (S): Agendan sporrar n\u00e4ringslivet att g\u00e5 f\u00f6re. F\u00f6retag vill g\u00f6ra gott, minimera risker och \u00f6ka aff\u00e4rer \u2013 alla drivkrafter att arbeta med agendan. Politiken beh\u00f6ver s\u00e4tta ramverket.<\/li>\n<\/ul>\n<p><strong>\u00c4r h\u00e5llbar v\u00e4lf\u00e4rd f\u00f6renat med fortsatt tillv\u00e4xt?<\/strong>\u00a0\u00d6ppnar Agenda 2030 f\u00f6r nya syns\u00e4tt och hur f\u00f6rh\u00e5ller sig h\u00e5llbarhetsm\u00e5len i Agenda 2030 till \u00f6kad v\u00e4lf\u00e4rd och tillv\u00e4xt? Ett axplock citat fr\u00e5n paneldeltagarna i den sista panelen:<\/p>\n<ul>\n<li>G\u00f6ran Holm, HKScan: Det g\u00e5r inte att v\u00e4xa f\u00f6r evigt om vi inte g\u00f6r det p\u00e5 ett h\u00e5llbart s\u00e4tt. Planetens resurser kommer inte r\u00e4cka till. Det h\u00e4r vet f\u00f6retag som har koll p\u00e5 sitt h\u00e5llbarhetsarbete och p\u00e5 tillvaron, ekonomin kommer sl\u00e5 knut p\u00e5 sig sj\u00e4lv om vi inte arbetar p\u00e5 ett h\u00e5llbart s\u00e4tt. Vi g\u00e5r mot produkter med h\u00f6gre v\u00e4rde, som man betalar mer f\u00f6r - det ligger i linje med Agenda 2030.<\/li>\n<li>Sabina Andr\u00e9n, WWF: Vi beh\u00f6ver sl\u00e4ppa BNP-fokuseringen och se till andra m\u00e5tt f\u00f6r sociala och ekologiska v\u00e4rden.<\/li>\n<li>Mattias H\u00f6ijer, KTH CESC: Tekniken skapar otroliga m\u00f6jligheter men \u00e4r historiskt sett en del av problematiken. Tekniken g\u00f6r det m\u00f6jligt att utarma v\u00e4rldens resurser. F\u00f6r att \u00e5terkoppla till en tidigare panel: Det finns ingen m\u00e5lkonflikt mellan klimat och arbetstillf\u00e4llen i fr\u00e5gan om Vattenfalls brunkolsbrytning. Det \u00e4r inte svart eller vitt \u2013 brunkolet \u00e4r svart!<\/li>\n<li>Sammy Almedal, JAK Medlemsbank: All tillv\u00e4xt inneb\u00e4r resursutnyttjande, jag tror inte p\u00e5 gr\u00f6n tillv\u00e4xt.<\/li>\n<li>Lena Ander, N\u00e4tverket f\u00f6r H\u00e5llbart N\u00e4ringsliv: F\u00f6r en h\u00e5llbar v\u00e4lf\u00e4rd och tillv\u00e4xt kr\u00e4vs ett mindshift fr\u00e5n \u00e4gande till delande och omst\u00e4llning till en cirkul\u00e4r ekonomi.<\/li>\n<li>Azita Shariati, Sodexo: Visst g\u00e5r v\u00e4lf\u00e4rd att f\u00f6rena med tillv\u00e4xt, men det beh\u00f6vs ett nytt m\u00e5tt - t.ex. tillv\u00e4xtkorg.<\/li>\n<\/ul>\n<p>&nbsp;<\/p>\n<p>Se hela programmet\u00a0<a href=\"https:\/\/www.hagainitiativet.se\/files\/import\/wp-content\/uploads\/2016\/06\/Program-Almedalen-1607043.pdf\">h\u00e4r.<\/a><\/p>\n<p>Se fler bilder fr\u00e5n seminariet\u00a0<a href=\"https:\/\/www.facebook.com\/Hagainitiativet\/photos\/?tab=album&amp;album_id=1212850965412752\">h\u00e4r.<\/a><\/p>\n<p>Se filmer fr\u00e5n seminariet: Panel 1:\u00a0<a href=\"https:\/\/youtu.be\/BqnS661L1Ks\" target=\"_blank\" rel=\"noopener\">Hur kan Agenda 2030 leda till en fortsatt v\u00e4lf\u00e4rdsutveckling i Sverige och i EU?\u00a0<\/a>Panel 2:\u00a0<a href=\"https:\/\/youtu.be\/Sky6WlCmuUI\" target=\"_blank\" rel=\"noopener\">Sveriges n\u00e4ringsliv \u2013 sporrar Agenda 2030 f\u00f6retag att g\u00e5 f\u00f6re?\u00a0<\/a>Panel 3:\u00a0<a href=\"https:\/\/youtu.be\/t1WphVD3Ngc\" target=\"_blank\" rel=\"noopener\">\u00c4r h\u00e5llbar v\u00e4lf\u00e4rd f\u00f6renat med fortsatt tillv\u00e4xt?<\/a><\/p>\n","qoute":"","name":"","title-company":""},"_links":{"self":[{"href":"https:\/\/www.hagainitiativet.se\/en\/wp-json\/wp\/v2\/inlagg\/4851","targetHints":{"allow":["GET"]}}],"collection":[{"href":"https:\/\/www.hagainitiativet.se\/en\/wp-json\/wp\/v2\/inlagg"}],"about":[{"href":"https:\/\/www.hagainitiativet.se\/en\/wp-json\/wp\/v2\/types\/inlagg"}],"wp:featuredmedia":[{"embeddable":true,"href":"https:\/\/www.hagainitiativet.se\/en\/wp-json\/wp\/v2\/media\/4853"}],"wp:attachment":[{"href":"https:\/\/www.hagainitiativet.se\/en\/wp-json\/wp\/v2\/media?parent=4851"}],"wp:term":[{"taxonomy":"kategori","embeddable":true,"href":"https:\/\/www.hagainitiativet.se\/en\/wp-json\/wp\/v2\/kategori?post=4851"}],"curies":[{"name":"wp","href":"https:\/\/api.w.org\/{rel}","templated":true}]}}