{"id":4854,"date":"2016-08-26T12:38:00","date_gmt":"2016-08-26T10:38:00","guid":{"rendered":"https:\/\/www.hagainitiativet.se\/?post_type=inlagg&#038;p=4854"},"modified":"2022-08-12T12:38:54","modified_gmt":"2022-08-12T10:38:54","slug":"almedalen-tisdag-hur-kan-naringslivet-bidra-till-hallbar-konsumtion","status":"publish","type":"inlagg","link":"https:\/\/www.hagainitiativet.se\/en\/inlagg\/almedalen-tisdag-hur-kan-naringslivet-bidra-till-hallbar-konsumtion\/","title":{"rendered":"Almedalen tisdag: Hur kan n\u00e4ringslivet bidra till h\u00e5llbar konsumtion?"},"content":{"rendered":"","protected":false},"excerpt":{"rendered":"","protected":false},"featured_media":4856,"parent":0,"template":"","kategori":[17],"class_list":["post-4854","inlagg","type-inlagg","status-publish","has-post-thumbnail","hentry","kategori-nyheter"],"meta_box":{"show_post_en":"0","text":"<p>P\u00e5 tisdagen under Almedalsveckan 2016 hade Hagainitiativet ett seminarium om h\u00e5llbar konsumtion. Svenska produktionsutsl\u00e4pp har minskat men konsumtionsutsl\u00e4ppen forts\u00e4tter \u00f6ka. Hur hanterar f\u00f6retagen importens klimatp\u00e5verkan? Kan f\u00f6retagen driva konsumenterna att handla mer h\u00e5llbart? P\u00e5 vilket s\u00e4tt kan delningsekonomin och den cirkul\u00e4ra ekonomin bidra till att minska konsumtionsutsl\u00e4ppen?<\/p>\n<p>Seminariet inleddes med att Preems vd Petter Holland mottog Svanens certifikat f\u00f6r Preem Evolution Diesel \u2013 v\u00e4rldens f\u00f6rsta flytande Svanen-m\u00e4rkta drivmedel - f\u00f6rnybart och utan palmolja.\u00a0Bland deltagarna fanns en fantastisk kunnig panel fr\u00e5n forskning, politik n\u00e4ringsliv och milj\u00f6organisation. H\u00e4r kommer en sammanfattning bilder och och citat fr\u00e5n seminariet i L\u00e4nsstyrelsens tr\u00e4dg\u00e5rd.<\/p>\n<p><strong>Hur ser h\u00e5llbar konsumtion ut?<\/strong><\/p>\n<ul>\n<li>Eva Alfredsson, Tillv\u00e4xtanalys: Vi m\u00e5ste minska materiell konsumtion men inte funktionen eller kvaliteten. Att g\u00e5 mot det cirkul\u00e4ra \u00e4r avg\u00f6rande f\u00f6r att n\u00e5 h\u00e5llbar konsumtion.<\/li>\n<li>Annika Carlsson Kanyama, KTH: 25 procent av utsl\u00e4ppen kommer fr\u00e5n livsmedelsproduktion och 75 procent av dem fr\u00e5n animalier. Vi beh\u00f6ver minska p\u00e5 k\u00f6ttkonsumtionen - f\u00f6retagen har ansvar.<\/li>\n<li>Eva Alfredsson, Tillv\u00e4xtanalys: Vi beh\u00f6ver g\u00e5 fr\u00e5n att \u00e4ta m\u00e4ngder av icke kvalitativt k\u00f6tt till att \u00e4ta mindre, men mer kvalitativt k\u00f6tt.<\/li>\n<\/ul>\n<p><strong>Hur kan konsumenterna p\u00e5verka f\u00f6retagen i r\u00e4tt riktning?<\/strong><\/p>\n<ul>\n<li>Jakob K\u00f6nig, Sveriges konsumenter: Det \u00e4r en djungel f\u00f6r konsumenterna att navigera i vid h\u00e5llbara val av produkter. Det \u00e4r d\u00e4rf\u00f6r viktigt med oberoende konsumentm\u00e4rkningar f\u00f6r att hj\u00e4lpa konsumenterna att bidra till en h\u00e5llbar konsumtion.<\/li>\n<\/ul>\n<p><strong>Hur kan n\u00e4ringslivet bidra till h\u00e5llbar konsumtion?<\/strong><\/p>\n<ul>\n<li>Anders Str\u00e5lman, Axfood: Idag \u00e4r v\u00e4l de flesta av oss flexitarianer? Idag s\u00e4ljer v\u00e5r korv med l\u00e4gre andel k\u00f6tthalt. Men en tredjedel av all mat sl\u00e4ngs ocks\u00e5 idag, konsumtionsvanor m\u00e5ste \u00e4ndras. Vi m\u00e5ste ocks\u00e5 se till att f\u00f6rpackningar \u00e4r r\u00e4tt utformade f\u00f6r att \u00e5tervinnas.<\/li>\n<\/ul>\n<p><strong>Hur kan n\u00e4ringslivet bidra till h\u00e5llbar konsumtion?<\/strong><\/p>\n<ul>\n<li>Pierre Decroix, Coca-Cola European Partner: H\u00e5llbar konsumtion \u00e4r b\u00e5de klimat och h\u00e4lsa f\u00f6r Coca-Cola. Till 2020 ska m\u00e4ngden kalorier minskas med en femtedel. Vi har ansvar f\u00f6r att informera v\u00e5ra kunder och att vara transparenta. Nudging ett s\u00e4tt att f\u00e5 konsumenter g\u00f6ra h\u00e5llbara val.<\/li>\n<\/ul>\n<p><strong>Hur kan n\u00e4ringslivet bidra till h\u00e5llbar konsumtion?<\/strong><\/p>\n<ul>\n<li>Jan Kilstr\u00f6m, Green Cargo: Vi kanske \u00e4r bra p\u00e5 mycket i Sverige men inte transporter. Endast 3 procent av transporter g\u00e5r p\u00e5 j\u00e4rnv\u00e4g.<\/li>\n<\/ul>\n<p><strong>Hur kan n\u00e4ringslivet bidra till h\u00e5llbar konsumtion?<\/strong><\/p>\n<ul>\n<li>Lars Andersson, AkzoNobel: F\u00f6rr var det vi som l\u00e5g p\u00e5 men nu k\u00e4nner vi ett st\u00f6rre tryck fr\u00e5n konsumenterna. \u00c4r man intresserad av milj\u00f6fr\u00e5gor ska man jobba inom kemiindustrin, d\u00e4r kan man g\u00f6ra skillnad p\u00e5 riktigt. V\u00e5r h\u00e5llbara framtid skapas med kemi.<\/li>\n<\/ul>\n<p><strong>Hur kan n\u00e4ringslivet bidra till h\u00e5llbar konsumtion?<\/strong><\/p>\n<ul>\n<li>Jonas Carlehed, IKEA: Cirkul\u00e4r ekonomi \u00e4r den stora fr\u00e5gan f\u00f6r IKEA. Vi beh\u00f6ver anv\u00e4nda \u00e5tervunnet material och \u00f6ka varors livsl\u00e4ngd.\n<div id=\"id_57c0381f778f76702371449\"><strong>Panelsamtal om h\u00e5llbar konsumtion<\/strong><\/div>\n<\/li>\n<li>Svante Axelsson, Naturskyddsf\u00f6reningen: Vi m\u00e5ste f\u00e5 konsumenter att l\u00e4ngta efter det h\u00e5llbara samh\u00e4llet. Snart kommer det vara t\u00f6ntigt och ute att \u00e4ga prylar! Den cirkulera ekonomin och delningsekonomin \u00e4r h\u00e4r.<\/li>\n<li>\u00c5sa Westlund, riksdagsledamot (S): Det finns stora utmaningar med utsl\u00e4pp fr\u00e5n bl.a. k\u00f6ttet och flyget - politiken har ansvar f\u00f6r att snabba p\u00e5 en f\u00f6r\u00e4ndring.<\/li>\n<li>Annika Carlsson Kanyama, KTH: N\u00e4ringslivet ansvarar f\u00f6r att erbjuda bra alternativ och g\u00f6ra det l\u00e4ttare att v\u00e4lja r\u00e4tt. Bort med det d\u00e5liga!<\/li>\n<li>Eva Alfredsson, Tillv\u00e4xtanalys: Tydliga skallkrav, dialog och samarbete mellan akt\u00f6rer viktigt f\u00f6r att f\u00e5 till f\u00f6r\u00e4ndring. N\u00e4ringslivet kan bidra genom att driva p\u00e5 f\u00f6r tuffare krav. Sedan gynnas de med b\u00e4st kvalitativa produkter. Alla b\u00e4r ansvar!<\/li>\n<\/ul>\n","qoute":"","name":"","title-company":""},"_links":{"self":[{"href":"https:\/\/www.hagainitiativet.se\/en\/wp-json\/wp\/v2\/inlagg\/4854","targetHints":{"allow":["GET"]}}],"collection":[{"href":"https:\/\/www.hagainitiativet.se\/en\/wp-json\/wp\/v2\/inlagg"}],"about":[{"href":"https:\/\/www.hagainitiativet.se\/en\/wp-json\/wp\/v2\/types\/inlagg"}],"wp:featuredmedia":[{"embeddable":true,"href":"https:\/\/www.hagainitiativet.se\/en\/wp-json\/wp\/v2\/media\/4856"}],"wp:attachment":[{"href":"https:\/\/www.hagainitiativet.se\/en\/wp-json\/wp\/v2\/media?parent=4854"}],"wp:term":[{"taxonomy":"kategori","embeddable":true,"href":"https:\/\/www.hagainitiativet.se\/en\/wp-json\/wp\/v2\/kategori?post=4854"}],"curies":[{"name":"wp","href":"https:\/\/api.w.org\/{rel}","templated":true}]}}