{"id":4886,"date":"2022-05-11T11:32:00","date_gmt":"2022-05-11T09:32:00","guid":{"rendered":"https:\/\/www.hagainitiativet.se\/?post_type=inlagg&#038;p=4886"},"modified":"2022-09-02T11:08:06","modified_gmt":"2022-09-02T09:08:06","slug":"ny-rapport-minskade-utslapp-i-vardekedjan-sa-har-gor-21-foretag","status":"publish","type":"inlagg","link":"https:\/\/www.hagainitiativet.se\/en\/inlagg\/ny-rapport-minskade-utslapp-i-vardekedjan-sa-har-gor-21-foretag\/","title":{"rendered":"Ny rapport: Minskade utsl\u00e4pp i v\u00e4rdekedjan &#8211; s\u00e5 h\u00e4r g\u00f6r 21 f\u00f6retag"},"content":{"rendered":"","protected":false},"excerpt":{"rendered":"","protected":false},"featured_media":4888,"parent":0,"template":"","kategori":[17],"class_list":["post-4886","inlagg","type-inlagg","status-publish","has-post-thumbnail","hentry","kategori-nyheter"],"meta_box":{"show_post_en":"0","text":"<p>Rapporten\u00a0<em>Minskade utsl\u00e4pp i v\u00e4rdekedjan visar hur 21 f\u00f6retag<\/em>\u00a0arbetar med att minska utsl\u00e4ppen i sin v\u00e4rdekedja. F\u00f6retagen har bland annat gett sitt perspektiv om vilka krav de st\u00e4ller p\u00e5 sina leverant\u00f6rer idag och hur transparenta de \u00e4r, om deras aff\u00e4rsmodell p\u00e5verkas av tuffare klimatkrav, vilka r\u00e5d de vill ge till andra f\u00f6retag eller till politiken samt hur deras arbete med att minska klimatp\u00e5verkan p\u00e5verkas av det nya geopolitiska l\u00e4ge v\u00e4rlden nu befinner sig i.<\/p>\n<p>Samarbete l\u00e4ngst hela v\u00e4rdekedjan lyfts som en nyckel till framg\u00e5ng f\u00f6r att minska utsl\u00e4ppen i v\u00e4rdekedjan. \u00d6kade samarbeten i v\u00e4rdekedjan kan leda till nya aff\u00e4rsm\u00f6jligheter som kapar leverant\u00f6rsled, minskar utsl\u00e4ppen, samt bidrar till en \u00f6kad cirkularitet och synergieffekter.<\/p>\n<p>F\u00f6r att kunna minska sin klimatp\u00e5verkan i v\u00e4rdekedjan vill f\u00f6retagen att politiken levererar:<\/p>\n<ul>\n<li>Stabila och l\u00e5ngsiktiga politiska beslut<\/li>\n<li>Politiska beslut som gynnar en gr\u00f6n omst\u00e4llning f\u00f6r transportsektorn<\/li>\n<li>Styrmedel som gynnar cirkularitet<\/li>\n<li>Harmoniserade rapporteringsmetoder<\/li>\n<\/ul>\n<p>L\u00e4s rapporten\u00a0<a href=\"https:\/\/www.hagainitiativet.se\/wp-content\/uploads\/2022\/09\/FINAL-Scope-3-rapport.pdf\">h\u00e4r<\/a><br \/>\nL\u00e4s pressmeddelande\u00a0<a href=\"https:\/\/www.hagainitiativet.se\/sv\/pressmeddelanden\/Klimatp%C3%A5verkan-i-v%C3%A4rdekedjan-%C3%A4r-2020-talets-utmaning-samarbete-%C3%A4r-nyckeln\">h\u00e4r<\/a><br \/>\nLyssna p\u00e5 webinariet\u00a0<a href=\"https:\/\/www.youtube.com\/watch?v=LmimpaSWS0I\">h\u00e4r<\/a><\/p>\n","qoute":"","name":"","title-company":""},"_links":{"self":[{"href":"https:\/\/www.hagainitiativet.se\/en\/wp-json\/wp\/v2\/inlagg\/4886","targetHints":{"allow":["GET"]}}],"collection":[{"href":"https:\/\/www.hagainitiativet.se\/en\/wp-json\/wp\/v2\/inlagg"}],"about":[{"href":"https:\/\/www.hagainitiativet.se\/en\/wp-json\/wp\/v2\/types\/inlagg"}],"wp:featuredmedia":[{"embeddable":true,"href":"https:\/\/www.hagainitiativet.se\/en\/wp-json\/wp\/v2\/media\/4888"}],"wp:attachment":[{"href":"https:\/\/www.hagainitiativet.se\/en\/wp-json\/wp\/v2\/media?parent=4886"}],"wp:term":[{"taxonomy":"kategori","embeddable":true,"href":"https:\/\/www.hagainitiativet.se\/en\/wp-json\/wp\/v2\/kategori?post=4886"}],"curies":[{"name":"wp","href":"https:\/\/api.w.org\/{rel}","templated":true}]}}