{"id":4918,"date":"2021-10-12T13:14:00","date_gmt":"2021-10-12T11:14:00","guid":{"rendered":"https:\/\/www.hagainitiativet.se\/?post_type=inlagg&#038;p=4918"},"modified":"2022-08-15T13:15:30","modified_gmt":"2022-08-15T11:15:30","slug":"hagainitiativet-under-cop26","status":"publish","type":"inlagg","link":"https:\/\/www.hagainitiativet.se\/en\/inlagg\/hagainitiativet-under-cop26\/","title":{"rendered":"Hagainitiativet under COP26"},"content":{"rendered":"","protected":false},"excerpt":{"rendered":"","protected":false},"featured_media":4920,"parent":0,"template":"","kategori":[17],"class_list":["post-4918","inlagg","type-inlagg","status-publish","has-post-thumbnail","hentry","kategori-nyheter"],"meta_box":{"show_post_en":"0","text":"<p>Klimattoppm\u00f6tet COP26 i Glasgow n\u00e4rmar sig, h\u00e4r \u00e4r Hagainitiativets bidrag till ett steg n\u00e4rmare 1,5-gradersm\u00e5let:<\/p>\n<p>&nbsp;<\/p>\n<p>Mattias Frumerie, Sveriges chefsf\u00f6rhandlare, inf\u00f6r COP26 i Glasgow,\u00a0<a href=\"https:\/\/www.hagainitiativet.se\/sv\/nyhet\/Intervju-med-Mattias-Frumerie-Sveriges-chefsf%C3%B6rhandlare-i-de-internationella-klimatf%C3%B6rhandlingarna-UNFCCC\">l\u00e4s intervjun h\u00e4r<\/a>.<\/p>\n<p>Global uppmaning till v\u00e4rldens ledare inf\u00f6r COP26 att s\u00e4tta effektivt pris p\u00e5 koldioxidutsl\u00e4pp, via Call on Carbon<\/p>\n<p><strong>11 oktober<\/strong>\u00a0<a href=\"https:\/\/abfstockholm.se\/evenemang\/infor-fns-klimatmote-i-glasgow\/\">Inf\u00f6r FN:s klimatm\u00f6te i Glasgow\u00a0<\/a>arrang\u00f6r: ABF Stockholm, Klimataktion<\/p>\n<p><strong>20 oktober<\/strong>\u00a0<a href=\"https:\/\/bibliotekuppsala.se\/web\/arena\/events#\/events\/292cb622-e6fa-4913-90a6-4a5727dce545\">V\u00e4gen fram\u00e5t efter COP26<\/a>, arrang\u00f6r: Klimataktion Uppsala<\/p>\n<p><strong>21 oktober<\/strong>\u00a0<a href=\"https:\/\/liu.se\/en\/research\/cspr\">COP26 event - Carbon Markets and Article 6 of the Paris Agreement<\/a>, arrang\u00f6r: CSPR, Link\u00f6pings universitet<\/p>\n<p><strong>28 oktober\u00a0<\/strong><a href=\"https:\/\/liu-se.zoom.us\/meeting\/register\/u5YvduuupjsrG9XIBPNt3fIPhAkyyR76NbeX\">Corporate Climate Action<\/a>, arrang\u00f6r: CSPR, Link\u00f6pings universitet<\/p>\n<p><strong>1 november<\/strong>\u00a0How to ramp up investments and to increase the profitability of climate solutions, arrang\u00f6r: ICC (International Chamber of Commerce) together with Haga Initiative (Sweden), Skift Business Climate Leaders (Norway), and CLC (Finland). Please see Haga Initiative\u2019s website for updates.<\/p>\n<p><strong>3 november\u00a0<\/strong><a href=\"https:\/\/www.hagainitiativet.se\/sv\/nyhet\/Webinar-3-November-In-the-light-of-COP26-How-can-carbon-pricing-spur-green-investments-and-contribute-to-profitability\">In the light of COP26: How can carbon pricing spur green investments and contribute to profitability,<\/a><strong>\u00a0<\/strong>arrang\u00f6r: Haga Initiative (Sweden), CER (Slovenia), and CLC (Finland) in connection with Call on carbon<\/p>\n","qoute":"","name":"","title-company":""},"_links":{"self":[{"href":"https:\/\/www.hagainitiativet.se\/en\/wp-json\/wp\/v2\/inlagg\/4918","targetHints":{"allow":["GET"]}}],"collection":[{"href":"https:\/\/www.hagainitiativet.se\/en\/wp-json\/wp\/v2\/inlagg"}],"about":[{"href":"https:\/\/www.hagainitiativet.se\/en\/wp-json\/wp\/v2\/types\/inlagg"}],"wp:featuredmedia":[{"embeddable":true,"href":"https:\/\/www.hagainitiativet.se\/en\/wp-json\/wp\/v2\/media\/4920"}],"wp:attachment":[{"href":"https:\/\/www.hagainitiativet.se\/en\/wp-json\/wp\/v2\/media?parent=4918"}],"wp:term":[{"taxonomy":"kategori","embeddable":true,"href":"https:\/\/www.hagainitiativet.se\/en\/wp-json\/wp\/v2\/kategori?post=4918"}],"curies":[{"name":"wp","href":"https:\/\/api.w.org\/{rel}","templated":true}]}}